{"id":709769,"date":"2025-08-27T16:29:00","date_gmt":"2025-08-27T13:29:00","guid":{"rendered":"https:\/\/roveyayinevi.com.tr\/index.php\/urun\/avare-genclik-gardenbar-geceleri\/"},"modified":"2026-04-16T02:18:43","modified_gmt":"2026-04-15T23:18:43","slug":"avare-genclik-gardenbar-geceleri","status":"publish","type":"product","link":"https:\/\/roveyayinevi.com.tr\/index.php\/urun\/avare-genclik-gardenbar-geceleri\/","title":{"rendered":"Avare Gen\u00e7lik Gardenbar Geceleri"},"content":{"rendered":"<p>Sanat camias\u0131n\u0131n 1930\u2019lardaki ilk bohemlerinin hem birinci elden tan\u0131kl\u0131\u011f\u0131, hem de \u201cedebi envanter\u201di olan Asmal\u0131mescit 74\u2019le ba\u015flad\u0131\u011f\u0131m\u0131z \u201cFikret Adil Kitapl\u0131\u011f\u0131\u201d, Intermezzo\u2019nun ard\u0131ndan, Av\u00e2re Gen\u00e7lik &amp; Gardenbar Geceleri ile s\u00fcr\u00fcyor.Fikret Adil\u2019in 1960\u2019lar\u0131n ba\u015flar\u0131nda ge\u00e7en, girift bir a\u015fk hik\u00e2yesi ekseninde d\u00f6nemin gece hayat\u0131n\u0131 ve gen\u00e7 ku\u015fa\u011f\u0131n medenile\u015fmeyle ili\u015fkisini t\u00fcm \u00e7arp\u0131c\u0131l\u0131\u011f\u0131yla i\u015fleyen Av\u00e2re Gen\u00e7lik ile \u201cBat\u0131 medeniyetine bar kap\u0131s\u0131ndan giri\u015fimiz\u201din ilk ad\u0131m\u0131 olan efsanevi \u201cGardenbar\u201d\u0131n tarih\u00e7esi niteli\u011findeki Gardenbar Geceleri, Cumhuriyet\u2019in erken d\u00f6nemlerinin renkli d\u00fcnyas\u0131na \u0131\u015f\u0131k tutuyor.1911\u2019de, Balkan Sava\u015f\u0131\u2019n\u0131n yol a\u00e7t\u0131\u011f\u0131 hastal\u0131k ve sefaletin azalt\u0131lmas\u0131 amac\u0131yla bir yard\u0131m giri\u015fiminde bulunuldu: \u201c\u015eehrin y\u00fcksek ve tan\u0131nm\u0131\u015f aileleri, el \u00f6rg\u00fcleri, i\u015fleme yapacaklar. Bunlar K\u0131z\u0131lay yarar\u0131na sergilenip sat\u0131lacak.\u201d Sergileme ve sat\u0131\u015f i\u00e7in Tepeba\u015f\u0131\u2019nda bir \u201cpavyon\u201d yap\u0131ld\u0131. \u201cGardenbar ile K\u0131z\u0131lay aras\u0131nda ne ili\u015fki var, diyeceksiniz. \u00c7ok. \u00c7\u00fcnk\u00fc Gardenbar, i\u015fte bu pavyonda a\u00e7\u0131ld\u0131. K\u0131z\u0131lay \u015fehrin kibar kad\u0131nlar\u0131n\u0131n el i\u015flerini sergilemek i\u00e7in yapt\u0131\u011f\u0131 bu pavyonu satm\u0131\u015f, ayn\u0131 yerde, oray\u0131 alanlar, Avrupa\u2019dan getirdikleri kad\u0131nlar\u0131 sergilemeye ba\u015flam\u0131\u015flard\u0131.\u201dF\u0130KRET AD\u0130L, 1901\u2019de \u0130stanbul\u2019da do\u011fdu, 1973\u2019te tedavi i\u00e7in gitti\u011fi Z\u00fcrih\u2019te \u00f6ld\u00fc. Gezi yaz\u0131lar\u0131, roman ve oyun \u00e7evirileri ve dergi yay\u0131nc\u0131l\u0131\u011f\u0131 yan\u0131nda \u00f6zellikle \u0130stanbul\u2019un bohem hayat\u0131n\u0131 konu alan kitaplar\u0131yla tan\u0131nm\u0131\u015ft\u0131r. Asmal\u0131mescit 74 (2015) ile ba\u015flad\u0131\u011f\u0131m\u0131z \u201cFikret Adil Kitapl\u0131\u011f\u0131\u201d, Intermezzo\u2019nun (2015) ard\u0131ndan yazar\u0131n iki kitab\u0131n\u0131 bir araya getiren Av\u00e2re Gen\u00e7lik &amp; Gardenbar Geceler <\/p>\n","protected":false},"excerpt":{"rendered":"<p>Sanat camias\u0131n\u0131n 1930\u2019lardaki ilk bohemlerinin hem birinci elden tan\u0131kl\u0131\u011f\u0131, hem de \u201cedebi envanter\u201di olan Asmal\u0131mescit 74\u2019le ba\u015flad\u0131\u011f\u0131m\u0131z \u201cFikret Adil Kitapl\u0131\u011f\u0131\u201d, Intermezzo\u2019nun ard\u0131ndan, Av\u00e2re Gen\u00e7lik &amp; Gardenbar<span class=\"excerpt-hellip\"> [\u2026]<\/span><\/p>\n","protected":false},"featured_media":0,"template":"","meta":{"_monsterinsights_skip_tracking":false,"_monsterinsights_sitenote_active":false,"_monsterinsights_sitenote_note":"","_monsterinsights_sitenote_category":0},"product_brand":[],"product_cat":[13701,12291],"product_tag":[],"class_list":{"0":"post-709769","1":"product","2":"type-product","3":"status-publish","5":"product_cat-ani-mektup-gunluk","6":"product_cat-edebiyat","7":"pa_cilt-ciltsiz","8":"pa_tur-kitap","9":"pa_yayinevi-sel-yayincilik","10":"pa_yazar-fikret-adil","12":"first","13":"instock","14":"sale","15":"shipping-taxable","16":"purchasable","17":"product-type-simple"},"_links":{"self":[{"href":"https:\/\/roveyayinevi.com.tr\/index.php\/wp-json\/wp\/v2\/product\/709769","targetHints":{"allow":["GET"]}}],"collection":[{"href":"https:\/\/roveyayinevi.com.tr\/index.php\/wp-json\/wp\/v2\/product"}],"about":[{"href":"https:\/\/roveyayinevi.com.tr\/index.php\/wp-json\/wp\/v2\/types\/product"}],"wp:attachment":[{"href":"https:\/\/roveyayinevi.com.tr\/index.php\/wp-json\/wp\/v2\/media?parent=709769"}],"wp:term":[{"taxonomy":"product_brand","embeddable":true,"href":"https:\/\/roveyayinevi.com.tr\/index.php\/wp-json\/wp\/v2\/product_brand?post=709769"},{"taxonomy":"product_cat","embeddable":true,"href":"https:\/\/roveyayinevi.com.tr\/index.php\/wp-json\/wp\/v2\/product_cat?post=709769"},{"taxonomy":"product_tag","embeddable":true,"href":"https:\/\/roveyayinevi.com.tr\/index.php\/wp-json\/wp\/v2\/product_tag?post=709769"}],"curies":[{"name":"wp","href":"https:\/\/api.w.org\/{rel}","templated":true}]}}