{"id":709632,"date":"2025-08-27T16:27:04","date_gmt":"2025-08-27T13:27:04","guid":{"rendered":"https:\/\/roveyayinevi.com.tr\/index.php\/urun\/ortacagda-entelektueller\/"},"modified":"2026-04-16T02:18:09","modified_gmt":"2026-04-15T23:18:09","slug":"ortacagda-entelektueller","status":"publish","type":"product","link":"https:\/\/roveyayinevi.com.tr\/index.php\/urun\/ortacagda-entelektueller\/","title":{"rendered":"Orta\u00e7a\u011fda Entelekt\u00fceller"},"content":{"rendered":"<p>Bir tarih kitab\u0131n\u0131 ilk bas\u0131m\u0131ndan 27 y\u0131l sonra hi\u00e7 de\u011fi\u015ftirmeden yeniden yay\u0131nlamak kendini be\u011fenmi\u015flik olarak g\u00f6z\u00fckebilir. Ama ben, bu kitapta sunulan orta\u00e7a\u011f okul ve \u00fcniversite \u00e2lemi kavray\u0131\u015f\u0131n\u0131n esas\u0131n\u0131n y\u0131pranmad\u0131\u011f\u0131n\u0131 d\u00fc\u015f\u00fcn\u00fcyorum. Tam tersine bana, bu denemenin ana bak\u0131\u015f a\u00e7\u0131s\u0131 1957\u2019den bu yana s\u00fcrekli teyit edilmi\u015f ve zenginle\u015fmi\u015f gibi geliyor. Bu bak\u0131\u015f a\u00e7\u0131s\u0131 ifadesini \u00f6ncelikle \u201centelekt\u00fcel\u201d kelimesinde bulmaktad\u0131r; \u201centelekt\u00fcel\u201d kelimesinin, dikkati kurumlardan insanlara, fikirlerden toplumsal yap\u0131lara, uygulamalara ve zihniyetlere kayd\u0131rmak; orta\u00e7a\u011fdaki \u00fcniversite olgusunu uzun d\u00f6nem (longue dur\u00e9e) i\u00e7ine yerle\u015ftirmek gibi bir yarar\u0131 vard\u0131r. Bu kitab\u0131n yay\u0131nlan\u0131\u015f\u0131ndan bu yana \u201centelekt\u00fcel\u201d veya \u201centelekt\u00fceller\u201d hakk\u0131ndaki incelemelerin \u00e7ok ra\u011fbet g\u00f6rmesi yaln\u0131zca bir moda meselesi de\u011fildir, olmamal\u0131d\u0131r. Jacques Le Goff, 1984 20. y\u00fczy\u0131l tarih\u00e7ili\u011finde \u00e7\u0131\u011f\u0131r a\u00e7an Annales ekol\u00fcn\u00fcn en \u00f6nde gelen isimlerinden Jacques Le Goff, bu k\u00fc\u00e7\u00fck ama temel \u00f6neme sahip kitapta Bat\u0131\u2019da entelekt\u00fcel tipi ile \u00fcniversitenin bir arada ilerleyen do\u011fum ve evrim s\u00fcre\u00e7lerini anlat\u0131rken, al\u0131\u015f\u0131lm\u0131\u015f \u201cOrta\u00e7a\u011f\/R\u00f6nesans\u201d z\u0131tl\u0131\u011f\u0131na kar\u015f\u0131 \u00f6nerdi\u011fi \u201cUzun Orta\u00e7a\u011f\u201d kavram\u0131n\u0131 bilim, e\u011fitim ve genelde fikir \u00fcretimi alanlar\u0131nda temellendiriyor. Orta\u00e7a\u011fda Entelekt\u00fceller\u2019in \u0130\u015f Bankas\u0131 K\u00fclt\u00fcr Yay\u0131nlar\u0131\u2019nda yap\u0131lan g\u00f6zden ge\u00e7irilmi\u015f bu yeni bas\u0131m\u0131nda, Jacques Le Goff\u2019un 1984\u2019te kaleme ald\u0131\u011f\u0131, ilk bas\u0131mdan beri ge\u00e7mi\u015f 27 y\u0131l\u0131 da \u00f6zetleyen \u00f6nemli \u00f6ns\u00f6z\u00fc ve eserin 2000\u2019deki bas\u0131m\u0131na eklenen kapsaml\u0131 kaynak\u00e7a da yer al\u0131yor. Jacques Le Goff (1924-2014) uluslararas\u0131 \u00fcn kazanm\u0131\u015f orta\u00e7a\u011f tarih\u00e7ilerindendir. Annales ekol\u00fcn\u00fcn en \u00f6nemli temsilcilerinden olan Le Goff Fransa\u2019n\u0131n se\u00e7kin okullar\u0131ndan \u00c9cole des hautes \u00e9tudes en sciences sociales\u2019in (EHESS) ba\u015fkanl\u0131\u011f\u0131n\u0131 Fernand Braudel\u2019den devralm\u0131\u015ft\u0131r. Tarihi D\u00f6nemlere Ay\u0131rmak \u015eart m\u0131? (2016); Avrupa\u2019n\u0131n Do\u011fu\u015fu (2008); Orta\u00e7a\u011f Bat\u0131 Uygarl\u0131\u011f\u0131 (2003); Gen\u00e7lere Avrupa Tarihi (1997) gibi kitaplar\u0131 T\u00fcrk\u00e7eye \u00e7evrilmi\u015ftir. <\/p>\n","protected":false},"excerpt":{"rendered":"<p>Bir tarih kitab\u0131n\u0131 ilk bas\u0131m\u0131ndan 27 y\u0131l sonra hi\u00e7 de\u011fi\u015ftirmeden yeniden yay\u0131nlamak kendini be\u011fenmi\u015flik olarak g\u00f6z\u00fckebilir. Ama ben, bu kitapta sunulan orta\u00e7a\u011f okul ve \u00fcniversite \u00e2lemi<span class=\"excerpt-hellip\"> [\u2026]<\/span><\/p>\n","protected":false},"featured_media":0,"template":"","meta":{"_monsterinsights_skip_tracking":false,"_monsterinsights_sitenote_active":false,"_monsterinsights_sitenote_note":"","_monsterinsights_sitenote_category":0},"product_brand":[],"product_cat":[12305,12304],"product_tag":[],"class_list":{"0":"post-709632","1":"product","2":"type-product","3":"status-publish","5":"product_cat-dunya-tarihi","6":"product_cat-tarih","7":"pa_cilt-ciltsiz","8":"pa_tur-kitap","9":"pa_yayinevi-is-bankasi-kultur-yayinlari","10":"pa_yazar-jacques-le-goff","12":"first","13":"instock","14":"sale","15":"shipping-taxable","16":"purchasable","17":"product-type-simple"},"_links":{"self":[{"href":"https:\/\/roveyayinevi.com.tr\/index.php\/wp-json\/wp\/v2\/product\/709632","targetHints":{"allow":["GET"]}}],"collection":[{"href":"https:\/\/roveyayinevi.com.tr\/index.php\/wp-json\/wp\/v2\/product"}],"about":[{"href":"https:\/\/roveyayinevi.com.tr\/index.php\/wp-json\/wp\/v2\/types\/product"}],"wp:attachment":[{"href":"https:\/\/roveyayinevi.com.tr\/index.php\/wp-json\/wp\/v2\/media?parent=709632"}],"wp:term":[{"taxonomy":"product_brand","embeddable":true,"href":"https:\/\/roveyayinevi.com.tr\/index.php\/wp-json\/wp\/v2\/product_brand?post=709632"},{"taxonomy":"product_cat","embeddable":true,"href":"https:\/\/roveyayinevi.com.tr\/index.php\/wp-json\/wp\/v2\/product_cat?post=709632"},{"taxonomy":"product_tag","embeddable":true,"href":"https:\/\/roveyayinevi.com.tr\/index.php\/wp-json\/wp\/v2\/product_tag?post=709632"}],"curies":[{"name":"wp","href":"https:\/\/api.w.org\/{rel}","templated":true}]}}