{"id":709556,"date":"2025-08-27T16:26:26","date_gmt":"2025-08-27T13:26:26","guid":{"rendered":"https:\/\/roveyayinevi.com.tr\/index.php\/urun\/osmanlinin-yukselisi\/"},"modified":"2026-04-16T02:18:08","modified_gmt":"2026-04-15T23:18:08","slug":"osmanlinin-yukselisi","status":"publish","type":"product","link":"https:\/\/roveyayinevi.com.tr\/index.php\/urun\/osmanlinin-yukselisi\/","title":{"rendered":"Osmanl\u0131n\u0131n Y\u00fckseli\u015fi"},"content":{"rendered":"<p>Yavuz Bahad\u0131ro\u011flu, Yeni Kitab\u0131nda; Osmanl\u0131\u2019y\u0131 cihan devleti yapan dinamikleri kaleme ald\u0131. Osmanl\u0131\u2019n\u0131n y\u00fckseli\u015fini tahlil ederken i\u015fe \u00f6nce \u201cOsmanl\u0131 \u0130nsan\u0131\u201dndan ba\u015flamak gerekir. Osmanl\u0131 toplumu, her \u015feyden \u00f6nce \u201chedefi\u201d olan \u201cy\u00fcrek insan\u0131\u201d bireyler yeti\u015ftirirken hedefe \u201cdevlet-i ebed m\u00fcddet\u201di koymu\u015ftu. Toplumun ya\u015fay\u0131\u015f\u0131 da \u00f6rf\u00fc de ananesi de buna g\u00f6re \u015fekillenmi\u015fti. Toplumun yeti\u015ftirdi\u011fi bireyler hedefi ger\u00e7ekle\u015ftirmek i\u00e7in g\u00fcn\u00fcn \u015fartlar\u0131na g\u00f6re m\u00fckemmel bir e\u011fitim veren \u201cEnderun\u201ddan ge\u00e7iyordu. Enderun e\u011fitimi ise cihan devletini y\u00f6netecek insanlar\u0131 yeti\u015ftirmeye odaklanm\u0131\u015ft\u0131. Osmanl\u0131\u2019n\u0131n y\u00fckseli\u015fini ger\u00e7ekle\u015ftiren padi\u015fahlar ise toplumun ve e\u011fitim sisteminin yeti\u015ftirdi\u011fi m\u00fcmtaz \u015fahsiyetlerdi. Padi\u015fahlar\u0131n arkas\u0131nda ise onlar\u0131n her zaman yan\u0131nda bulunan \u00e2limler vard\u0131. Yavuz Bahad\u0131ro\u011flu, \u201cOsmanl\u0131\u2019n\u0131n Y\u00fckseli\u015fi\u201d kitab\u0131nda Osmanl\u0131\u2019y\u0131 cihan devleti yapan dinamikleri kaleme ald\u0131. Osmanl\u0131 toplumunu, Enderun\u2019u, padi\u015fahlar\u0131 ve \u00e2limleri okurken Osmanl\u0131\u2019n\u0131n y\u00fckseli\u015finin s\u0131rlar\u0131na da v\u00e2k\u0131f olacaks\u0131n\u0131z\u2026 <\/p>\n","protected":false},"excerpt":{"rendered":"<p>Yavuz Bahad\u0131ro\u011flu, Yeni Kitab\u0131nda; Osmanl\u0131\u2019y\u0131 cihan devleti yapan dinamikleri kaleme ald\u0131. Osmanl\u0131\u2019n\u0131n y\u00fckseli\u015fini tahlil ederken i\u015fe \u00f6nce \u201cOsmanl\u0131 \u0130nsan\u0131\u201dndan ba\u015flamak gerekir. Osmanl\u0131 toplumu, her \u015feyden \u00f6nce<span class=\"excerpt-hellip\"> [\u2026]<\/span><\/p>\n","protected":false},"featured_media":0,"template":"","meta":{"_monsterinsights_skip_tracking":false,"_monsterinsights_sitenote_active":false,"_monsterinsights_sitenote_note":"","_monsterinsights_sitenote_category":0},"product_brand":[],"product_cat":[13517,12304],"product_tag":[],"class_list":{"0":"post-709556","1":"product","2":"type-product","3":"status-publish","5":"product_cat-osmanli-tarihi","6":"product_cat-tarih","7":"pa_cilt-ciltsiz","8":"pa_tur-kitap","9":"pa_yayinevi-hayat-yayinlari","10":"pa_yazar-yavuz-bahadiroglu","12":"first","13":"instock","14":"sale","15":"shipping-taxable","16":"purchasable","17":"product-type-simple"},"_links":{"self":[{"href":"https:\/\/roveyayinevi.com.tr\/index.php\/wp-json\/wp\/v2\/product\/709556","targetHints":{"allow":["GET"]}}],"collection":[{"href":"https:\/\/roveyayinevi.com.tr\/index.php\/wp-json\/wp\/v2\/product"}],"about":[{"href":"https:\/\/roveyayinevi.com.tr\/index.php\/wp-json\/wp\/v2\/types\/product"}],"wp:attachment":[{"href":"https:\/\/roveyayinevi.com.tr\/index.php\/wp-json\/wp\/v2\/media?parent=709556"}],"wp:term":[{"taxonomy":"product_brand","embeddable":true,"href":"https:\/\/roveyayinevi.com.tr\/index.php\/wp-json\/wp\/v2\/product_brand?post=709556"},{"taxonomy":"product_cat","embeddable":true,"href":"https:\/\/roveyayinevi.com.tr\/index.php\/wp-json\/wp\/v2\/product_cat?post=709556"},{"taxonomy":"product_tag","embeddable":true,"href":"https:\/\/roveyayinevi.com.tr\/index.php\/wp-json\/wp\/v2\/product_tag?post=709556"}],"curies":[{"name":"wp","href":"https:\/\/api.w.org\/{rel}","templated":true}]}}