{"id":709537,"date":"2025-08-27T16:26:15","date_gmt":"2025-08-27T13:26:15","guid":{"rendered":"https:\/\/roveyayinevi.com.tr\/index.php\/urun\/filistin-meselesi-ve-arap-israil-meselesi-1948-1988\/"},"modified":"2026-04-16T02:18:07","modified_gmt":"2026-04-15T23:18:07","slug":"filistin-meselesi-ve-arap-israil-meselesi-1948-1988","status":"publish","type":"product","link":"https:\/\/roveyayinevi.com.tr\/index.php\/urun\/filistin-meselesi-ve-arap-israil-meselesi-1948-1988\/","title":{"rendered":"Filistin Meselesi ve Arap-\u0130srail Meselesi (1948-1988)"},"content":{"rendered":"<p>PAYLA\u015eILMAYAN TOPRAKLARINYAKIN TAR\u0130H\u0130 \u201cTarihin hi\u00e7bir d\u00f6neminde ve d\u00fcnya co\u011frafyas\u0131n\u0131n hi\u00e7bir yerinde, Yahudi ve Filistin halklar\u0131 gibi birer avu\u00e7 insan, Filistin gibi avu\u00e7 i\u00e7i kadar bir topra\u011f\u0131n, bu denli uzun ve sert m\u00fccadelesini yapmam\u0131\u015ft\u0131r. Filistin \u00fczerindeki Arap-Yahudi m\u00fccadelesi, modern \u00e7a\u011f\u0131n en uzun kavgas\u0131n\u0131 te\u015fkil etmektedir. Di\u011fer taraftan, 20. y\u00fczy\u0131lda hi\u00e7bir mesele veya anla\u015fmazl\u0131k, Filistin meselesi kadar a\u011f\u0131rl\u0131kl\u0131 olarak, milletleraras\u0131 politikan\u0131n bir mihveri, bir ekseni haline gelmemi\u015ftir. Son 40 y\u0131lda d\u00fcnya politikas\u0131n\u0131n en s\u0131cak b\u00f6lgesi Orta Do\u011fu olmu\u015ftur. Milletleraras\u0131 politikaya bu kadar uzun s\u00fcre ve bu kadar yo\u011fun bir \u015fekilde tesir eden ba\u015fka bir mesele g\u00f6sterilemez. Burada m\u00fchim bir noktay\u0131 da belirtmemiz gerekiyor. Bu da Osmanl\u0131 \u0130mparatorlu\u011fu\u2019nun, Balkanlarda oldu\u011fu gibi, Orta Do\u011fu\u2019da da b\u0131rakt\u0131\u011f\u0131 bo\u015flu\u011fun, h\u00e2l\u00e2 istikrarl\u0131 bir \u015fekilde doldurulamam\u0131\u015f olmas\u0131d\u0131r. Filistin meselesi, T\u00fcrk\u2019\u00fcn Orta Do\u011fu\u2019dan \u00e7ekilmesinin b\u0131rakt\u0131\u011f\u0131 bo\u015flu\u011fun yaratt\u0131\u011f\u0131 ve g\u00fcn\u00fcm\u00fcze kadar ula\u015fan sars\u0131nt\u0131lar\u0131n ancak bir par\u00e7as\u0131d\u0131r.\u201dProf. Dr. Fahir Armao\u011flu\u201cFilistin Neresidir?\u201d sorusuyla ba\u015flayan Filistin Meselesi ve Arap-\u0130srail Sava\u015flar\u0131 (1948-1988); Herzl ve Sultan II. Abd\u00fclhamid g\u00f6r\u00fc\u015fmeleri, Osmanl\u0131\u2019n\u0131n son y\u0131llar\u0131, Balfour Deklarasyonu, \u0130srail\u2019in kurulu\u015fu, 1948-49 Arap-\u0130srail Sava\u015f\u0131, 1956 S\u00fcvey\u015f Sava\u015f\u0131, 1967 Arap-\u0130srail Sava\u015f\u0131, 1973 Arap-\u0130srail Sava\u015f\u0131, Camp David, Yeni Bar\u0131\u015f Planlar\u0131, Bat\u0131 \u015eeria, Beyrut, L\u00fcbnan, Sabra ve \u015eatila Katliam\u0131 gibi, \u201cmeselenin\u201d en kritik noktalar\u0131na temas eden bir ba\u015fucu kitab\u0131. \u00dclkemizin siyas\u00ee tarih alan\u0131nda en tan\u0131nm\u0131\u015f simalardan biri olan Prof. Dr. Fahir Armao\u011flu\u2019nun kaleminden 19. y\u00fczy\u0131ldan g\u00fcn\u00fcm\u00fczde payla\u015f\u0131lamayan topraklar\u0131n tarihi\u2026 <\/p>\n","protected":false},"excerpt":{"rendered":"<p>PAYLA\u015eILMAYAN TOPRAKLARINYAKIN TAR\u0130H\u0130 \u201cTarihin hi\u00e7bir d\u00f6neminde ve d\u00fcnya co\u011frafyas\u0131n\u0131n hi\u00e7bir yerinde, Yahudi ve Filistin halklar\u0131 gibi birer avu\u00e7 insan, Filistin gibi avu\u00e7 i\u00e7i kadar bir topra\u011f\u0131n,<span class=\"excerpt-hellip\"> [\u2026]<\/span><\/p>\n","protected":false},"featured_media":0,"template":"","meta":{"_monsterinsights_skip_tracking":false,"_monsterinsights_sitenote_active":false,"_monsterinsights_sitenote_note":"","_monsterinsights_sitenote_category":0},"product_brand":[],"product_cat":[12304,14128],"product_tag":[],"class_list":{"0":"post-709537","1":"product","2":"type-product","3":"status-publish","5":"product_cat-tarih","6":"product_cat-yakin-tarih","7":"pa_cilt-ciltli","8":"pa_tur-kitap","9":"pa_yayinevi-kronik-kitap","10":"pa_yazar-fahir-armaoglu","12":"first","13":"instock","14":"sale","15":"shipping-taxable","16":"purchasable","17":"product-type-simple"},"_links":{"self":[{"href":"https:\/\/roveyayinevi.com.tr\/index.php\/wp-json\/wp\/v2\/product\/709537","targetHints":{"allow":["GET"]}}],"collection":[{"href":"https:\/\/roveyayinevi.com.tr\/index.php\/wp-json\/wp\/v2\/product"}],"about":[{"href":"https:\/\/roveyayinevi.com.tr\/index.php\/wp-json\/wp\/v2\/types\/product"}],"wp:attachment":[{"href":"https:\/\/roveyayinevi.com.tr\/index.php\/wp-json\/wp\/v2\/media?parent=709537"}],"wp:term":[{"taxonomy":"product_brand","embeddable":true,"href":"https:\/\/roveyayinevi.com.tr\/index.php\/wp-json\/wp\/v2\/product_brand?post=709537"},{"taxonomy":"product_cat","embeddable":true,"href":"https:\/\/roveyayinevi.com.tr\/index.php\/wp-json\/wp\/v2\/product_cat?post=709537"},{"taxonomy":"product_tag","embeddable":true,"href":"https:\/\/roveyayinevi.com.tr\/index.php\/wp-json\/wp\/v2\/product_tag?post=709537"}],"curies":[{"name":"wp","href":"https:\/\/api.w.org\/{rel}","templated":true}]}}