{"id":709517,"date":"2025-08-27T16:26:05","date_gmt":"2025-08-27T13:26:05","guid":{"rendered":"https:\/\/roveyayinevi.com.tr\/index.php\/urun\/insan-ozgurlugunun-ozu-uzerine\/"},"modified":"2026-04-16T02:18:07","modified_gmt":"2026-04-15T23:18:07","slug":"insan-ozgurlugunun-ozu-uzerine","status":"publish","type":"product","link":"https:\/\/roveyayinevi.com.tr\/index.php\/urun\/insan-ozgurlugunun-ozu-uzerine\/","title":{"rendered":"\u0130nsan \u00d6zg\u00fcrl\u00fc\u011f\u00fcn\u00fcn \u00d6z\u00fc \u00dczerine"},"content":{"rendered":"<p>\u201cT\u00fcm do\u011fumlar, karanl\u0131ktan ayd\u0131nl\u0131\u011fa bir do\u011fumdur; tohum topra\u011fa g\u00f6m\u00fclmeli ve karanl\u0131kta \u00f6lmelidir ki, b\u00f6ylece g\u00fcne\u015fte \u00e7ok daha g\u00fczel bir \u015fekil olarak kendini topraktan g\u00fcn y\u00fcz\u00fcne \u00e7\u0131karabilsin. \u0130nsan di\u015fi bedende \u015fekillenir ve ancak akla dayanmayan\u0131n me\u00e7hull\u00fc\u011f\u00fcnden (duygudan, \u00f6zlemden, bilginin o ola\u011fan\u00fcst\u00fc annesinden) en parlak d\u00fc\u015f\u00fcnceler \u00e7\u0131kar. Bu nedenle ba\u015flang\u0131\u00e7taki o k\u00f6kensel \u00f6zlemi, hen\u00fcz bilmese de akla y\u00f6nelen bir \u00f6zlem olarak hayal etmeliyiz, t\u0131pk\u0131 bizim bilinmeyen ve ad\u0131 konulmam\u0131\u015f bir iyili\u011fe duydu\u011fumuz \u00f6zlem gibi.\u201dSchelling\u00d6zg\u00fcrl\u00fck sorusunu ahlak, din, bilim ve tarih a\u00e7\u0131s\u0131ndan ele alan ve insanl\u0131k tarihinin en \u00f6nemli problemlerinden bir olan \u201ck\u00f6t\u00fcl\u00fck problemi\u201d \u00e7er\u00e7evesinde yepyeni ve \u00f6zg\u00fcn bir bak\u0131\u015f a\u00e7\u0131s\u0131 sunan bu felsefi inceleme; Kant\u2019\u0131n sekseninde \u00f6ld\u00fc\u011f\u00fc (1804), Schiller\u2019in zaman\u0131ndan \u00f6nce (1805) g\u00f6\u00e7\u00fcp gitti\u011fi, Hegel\u2019in Tinin Fenomenolojisi\u2019ni yay\u0131mlad\u0131\u011f\u0131 (1807), Napol\u00e9on\u2019un Prusya\u2019da h\u00e2kimiyetini kurdu\u011fu, Goethe\u2019nin Faust\u2019un ilk k\u0131sm\u0131n\u0131 kaleme ald\u0131\u011f\u0131 (1809) bir zaman\u0131n \u00fcr\u00fcn\u00fcd\u00fcr.Schelling\u2019in 1809 y\u0131l\u0131nda yay\u0131mlanan \u0130nsan \u00d6zg\u00fcrl\u00fc\u011f\u00fcn\u00fcn \u00d6z\u00fc \u00dczerine eseri, \u00f6zsel bilgininin temelini \u201ctinsel olan\u201dda g\u00f6r\u00fcyordu. Tin kaderdi ve kader tindi; \u00e7\u00fcnk\u00fc sadece onun \u00f6z\u00fc \u00f6zg\u00fcrl\u00fckt\u00fc. Bu eser onun en b\u00fcy\u00fck ba\u015far\u0131s\u0131d\u0131r ve ayn\u0131 zamanda Alman felsefesinin, dolay\u0131s\u0131yla da Bat\u0131 felsefesinin en derinlikli eserlerinden biridir.Engels, Bakunin, Kierkegaard ve Burckhardt gibi 19. y\u00fczy\u0131l\u0131n etkisi b\u00fcy\u00fck filozoflar\u0131n\u0131n hocas\u0131 olan Schelling\u2019i en \u00f6nemli eserinden okumak sadece Alman \u0130dealizmini anlamak i\u00e7in de\u011fil, ayn\u0131 zamanda Nietzsche ve Heidegger\u2019in yol haritalar\u0131ndan b\u00fcy\u00fck bir k\u0131sm\u0131n\u0131 belirledi\u011fi \u00e7a\u011fda\u015f felsefe metinlerinin sat\u0131r aralar\u0131nda rahat\u00e7a gezinebilmek i\u00e7in de elzem&#8230; <\/p>\n","protected":false},"excerpt":{"rendered":"<p>\u201cT\u00fcm do\u011fumlar, karanl\u0131ktan ayd\u0131nl\u0131\u011fa bir do\u011fumdur; tohum topra\u011fa g\u00f6m\u00fclmeli ve karanl\u0131kta \u00f6lmelidir ki, b\u00f6ylece g\u00fcne\u015fte \u00e7ok daha g\u00fczel bir \u015fekil olarak kendini topraktan g\u00fcn y\u00fcz\u00fcne \u00e7\u0131karabilsin.<span class=\"excerpt-hellip\"> [\u2026]<\/span><\/p>\n","protected":false},"featured_media":0,"template":"","meta":{"_monsterinsights_skip_tracking":false,"_monsterinsights_sitenote_active":false,"_monsterinsights_sitenote_note":"","_monsterinsights_sitenote_category":0},"product_brand":[],"product_cat":[12312,12304],"product_tag":[],"class_list":{"0":"post-709517","1":"product","2":"type-product","3":"status-publish","5":"product_cat-diger","6":"product_cat-tarih","7":"pa_cilt-ciltsiz","8":"pa_tur-kitap","9":"pa_yayinevi-ayrinti-yayinlari","10":"pa_yazar-friedrich-wilhelm-joseph-von-schelling","12":"first","13":"instock","14":"sale","15":"shipping-taxable","16":"purchasable","17":"product-type-simple"},"_links":{"self":[{"href":"https:\/\/roveyayinevi.com.tr\/index.php\/wp-json\/wp\/v2\/product\/709517","targetHints":{"allow":["GET"]}}],"collection":[{"href":"https:\/\/roveyayinevi.com.tr\/index.php\/wp-json\/wp\/v2\/product"}],"about":[{"href":"https:\/\/roveyayinevi.com.tr\/index.php\/wp-json\/wp\/v2\/types\/product"}],"wp:attachment":[{"href":"https:\/\/roveyayinevi.com.tr\/index.php\/wp-json\/wp\/v2\/media?parent=709517"}],"wp:term":[{"taxonomy":"product_brand","embeddable":true,"href":"https:\/\/roveyayinevi.com.tr\/index.php\/wp-json\/wp\/v2\/product_brand?post=709517"},{"taxonomy":"product_cat","embeddable":true,"href":"https:\/\/roveyayinevi.com.tr\/index.php\/wp-json\/wp\/v2\/product_cat?post=709517"},{"taxonomy":"product_tag","embeddable":true,"href":"https:\/\/roveyayinevi.com.tr\/index.php\/wp-json\/wp\/v2\/product_tag?post=709517"}],"curies":[{"name":"wp","href":"https:\/\/api.w.org\/{rel}","templated":true}]}}