{"id":709345,"date":"2025-08-27T16:24:05","date_gmt":"2025-08-27T13:24:05","guid":{"rendered":"https:\/\/roveyayinevi.com.tr\/index.php\/urun\/balkan-savaslarinda-rumeli-turkleri-kirimllar-kiyimlar-gocler-1821-1913\/"},"modified":"2026-04-16T02:18:03","modified_gmt":"2026-04-15T23:18:03","slug":"balkan-savaslarinda-rumeli-turkleri-kirimllar-kiyimlar-gocler-1821-1913","status":"publish","type":"product","link":"https:\/\/roveyayinevi.com.tr\/index.php\/urun\/balkan-savaslarinda-rumeli-turkleri-kirimllar-kiyimlar-gocler-1821-1913\/","title":{"rendered":"Balkan Sava\u015flar\u0131nda Rumeli T\u00fcrkleri (K\u0131r\u0131mllar-K\u0131y\u0131mlar-G\u00f6\u00e7ler) 1821-1913"},"content":{"rendered":"<p>Atat\u00fcrk, 1912 Balkan bozgununu Trablusgarp&#8217;ta bulundu\u011fu s\u0131rada haber alm\u0131\u015f. Gen\u00e7li\u011finde yazd\u0131\u011f\u0131 Zabit ve Kumandan ile Hasbihal adl\u0131 kitab\u0131nda, \u201cBir g\u00fcn duydum ki do\u011fdu\u011fum \u015fehir Selanik, orada annem ve k\u0131z karde\u015fim d\u00fc\u015fmana teslim edilmi\u015f\u201d der. Ata&#8217;n\u0131n y\u00fcre\u011fine sanki bir han\u00e7er saplanm\u0131\u015ft\u0131r. Makedonya&#8217;n\u0131n \u00e7e\u015fitli kazalar\u0131nda sekiz y\u0131l kaymakaml\u0131k yapt\u0131ktan sonra, son Balkan Sava\u015f\u0131 \u00f6ncesinde Drama Mutasarr\u0131f\u0131 olarak g\u00f6rev yapm\u0131\u015f olan \u00fcnl\u00fc vali Tahsin Uzer, Makedonya E\u015fk\u0131yal\u0131k Tarihi\u2026 adl\u0131 kitab\u0131nda, \u201cDrama benim muazzez ve mukaddes bir \u00e7al\u0131\u015fma alan\u0131m oldu. Drama&#8217;n\u0131n kayb\u0131 beni daima a\u011flat\u0131r\u201d der. Balkanlar, bizim co\u011frafyam\u0131z, bizim tarihimizdir. Balkan Sava\u015flar\u0131 s\u0131ras\u0131nda Rumeli topraklar\u0131m\u0131zda k\u0131r\u0131lm\u0131\u015f, k\u0131y\u0131lm\u0131\u015f, \u015fehit d\u00fc\u015fm\u00fc\u015f, yerlerinden yurtlar\u0131ndan s\u00f6k\u00fcl\u00fcp g\u00f6\u00e7e zorlanm\u0131\u015f olan ecdad\u0131m\u0131z i\u00e7in yaz\u0131ld\u0131 bu kitap. B\u00fcy\u00fck milletimizin y\u00fcz d\u00f6rt y\u0131l \u00f6nce ya\u015fam\u0131\u015f oldu\u011fu o b\u00fcy\u00fck ac\u0131lardan bug\u00fcn i\u00e7in, yurdumuz i\u00e7in al\u0131nacak dersler yok mudur acaba? <\/p>\n","protected":false},"excerpt":{"rendered":"<p>Atat\u00fcrk, 1912 Balkan bozgununu Trablusgarp&#8217;ta bulundu\u011fu s\u0131rada haber alm\u0131\u015f. Gen\u00e7li\u011finde yazd\u0131\u011f\u0131 Zabit ve Kumandan ile Hasbihal adl\u0131 kitab\u0131nda, \u201cBir g\u00fcn duydum ki do\u011fdu\u011fum \u015fehir Selanik, orada<span class=\"excerpt-hellip\"> [\u2026]<\/span><\/p>\n","protected":false},"featured_media":0,"template":"","meta":{"_monsterinsights_skip_tracking":false,"_monsterinsights_sitenote_active":false,"_monsterinsights_sitenote_note":"","_monsterinsights_sitenote_category":0},"product_brand":[],"product_cat":[12370,12304],"product_tag":[],"class_list":{"0":"post-709345","1":"product","2":"type-product","3":"status-publish","5":"product_cat-arastirma-inceleme","6":"product_cat-tarih","7":"pa_cilt-ciltsiz","8":"pa_tur-kitap","9":"pa_yayinevi-bilgi-yayinevi","10":"pa_yazar-bilal-n-simsir","12":"first","13":"instock","14":"sale","15":"shipping-taxable","16":"purchasable","17":"product-type-simple"},"_links":{"self":[{"href":"https:\/\/roveyayinevi.com.tr\/index.php\/wp-json\/wp\/v2\/product\/709345","targetHints":{"allow":["GET"]}}],"collection":[{"href":"https:\/\/roveyayinevi.com.tr\/index.php\/wp-json\/wp\/v2\/product"}],"about":[{"href":"https:\/\/roveyayinevi.com.tr\/index.php\/wp-json\/wp\/v2\/types\/product"}],"wp:attachment":[{"href":"https:\/\/roveyayinevi.com.tr\/index.php\/wp-json\/wp\/v2\/media?parent=709345"}],"wp:term":[{"taxonomy":"product_brand","embeddable":true,"href":"https:\/\/roveyayinevi.com.tr\/index.php\/wp-json\/wp\/v2\/product_brand?post=709345"},{"taxonomy":"product_cat","embeddable":true,"href":"https:\/\/roveyayinevi.com.tr\/index.php\/wp-json\/wp\/v2\/product_cat?post=709345"},{"taxonomy":"product_tag","embeddable":true,"href":"https:\/\/roveyayinevi.com.tr\/index.php\/wp-json\/wp\/v2\/product_tag?post=709345"}],"curies":[{"name":"wp","href":"https:\/\/api.w.org\/{rel}","templated":true}]}}