{"id":709340,"date":"2025-08-27T16:24:03","date_gmt":"2025-08-27T13:24:03","guid":{"rendered":"https:\/\/roveyayinevi.com.tr\/index.php\/urun\/babayani-zamansiz-yazilar\/"},"modified":"2026-04-16T02:18:03","modified_gmt":"2026-04-15T23:18:03","slug":"babayani-zamansiz-yazilar","status":"publish","type":"product","link":"https:\/\/roveyayinevi.com.tr\/index.php\/urun\/babayani-zamansiz-yazilar\/","title":{"rendered":"Babayani (Zamans\u0131z Yaz\u0131lar)"},"content":{"rendered":"<p>Tevazu sahibi, g\u00f6rm\u00fc\u015f ge\u00e7irmi\u015f, dervi\u015f insanlara eski dilde \u201cBabayani\u201d derlermi\u015f. Nebil \u00d6zgent\u00fcrk de bu kitapta, \u00e7ok sevdi\u011fi \u201cbabayani\u201dleri anlat\u0131yor. Ayr\u0131ca ilk defa bu kitapta kendi \u00f6yk\u00fcs\u00fcne, ilk gen\u00e7lik y\u0131llar\u0131ndan ilgin\u00e7 anekdotlara, dikkate de\u011fer aile \u00f6yk\u00fclerine, \u015fa\u015f\u0131rt\u0131c\u0131 tan\u0131kl\u0131klar\u0131na ve ya\u015farken ayakta kalmaya dair ipu\u00e7lar\u0131na yer veriyor.\u201cNebil \u00d6zgent\u00fcrk, T\u00fcrkiye\u2019nin \u2018masumiyet \u00e7a\u011f\u0131\u2019n\u0131n belgeselcisidir. O, \u2018k\u00fclt\u00fcr tarihimize kay\u0131t d\u00fc\u015fen adam\u2019 olarak an\u0131lmay\u0131 \u00e7oktan hak etti.\u201d Z\u00fclf\u00fc LivaneliNebil \u00d6zgent\u00fcrk, bir arkeolo\u011fun birikimi ve titizli\u011fiyle, kalemiyle kaz\u0131yor insan \u00f6yk\u00fclerini. Bir ressam olsayd\u0131, bitti diye at\u0131lan boya t\u00fcplerinde kalan renklerle yapard\u0131 resimlerini. Bir heykelt\u0131ra\u015f olsayd\u0131, \u00f6n\u00fcnde model olarak duran insan\u0131n heykelini yapmak yerine, ta\u015f\u0131n i\u00e7indeki insan \u00f6yk\u00fcs\u00fcn\u00fc bulur \u00e7\u0131kar\u0131rd\u0131. Bir \u015fair olsayd\u0131 e\u011fer, dize pe\u015finde ko\u015fmaz, insan\u0131n dize gelmedi\u011fi \u015fiirler yazard\u0131.\u201d Sunay Ak\u0131n <\/p>\n","protected":false},"excerpt":{"rendered":"<p>Tevazu sahibi, g\u00f6rm\u00fc\u015f ge\u00e7irmi\u015f, dervi\u015f insanlara eski dilde \u201cBabayani\u201d derlermi\u015f. Nebil \u00d6zgent\u00fcrk de bu kitapta, \u00e7ok sevdi\u011fi \u201cbabayani\u201dleri anlat\u0131yor. Ayr\u0131ca ilk defa bu kitapta kendi \u00f6yk\u00fcs\u00fcne,<span class=\"excerpt-hellip\"> [\u2026]<\/span><\/p>\n","protected":false},"featured_media":0,"template":"","meta":{"_monsterinsights_skip_tracking":false,"_monsterinsights_sitenote_active":false,"_monsterinsights_sitenote_note":"","_monsterinsights_sitenote_category":0},"product_brand":[],"product_cat":[13701,12291],"product_tag":[],"class_list":{"0":"post-709340","1":"product","2":"type-product","3":"status-publish","5":"product_cat-ani-mektup-gunluk","6":"product_cat-edebiyat","7":"pa_cilt-ciltsiz","8":"pa_tur-kitap","9":"pa_yayinevi-kara-karga-yayinlari","10":"pa_yazar-nebil-ozgenturk","12":"first","13":"instock","14":"sale","15":"shipping-taxable","16":"purchasable","17":"product-type-simple"},"_links":{"self":[{"href":"https:\/\/roveyayinevi.com.tr\/index.php\/wp-json\/wp\/v2\/product\/709340","targetHints":{"allow":["GET"]}}],"collection":[{"href":"https:\/\/roveyayinevi.com.tr\/index.php\/wp-json\/wp\/v2\/product"}],"about":[{"href":"https:\/\/roveyayinevi.com.tr\/index.php\/wp-json\/wp\/v2\/types\/product"}],"wp:attachment":[{"href":"https:\/\/roveyayinevi.com.tr\/index.php\/wp-json\/wp\/v2\/media?parent=709340"}],"wp:term":[{"taxonomy":"product_brand","embeddable":true,"href":"https:\/\/roveyayinevi.com.tr\/index.php\/wp-json\/wp\/v2\/product_brand?post=709340"},{"taxonomy":"product_cat","embeddable":true,"href":"https:\/\/roveyayinevi.com.tr\/index.php\/wp-json\/wp\/v2\/product_cat?post=709340"},{"taxonomy":"product_tag","embeddable":true,"href":"https:\/\/roveyayinevi.com.tr\/index.php\/wp-json\/wp\/v2\/product_tag?post=709340"}],"curies":[{"name":"wp","href":"https:\/\/api.w.org\/{rel}","templated":true}]}}