{"id":709337,"date":"2025-08-27T16:24:01","date_gmt":"2025-08-27T13:24:01","guid":{"rendered":"https:\/\/roveyayinevi.com.tr\/index.php\/urun\/moda-praksisi\/"},"modified":"2026-04-16T02:18:03","modified_gmt":"2026-04-15T23:18:03","slug":"moda-praksisi","status":"publish","type":"product","link":"https:\/\/roveyayinevi.com.tr\/index.php\/urun\/moda-praksisi\/","title":{"rendered":"Moda Praksisi"},"content":{"rendered":"<p>\u201c\u00c7\u0131plak do\u011fars\u0131n ve gerisi gelir.\u201d Moda Praksisi, Hannah Arendt\u2019in g\u00f6r\u00fc\u015flerinin moda \u00fczerine d\u00fc\u015f\u00fcn\u00fclmesidir. Arendt bize, \u00fczerinde hi\u00e7 kafa yormad\u0131\u011f\u0131m\u0131z k\u00f6t\u00fcl\u00fcklerin i\u015fbirlik\u00e7isi olabilece\u011fimiz gibi rahats\u0131z edici bir ger\u00e7ekle y\u00fczle\u015fmemiz gerekti\u011fini s\u00f6yler. Ayn\u0131 zamanda d\u00fcnyay\u0131 oldu\u011fu gibi yani k\u00f6t\u00fcl\u00fck ve ac\u0131lardan rahat y\u00fcz\u00fc g\u00f6rmemi\u015f haliyle sevmemizi ister. Etik moda anlay\u0131\u015f\u0131 da Arendt\u2019in bu g\u00f6r\u00fc\u015fleri \u00fczerinden, politika ve modan\u0131n temel baz\u0131 g\u00fc\u00e7lerini ve ortak yanlar\u0131n\u0131 anlamam\u0131z i\u00e7in \u00e7al\u0131\u015fmaktad\u0131r. \u0130nsanlar\u0131n tek tip giyinmesine ve eskimeyen giysileri \u00e7\u00f6pe atmas\u0131na sebep olan; g\u00f6r\u00fcnmeyen y\u00fcz\u00fcnde m\u00fcltecileri, \u00e7ocuklar\u0131 ve negatif ayr\u0131mc\u0131l\u0131\u011fa u\u011frayanlar\u0131 izbe mekanlarda, sosyal g\u00fcvenceden yoksun bir \u015fekilde a\u015f\u0131r\u0131 saatler \u00e7al\u0131\u015ft\u0131ran moda tiranl\u0131\u011f\u0131, pekala \u015fiddet \u00fcretir! Buna kar\u015f\u0131n end\u00fcstriyel modaya k\u00fcresel d\u00fczeyde alternatifler \u00fcretebiliriz. Kreatif bir geri \u00e7ekili\u015f, reddetme, cesaret, kendi da\u011f\u0131t\u0131m a\u011flar\u0131n\u0131 kurma, paralel \u00fcretim, ileri d\u00f6n\u00fc\u015f\u00fcm, yeni t\u00fcketim modelleri olu\u015fturmak, yava\u015f moda ve benzeri yollarla neler yap\u0131labilece\u011fine dair k\u00fc\u00e7\u00fck ama d\u00f6n\u00fc\u015ft\u00fcr\u00fcc\u00fc bir perspektif yaratabiliriz. <\/p>\n","protected":false},"excerpt":{"rendered":"<p>\u201c\u00c7\u0131plak do\u011fars\u0131n ve gerisi gelir.\u201d Moda Praksisi, Hannah Arendt\u2019in g\u00f6r\u00fc\u015flerinin moda \u00fczerine d\u00fc\u015f\u00fcn\u00fclmesidir. Arendt bize, \u00fczerinde hi\u00e7 kafa yormad\u0131\u011f\u0131m\u0131z k\u00f6t\u00fcl\u00fcklerin i\u015fbirlik\u00e7isi olabilece\u011fimiz gibi rahats\u0131z edici bir<span class=\"excerpt-hellip\"> [\u2026]<\/span><\/p>\n","protected":false},"featured_media":0,"template":"","meta":{"_monsterinsights_skip_tracking":false,"_monsterinsights_sitenote_active":false,"_monsterinsights_sitenote_note":"","_monsterinsights_sitenote_category":0},"product_brand":[],"product_cat":[23323,12364],"product_tag":[],"class_list":{"0":"post-709337","1":"product","2":"type-product","3":"status-publish","5":"product_cat-ekoloji","6":"product_cat-genel-konular","7":"pa_cilt-ciltsiz","8":"pa_tur-kitap","9":"pa_yayinevi-yeni-insan-yayinlari","10":"pa_yazar-otto-von-busch","12":"first","13":"instock","14":"sale","15":"shipping-taxable","16":"purchasable","17":"product-type-simple"},"_links":{"self":[{"href":"https:\/\/roveyayinevi.com.tr\/index.php\/wp-json\/wp\/v2\/product\/709337","targetHints":{"allow":["GET"]}}],"collection":[{"href":"https:\/\/roveyayinevi.com.tr\/index.php\/wp-json\/wp\/v2\/product"}],"about":[{"href":"https:\/\/roveyayinevi.com.tr\/index.php\/wp-json\/wp\/v2\/types\/product"}],"wp:attachment":[{"href":"https:\/\/roveyayinevi.com.tr\/index.php\/wp-json\/wp\/v2\/media?parent=709337"}],"wp:term":[{"taxonomy":"product_brand","embeddable":true,"href":"https:\/\/roveyayinevi.com.tr\/index.php\/wp-json\/wp\/v2\/product_brand?post=709337"},{"taxonomy":"product_cat","embeddable":true,"href":"https:\/\/roveyayinevi.com.tr\/index.php\/wp-json\/wp\/v2\/product_cat?post=709337"},{"taxonomy":"product_tag","embeddable":true,"href":"https:\/\/roveyayinevi.com.tr\/index.php\/wp-json\/wp\/v2\/product_tag?post=709337"}],"curies":[{"name":"wp","href":"https:\/\/api.w.org\/{rel}","templated":true}]}}