{"id":709313,"date":"2025-08-27T16:23:50","date_gmt":"2025-08-27T13:23:50","guid":{"rendered":"https:\/\/roveyayinevi.com.tr\/index.php\/urun\/modernizmin-yansimalari-80li-yillarda-turkiye\/"},"modified":"2026-04-16T02:18:01","modified_gmt":"2026-04-15T23:18:01","slug":"modernizmin-yansimalari-80li-yillarda-turkiye","status":"publish","type":"product","link":"https:\/\/roveyayinevi.com.tr\/index.php\/urun\/modernizmin-yansimalari-80li-yillarda-turkiye\/","title":{"rendered":"Modernizmin Yans\u0131malar\u0131 : 80&#8217;li Y\u0131llarda T\u00fcrkiye"},"content":{"rendered":"<p>1980\u2019li y\u0131llar, neo-liberal politikalar\u0131n \u201cserbestlik\u201d r\u00fczg\u00e2r\u0131 ile ba\u015flam\u0131\u015f, 1989\u2019da iki kutuplu d\u00fcnyan\u0131n biti\u015fine neden olan\u201c\u00f6zg\u00fcrl\u00fck\u201d talepleriyle sonlanm\u0131\u015ft\u0131r. Bu y\u0131llar, modernizm ve postmodernizm aras\u0131ndaki ge\u00e7i\u015f d\u00f6nemi olarak, ge\u00e7mi\u015fe d\u00f6n\u00fck sorgulamalardan ziyade ge\u00e7mi\u015ften kopu\u015fu yans\u0131tmaktad\u0131r. D\u00fcnya genelinde, 1980-1990 aras\u0131nda, ya\u015fanan siyasi ve ekonomik de\u011fi\u015fimlerin yaratt\u0131\u011f\u0131 iyimserlik ortam\u0131, bilimsel bulu\u015flar ve teknolojik yeniliklere ba\u011fl\u0131 olarak ileti\u015fim ve ula\u015f\u0131mda eri\u015fim olanaklar\u0131n\u0131n yayg\u0131nla\u015fmas\u0131n\u0131n yaratt\u0131\u011f\u0131 gelece\u011fe ve kapitalist sisteme duyulan g\u00fcven h\u00e2kimdir. Oysa T\u00fcrkiye\u2019de g\u00f6r\u00fcn\u00fcm olduk\u00e7a  farkl\u0131d\u0131r ve d\u00fcnyaya \u201ca\u00e7\u0131lmay\u0131\u201d sa\u011flayan siyasal, ekonomik ve teknolojik de\u011fi\u015fim ve d\u00f6n\u00fc\u015f\u00fcmlerden hen\u00fcz uzaktad\u0131r. Bu nedenle,T\u00fcrkiye\u2019nin 80\u2019li y\u0131llar\u0131n\u0131 de\u011ferlendirmek \u00f6nemlidir.Bu kitapta incelenen 80\u2019lere ili\u015fkin pek \u00e7ok konunun, daha kapsaml\u0131 k\u00fcresel  e\u011filimlerin bir par\u00e7as\u0131 oldu\u011fu a\u00e7\u0131kt\u0131r. Ancak neo-liberalizmin zaferi, sosyalizmin \u00e7\u00f6k\u00fc\u015f\u00fc, bir kalk\u0131nma modeli olarak ithal ikameci  stratejilerin terk edilmesi, enflasyon ile m\u00fccadelede ba\u015far\u0131s\u0131zl\u0131k, gelir da\u011f\u0131l\u0131m\u0131 bozukluklar\u0131n\u0131n giderek artmas\u0131, Evren-\u00d6zal politikalar\u0131  ve T\u00fcrkiye\u2019deki sosyal d\u00fczeniyle kar\u015f\u0131l\u0131kl\u0131 etkile\u015fimi, bu etkile\u015fimin ne \u015fekilde ve nas\u0131l \u00fcretildi\u011fi konusu tamamen T\u00fcrkiye\u2019ye \u00f6zg\u00fcd\u00fcr. Kitap serimizin bu cildinin, bu \u00f6zg\u00fcnl\u00fc\u011f\u00fcn anla\u015f\u0131lmas\u0131na yard\u0131mc\u0131 olaca\u011f\u0131n\u0131 umuyoruz. Modernizmin Yans\u0131malar\u0131: 1980\u2019li Y\u0131llarda T\u00fcrkiye; 60\u2019l\u0131 y\u0131llardan ba\u015flay\u0131p g\u00fcn\u00fcm\u00fcze kadar olan 10\u2019ar y\u0131ll\u0131k d\u00f6nemlerde T\u00fcrkiye\u2019de modernizmin de\u011ferlendirilmesini\/ele\u015ftirilmesini hedefleyen bir dizi kitab\u0131n 3. cildini olu\u015fturmaktad\u0131r ve T\u00fcrkiye\u2019de gerek i\u00e7 gerekse d\u0131\u015f dinamikler ba\u011flam\u0131nda \u201cmodernle\u015fme\u201dnin 1980\u2019li y\u0131llarda nas\u0131l ba\u015fkala\u015ft\u0131\u011f\u0131n\u0131n \u00e7ok boyutlu bir bak\u0131\u015f a\u00e7\u0131s\u0131 ile yeniden ele al\u0131nmas\u0131n\u0131 ama\u00e7lamaktad\u0131r. <\/p>\n","protected":false},"excerpt":{"rendered":"<p>1980\u2019li y\u0131llar, neo-liberal politikalar\u0131n \u201cserbestlik\u201d r\u00fczg\u00e2r\u0131 ile ba\u015flam\u0131\u015f, 1989\u2019da iki kutuplu d\u00fcnyan\u0131n biti\u015fine neden olan\u201c\u00f6zg\u00fcrl\u00fck\u201d talepleriyle sonlanm\u0131\u015ft\u0131r. Bu y\u0131llar, modernizm ve postmodernizm aras\u0131ndaki ge\u00e7i\u015f d\u00f6nemi olarak,<span class=\"excerpt-hellip\"> [\u2026]<\/span><\/p>\n","protected":false},"featured_media":0,"template":"","meta":{"_monsterinsights_skip_tracking":false,"_monsterinsights_sitenote_active":false,"_monsterinsights_sitenote_note":"","_monsterinsights_sitenote_category":0},"product_brand":[],"product_cat":[13005,40995],"product_tag":[],"class_list":{"0":"post-709313","1":"product","2":"type-product","3":"status-publish","5":"product_cat-bilim-muhendislik","6":"product_cat-sosyal-bilimler","7":"pa_cilt-ciltsiz","8":"pa_tur-kitap","9":"pa_yayinevi-efil-yayinevi","10":"pa_yazar-r-funda-barbaros-erik-jan-zurcher","12":"first","13":"instock","14":"sale","15":"shipping-taxable","16":"purchasable","17":"product-type-simple"},"_links":{"self":[{"href":"https:\/\/roveyayinevi.com.tr\/index.php\/wp-json\/wp\/v2\/product\/709313","targetHints":{"allow":["GET"]}}],"collection":[{"href":"https:\/\/roveyayinevi.com.tr\/index.php\/wp-json\/wp\/v2\/product"}],"about":[{"href":"https:\/\/roveyayinevi.com.tr\/index.php\/wp-json\/wp\/v2\/types\/product"}],"wp:attachment":[{"href":"https:\/\/roveyayinevi.com.tr\/index.php\/wp-json\/wp\/v2\/media?parent=709313"}],"wp:term":[{"taxonomy":"product_brand","embeddable":true,"href":"https:\/\/roveyayinevi.com.tr\/index.php\/wp-json\/wp\/v2\/product_brand?post=709313"},{"taxonomy":"product_cat","embeddable":true,"href":"https:\/\/roveyayinevi.com.tr\/index.php\/wp-json\/wp\/v2\/product_cat?post=709313"},{"taxonomy":"product_tag","embeddable":true,"href":"https:\/\/roveyayinevi.com.tr\/index.php\/wp-json\/wp\/v2\/product_tag?post=709313"}],"curies":[{"name":"wp","href":"https:\/\/api.w.org\/{rel}","templated":true}]}}