{"id":709171,"date":"2025-08-27T16:22:27","date_gmt":"2025-08-27T13:22:27","guid":{"rendered":"https:\/\/roveyayinevi.com.tr\/index.php\/urun\/50-yil-oncesinin-baskaldiran-dort-sairine-yeni-sorular\/"},"modified":"2026-04-16T02:17:58","modified_gmt":"2026-04-15T23:17:58","slug":"50-yil-oncesinin-baskaldiran-dort-sairine-yeni-sorular","status":"publish","type":"product","link":"https:\/\/roveyayinevi.com.tr\/index.php\/urun\/50-yil-oncesinin-baskaldiran-dort-sairine-yeni-sorular\/","title":{"rendered":"50 Y\u0131l \u00d6ncesinin Ba\u015fkald\u0131ran D\u00f6rt \u015eairine Yeni Sorular"},"content":{"rendered":"<p>1960\u2019lar\u0131n sonlar\u0131nda d\u00f6rt gen\u00e7 \u015fairin \u015fiirleri eylemci gen\u00e7lik aras\u0131nda b\u00fcy\u00fck ilgi uyand\u0131r\u0131yordu. Eylemci gen\u00e7ler, bu gen\u00e7 \u015fairlerin \u201cBa\u015fkald\u0131r\u0131\u201d niteli\u011fi ta\u015f\u0131yan \u015fiirlerinin kopyalar\u0131n\u0131 ceplerinde ta\u015f\u0131yor, okullarda, kantinlerde birbirlerine sunuyor, okuyorlard\u0131. Bu gen\u00e7 \u015fairlerin ortak bir harekete giri\u015feceklerini, ortak bir dergi \u00e7\u0131karacaklar\u0131n\u0131 \u00f6\u011frendi\u011fimde bunlarla 1969 y\u0131l\u0131nda bir araya gelip ba\u015fkald\u0131r\u0131lar\u0131n\u0131n nedenlerinin, neler oldu\u011funu onlarla ele al\u0131p ANT dergisinde yay\u0131nlamak i\u00e7in bir s\u00f6yle\u015fi yapt\u0131m. Ataol Behramo\u011flu, \u0130smet \u00d6zel, S\u00fcreyya Berfe ve \u00d6zkan Mert ile ger\u00e7ekle\u015ftirdi\u011fim bu s\u00f6yle\u015fide onlar\u0131n sanatlar\u0131n\u0131, T\u00fcrkiye\u2019deki ne t\u00fcr sanata ve \u015fiire kar\u015f\u0131 olduklar\u0131n\u0131, kendi \u015fiirlerinin kaynaklar\u0131n\u0131n neler oldu\u011funu, ne yapmak istediklerini tart\u0131\u015ft\u0131m. S\u00f6yle\u015fi i\u00e7erisine \u015fiirlerinden \u00f6rnekleri de yerle\u015ftirdim. Tek tek o d\u00f6nemin 20\u2019li ya\u015flardaki, bug\u00fcn\u00fcn 70\u2019li ya\u015flardaki bu d\u00f6rt \u015fairin 50 y\u0131l \u00f6nce s\u00f6yledikleri de, bug\u00fcn verdikleri cevaplar da edebiyat \u00e7evrelerinin ilgisini \u00e7ekecektir diye d\u00fc\u015f\u00fcn\u00fcyorum&#8230; <\/p>\n","protected":false},"excerpt":{"rendered":"<p>1960\u2019lar\u0131n sonlar\u0131nda d\u00f6rt gen\u00e7 \u015fairin \u015fiirleri eylemci gen\u00e7lik aras\u0131nda b\u00fcy\u00fck ilgi uyand\u0131r\u0131yordu. Eylemci gen\u00e7ler, bu gen\u00e7 \u015fairlerin \u201cBa\u015fkald\u0131r\u0131\u201d niteli\u011fi ta\u015f\u0131yan \u015fiirlerinin kopyalar\u0131n\u0131 ceplerinde ta\u015f\u0131yor, okullarda, kantinlerde<span class=\"excerpt-hellip\"> [\u2026]<\/span><\/p>\n","protected":false},"featured_media":0,"template":"","meta":{"_monsterinsights_skip_tracking":false,"_monsterinsights_sitenote_active":false,"_monsterinsights_sitenote_note":"","_monsterinsights_sitenote_category":0},"product_brand":[],"product_cat":[12364,12826],"product_tag":[],"class_list":{"0":"post-709171","1":"product","2":"type-product","3":"status-publish","5":"product_cat-genel-konular","6":"product_cat-soylesi","7":"pa_cilt-ciltsiz","8":"pa_tur-kitap","9":"pa_yayinevi-efil-yayinevi","10":"pa_yazar-osman-arolat","12":"first","13":"instock","14":"sale","15":"shipping-taxable","16":"purchasable","17":"product-type-simple"},"_links":{"self":[{"href":"https:\/\/roveyayinevi.com.tr\/index.php\/wp-json\/wp\/v2\/product\/709171","targetHints":{"allow":["GET"]}}],"collection":[{"href":"https:\/\/roveyayinevi.com.tr\/index.php\/wp-json\/wp\/v2\/product"}],"about":[{"href":"https:\/\/roveyayinevi.com.tr\/index.php\/wp-json\/wp\/v2\/types\/product"}],"wp:attachment":[{"href":"https:\/\/roveyayinevi.com.tr\/index.php\/wp-json\/wp\/v2\/media?parent=709171"}],"wp:term":[{"taxonomy":"product_brand","embeddable":true,"href":"https:\/\/roveyayinevi.com.tr\/index.php\/wp-json\/wp\/v2\/product_brand?post=709171"},{"taxonomy":"product_cat","embeddable":true,"href":"https:\/\/roveyayinevi.com.tr\/index.php\/wp-json\/wp\/v2\/product_cat?post=709171"},{"taxonomy":"product_tag","embeddable":true,"href":"https:\/\/roveyayinevi.com.tr\/index.php\/wp-json\/wp\/v2\/product_tag?post=709171"}],"curies":[{"name":"wp","href":"https:\/\/api.w.org\/{rel}","templated":true}]}}