{"id":709147,"date":"2025-08-27T16:22:16","date_gmt":"2025-08-27T13:22:16","guid":{"rendered":"https:\/\/roveyayinevi.com.tr\/index.php\/urun\/liderin-kitapligi\/"},"modified":"2026-04-16T02:17:57","modified_gmt":"2026-04-15T23:17:57","slug":"liderin-kitapligi","status":"publish","type":"product","link":"https:\/\/roveyayinevi.com.tr\/index.php\/urun\/liderin-kitapligi\/","title":{"rendered":"Liderin Kitapl\u0131\u011f\u0131"},"content":{"rendered":"<p>\u201c4 Eyl\u00fcl 1990\u2019da katledilen babam Turan Dursun\u2019un 56 y\u0131ll\u0131k \u00f6mr\u00fcnde \u00fcretti\u011fi eserlerini kamuoyuna ula\u015ft\u0131rmak, aradan ge\u00e7en y\u0131llar i\u00e7erisinde bunun \u00f6nemli \u00f6l\u00e7\u00fcde ba\u015far\u0131ld\u0131\u011f\u0131n\u0131 g\u00f6rmek, ku\u015fkusuz ki, bizi olduk\u00e7a mutlu etti. Onca eser kitap haline getirildi; on binlerce, y\u00fcz binlerce okur buldu.Biz biliyorduk ki, Ayd\u0131nlanma m\u00fccadelesi soluklu sava\u015f\u0131md\u0131r. Y\u00fczlerce y\u0131ldan bu yana s\u00fcregelmi\u015f, yine y\u00fczlerce y\u0131l da s\u00fcrecektir. Bu yolda nice yitiklerimiz olmu\u015ftur. Y\u00fczlerce y\u0131l \u00f6nce Bruno&#8217;lar\u0131n, Nesimi&#8217;lerin korkusuzlu\u011fu olmasayd\u0131, belki de bug\u00fcn Turan Dursun ile tan\u0131\u015fmayacakt\u0131n\u0131z. Ben inan\u0131yorum ki, Turan Dursun&#8217;un Ayd\u0131nlanma sava\u015f\u0131m\u0131, gelecek \u00e7a\u011flarda \u00e7a\u011fda\u015flar\u0131na yeni Bruno&#8217;lar\u0131, Nesimi&#8217;leri\u2026 Ve Turan Dursun&#8217;lar\u0131 tan\u0131\u015ft\u0131racakt\u0131r. Yeter ki, bizler tarihsel sorumlulu\u011fumuzu unutmayal\u0131m. Turan Dursun kimdi? Bilim adam\u0131, Ayd\u0131nlanmac\u0131 kimli\u011finin d\u0131\u015f\u0131nda nas\u0131l biriydi? Nas\u0131l bir e\u015f\u2026 Nas\u0131l bir arkada\u015f\u2026 Nas\u0131l bir baba\u2026 Onun do\u011fa sevgisini, onun insan sevgisini ya\u015fad\u0131\u011f\u0131 topluma anlatmak ve gelecek ku\u015faklara aktarmak bir bor\u00e7tu, bir g\u00f6revdi. Bu g\u00f6revi, onunla otuz y\u0131l\u0131 birlikte ge\u00e7irmi\u015f olan benim yerine getirmem gerekiyordu.\u201dAbit Dursun b\u00f6yle anlat\u0131yor kitab\u0131n \u00f6yk\u00fcs\u00fcn\u00fc. <\/p>\n","protected":false},"excerpt":{"rendered":"<p>\u201c4 Eyl\u00fcl 1990\u2019da katledilen babam Turan Dursun\u2019un 56 y\u0131ll\u0131k \u00f6mr\u00fcnde \u00fcretti\u011fi eserlerini kamuoyuna ula\u015ft\u0131rmak, aradan ge\u00e7en y\u0131llar i\u00e7erisinde bunun \u00f6nemli \u00f6l\u00e7\u00fcde ba\u015far\u0131ld\u0131\u011f\u0131n\u0131 g\u00f6rmek, ku\u015fkusuz ki, bizi<span class=\"excerpt-hellip\"> [\u2026]<\/span><\/p>\n","protected":false},"featured_media":0,"template":"","meta":{"_monsterinsights_skip_tracking":false,"_monsterinsights_sitenote_active":false,"_monsterinsights_sitenote_note":"","_monsterinsights_sitenote_category":0},"product_brand":[],"product_cat":[12312,12304],"product_tag":[],"class_list":{"0":"post-709147","1":"product","2":"type-product","3":"status-publish","5":"product_cat-diger","6":"product_cat-tarih","7":"pa_cilt-ciltsiz","8":"pa_tur-kitap","9":"pa_yayinevi-remzi-kitabevi","10":"pa_yazar-cem-kozlu","12":"first","13":"instock","14":"sale","15":"shipping-taxable","16":"purchasable","17":"product-type-simple"},"_links":{"self":[{"href":"https:\/\/roveyayinevi.com.tr\/index.php\/wp-json\/wp\/v2\/product\/709147","targetHints":{"allow":["GET"]}}],"collection":[{"href":"https:\/\/roveyayinevi.com.tr\/index.php\/wp-json\/wp\/v2\/product"}],"about":[{"href":"https:\/\/roveyayinevi.com.tr\/index.php\/wp-json\/wp\/v2\/types\/product"}],"wp:attachment":[{"href":"https:\/\/roveyayinevi.com.tr\/index.php\/wp-json\/wp\/v2\/media?parent=709147"}],"wp:term":[{"taxonomy":"product_brand","embeddable":true,"href":"https:\/\/roveyayinevi.com.tr\/index.php\/wp-json\/wp\/v2\/product_brand?post=709147"},{"taxonomy":"product_cat","embeddable":true,"href":"https:\/\/roveyayinevi.com.tr\/index.php\/wp-json\/wp\/v2\/product_cat?post=709147"},{"taxonomy":"product_tag","embeddable":true,"href":"https:\/\/roveyayinevi.com.tr\/index.php\/wp-json\/wp\/v2\/product_tag?post=709147"}],"curies":[{"name":"wp","href":"https:\/\/api.w.org\/{rel}","templated":true}]}}