{"id":709115,"date":"2025-08-27T16:21:59","date_gmt":"2025-08-27T13:21:59","guid":{"rendered":"https:\/\/roveyayinevi.com.tr\/index.php\/urun\/guzel-sahitlik\/"},"modified":"2026-04-16T02:17:56","modified_gmt":"2026-04-15T23:17:56","slug":"guzel-sahitlik","status":"publish","type":"product","link":"https:\/\/roveyayinevi.com.tr\/index.php\/urun\/guzel-sahitlik\/","title":{"rendered":"G\u00fczel \u015eahitlik"},"content":{"rendered":"<p>Elinizdeki kitap, 2000\u2019li y\u0131llardan bug\u00fcnlere kaleme ald\u0131\u011f\u0131m baz\u0131 metinlerin bir araya getirilmesiyle v\u00fccut buldu.Bu yaz\u0131larla ilgili, objektiflik gibi bir iddiam yok.B\u00fcy\u00fck analizler ve tespitler yapt\u0131\u011f\u0131m\u0131 da s\u00f6yleyecek de\u011filim.Ele ald\u0131\u011f\u0131m isimlerin hi\u00e7birinin hakk\u0131n\u0131 tam olarak verdi\u011fimi de d\u00fc\u015f\u00fcnm\u00fcyorum.   Yaln\u0131zca hakkaniyet duygusu ve adalet kayd\u0131yla, k\u00fclt\u00fcr-sanat-medeniyet davam\u0131za hizmet ettiklerini d\u00fc\u015f\u00fcnd\u00fc\u011f\u00fcm baz\u0131 isimleri i\u015faret etti\u011fimi s\u00f6yleyebilirim.Tam olarak Mehmet Akif merhumun b\u00fcy\u00fck bir tevazu ile kendisi i\u00e7in s\u00f6ylediklerinin, en hakiki anlam\u0131yla beni ifade etti\u011fini s\u00f6yl\u00fcyorum : \u2018\u2019Bir y\u0131\u011f\u0131n s\u00f6z ki samimiyeti ancak h\u00fcneri \/ Ne tasannu bilirim \u00e7\u00fcnk\u00fc, ne sanatkar\u0131m.\u2019\u2019 Hepsi bu. <\/p>\n","protected":false},"excerpt":{"rendered":"<p>Elinizdeki kitap, 2000\u2019li y\u0131llardan bug\u00fcnlere kaleme ald\u0131\u011f\u0131m baz\u0131 metinlerin bir araya getirilmesiyle v\u00fccut buldu.Bu yaz\u0131larla ilgili, objektiflik gibi bir iddiam yok.B\u00fcy\u00fck analizler ve tespitler yapt\u0131\u011f\u0131m\u0131 da<span class=\"excerpt-hellip\"> [\u2026]<\/span><\/p>\n","protected":false},"featured_media":0,"template":"","meta":{"_monsterinsights_skip_tracking":false,"_monsterinsights_sitenote_active":false,"_monsterinsights_sitenote_note":"","_monsterinsights_sitenote_category":0},"product_brand":[],"product_cat":[12573,12566],"product_tag":[],"class_list":{"0":"post-709115","1":"product","2":"type-product","3":"status-publish","5":"product_cat-akademik-kitaplar","6":"product_cat-egitim","7":"pa_cilt-ciltsiz","8":"pa_tur-kitap","9":"pa_yayinevi-profil-kitap","10":"pa_yazar-saadettin-acar","12":"first","13":"instock","14":"sale","15":"shipping-taxable","16":"purchasable","17":"product-type-simple"},"_links":{"self":[{"href":"https:\/\/roveyayinevi.com.tr\/index.php\/wp-json\/wp\/v2\/product\/709115","targetHints":{"allow":["GET"]}}],"collection":[{"href":"https:\/\/roveyayinevi.com.tr\/index.php\/wp-json\/wp\/v2\/product"}],"about":[{"href":"https:\/\/roveyayinevi.com.tr\/index.php\/wp-json\/wp\/v2\/types\/product"}],"wp:attachment":[{"href":"https:\/\/roveyayinevi.com.tr\/index.php\/wp-json\/wp\/v2\/media?parent=709115"}],"wp:term":[{"taxonomy":"product_brand","embeddable":true,"href":"https:\/\/roveyayinevi.com.tr\/index.php\/wp-json\/wp\/v2\/product_brand?post=709115"},{"taxonomy":"product_cat","embeddable":true,"href":"https:\/\/roveyayinevi.com.tr\/index.php\/wp-json\/wp\/v2\/product_cat?post=709115"},{"taxonomy":"product_tag","embeddable":true,"href":"https:\/\/roveyayinevi.com.tr\/index.php\/wp-json\/wp\/v2\/product_tag?post=709115"}],"curies":[{"name":"wp","href":"https:\/\/api.w.org\/{rel}","templated":true}]}}