{"id":709090,"date":"2025-08-27T16:21:46","date_gmt":"2025-08-27T13:21:46","guid":{"rendered":"https:\/\/roveyayinevi.com.tr\/index.php\/urun\/durbunumde-kirk-sene-1941-1983\/"},"modified":"2026-04-16T02:17:40","modified_gmt":"2026-04-15T23:17:40","slug":"durbunumde-kirk-sene-1941-1983","status":"publish","type":"product","link":"https:\/\/roveyayinevi.com.tr\/index.php\/urun\/durbunumde-kirk-sene-1941-1983\/","title":{"rendered":"D\u00fcrb\u00fcn\u00fcmde K\u0131rk Sene 1941 -1983"},"content":{"rendered":"<p>Bu kitapta yazd\u0131klar\u0131m, babam\u0131n da  var oldu\u011fu d\u00fcnyada ge\u00e7irdi\u011fim k\u0131rk y\u0131l\u0131n, d\u00fcrb\u00fcn\u00fcme \u00e7arpan resimleridir; \u00f6zelimde ve \u00fclkemde 1941\u2019den bu yana ya\u015fad\u0131klar\u0131mdan, g\u00f6rd\u00fcklerimden se\u00e7melerimdir. Kitab\u0131ma, beni \u00e7ok etkileyen, \u00e7ok \u00fczen, \u00e7ok sevindiren, bende iz b\u0131rakan, belle\u011fimde hep kalan an\u0131lar\u0131m\u0131 ald\u0131m. Babam\u0131n vefat\u0131na kadar beni ilmek ilmek \u00f6rerek bug\u00fcnk\u00fc ben yapan ki\u015fileri, olaylar\u0131 kendi g\u00f6z\u00fcmden, kendi kalemimle aktard\u0131m. Babam\u0131n \u00f6l\u00fcm\u00fcnden sonra ise, ne ben ayn\u0131 Ay\u015fe\u2019ydim ne de T\u00fcrkiye ayn\u0131 T\u00fcrkiye. Babam\u0131n yoklu\u011fu beni, Turgut \u00d6zal da T\u00fcrkiye\u2019yi de\u011fi\u015ftirmi\u015fti. Art\u0131lar\u0131m\u0131z ve eksilerimizle ba\u015fkala\u015fm\u0131\u015ft\u0131k. 1983\u2019ten sonraki y\u0131llar\u0131m\u0131n ser\u00fcveni \u201cHAYAL\u201d adl\u0131 kitab\u0131ma konu oldu. Ama elinizdeki sayfalarda okuyacaklar\u0131n\u0131z, 1983 y\u0131l\u0131na kadar, Edip Cansever\u2019e rahmetle selam olsun. \u201cBen Ay\u015fe Kulin Nas\u0131l\u0131m\u201da yan\u0131t\u0131md\u0131r. <\/p>\n","protected":false},"excerpt":{"rendered":"<p>Bu kitapta yazd\u0131klar\u0131m, babam\u0131n da var oldu\u011fu d\u00fcnyada ge\u00e7irdi\u011fim k\u0131rk y\u0131l\u0131n, d\u00fcrb\u00fcn\u00fcme \u00e7arpan resimleridir; \u00f6zelimde ve \u00fclkemde 1941\u2019den bu yana ya\u015fad\u0131klar\u0131mdan, g\u00f6rd\u00fcklerimden se\u00e7melerimdir. Kitab\u0131ma, beni \u00e7ok<span class=\"excerpt-hellip\"> [\u2026]<\/span><\/p>\n","protected":false},"featured_media":0,"template":"","meta":{"_monsterinsights_skip_tracking":false,"_monsterinsights_sitenote_active":false,"_monsterinsights_sitenote_note":"","_monsterinsights_sitenote_category":0},"product_brand":[],"product_cat":[14009,12291],"product_tag":[],"class_list":{"0":"post-709090","1":"product","2":"type-product","3":"status-publish","5":"product_cat-biyografi-otobiyografi-edebiyat","6":"product_cat-edebiyat","7":"pa_cilt-ciltsiz","8":"pa_tur-kitap","9":"pa_yayinevi-everest-yayinlari","10":"pa_yazar-ayse-kulin","12":"first","13":"instock","14":"sale","15":"shipping-taxable","16":"purchasable","17":"product-type-simple"},"_links":{"self":[{"href":"https:\/\/roveyayinevi.com.tr\/index.php\/wp-json\/wp\/v2\/product\/709090","targetHints":{"allow":["GET"]}}],"collection":[{"href":"https:\/\/roveyayinevi.com.tr\/index.php\/wp-json\/wp\/v2\/product"}],"about":[{"href":"https:\/\/roveyayinevi.com.tr\/index.php\/wp-json\/wp\/v2\/types\/product"}],"wp:attachment":[{"href":"https:\/\/roveyayinevi.com.tr\/index.php\/wp-json\/wp\/v2\/media?parent=709090"}],"wp:term":[{"taxonomy":"product_brand","embeddable":true,"href":"https:\/\/roveyayinevi.com.tr\/index.php\/wp-json\/wp\/v2\/product_brand?post=709090"},{"taxonomy":"product_cat","embeddable":true,"href":"https:\/\/roveyayinevi.com.tr\/index.php\/wp-json\/wp\/v2\/product_cat?post=709090"},{"taxonomy":"product_tag","embeddable":true,"href":"https:\/\/roveyayinevi.com.tr\/index.php\/wp-json\/wp\/v2\/product_tag?post=709090"}],"curies":[{"name":"wp","href":"https:\/\/api.w.org\/{rel}","templated":true}]}}