{"id":708895,"date":"2025-08-27T16:19:30","date_gmt":"2025-08-27T13:19:30","guid":{"rendered":"https:\/\/roveyayinevi.com.tr\/index.php\/urun\/cocuk-edebiyati-06-yas\/"},"modified":"2026-04-16T02:17:36","modified_gmt":"2026-04-15T23:17:36","slug":"cocuk-edebiyati-06-yas","status":"publish","type":"product","link":"https:\/\/roveyayinevi.com.tr\/index.php\/urun\/cocuk-edebiyati-06-yas\/","title":{"rendered":"\u00c7ocuk Edebiyat\u0131 06 Ya\u015f"},"content":{"rendered":"<p>Bu \u00e7al\u0131\u015fma, iki b\u00f6l\u00fcmden olu\u015fmaktad\u0131r. Birinci b\u00f6l\u00fcmde, \u00e7ocuk ger\u00e7ekli\u011fi; \u00e7ocu\u011fun do\u011fas\u0131, gereksinmeleri, ilgisi, bak\u0131\u015f a\u00e7\u0131s\u0131, dil ve anlam evreni kaynaklar\u0131n tan\u0131kl\u0131\u011f\u0131nda a\u00e7\u0131klanm\u0131\u015ft\u0131r. \u0130kinci b\u00f6l\u00fcmdeyse, \u00e7ocu\u011fu g\u00f6relik kavram\u0131 t\u00fcm de\u011fi\u015fkenleriyle ortaya \u00e7\u0131kart\u0131lm\u0131\u015ft\u0131r. Bu b\u00f6l\u00fcm i\u00e7erisinde, \u00e7ocuk edebiyat\u0131 yap\u0131tlar\u0131n\u0131n tasar\u0131m, i\u00e7erik ve e\u011fitsel \u00f6zelliklerinin \u00e7ocu\u011fa g\u00f6re olabilmesi i\u00e7in hem \u00e7ocuk ger\u00e7ekli\u011fiyle hem yaz\u0131nsal \u00f6l\u00e7\u00fctlerle hem de sanat\u00e7\u0131 duyarl\u0131\u011f\u0131yla \u00f6rt\u00fc\u015ft\u00fcr\u00fclmeye \u00e7al\u0131\u015f\u0131lm\u0131\u015ft\u0131r.<\/p>\n","protected":false},"excerpt":{"rendered":"<p>Bu \u00e7al\u0131\u015fma, iki b\u00f6l\u00fcmden olu\u015fmaktad\u0131r. Birinci b\u00f6l\u00fcmde, \u00e7ocuk ger\u00e7ekli\u011fi; \u00e7ocu\u011fun do\u011fas\u0131, gereksinmeleri, ilgisi, bak\u0131\u015f a\u00e7\u0131s\u0131, dil ve anlam evreni kaynaklar\u0131n tan\u0131kl\u0131\u011f\u0131nda a\u00e7\u0131klanm\u0131\u015ft\u0131r. \u0130kinci b\u00f6l\u00fcmdeyse, \u00e7ocu\u011fu g\u00f6relik<span class=\"excerpt-hellip\"> [\u2026]<\/span><\/p>\n","protected":false},"featured_media":0,"template":"","meta":{"_monsterinsights_skip_tracking":false,"_monsterinsights_sitenote_active":false,"_monsterinsights_sitenote_note":"","_monsterinsights_sitenote_category":0},"product_brand":[],"product_cat":[12274,15842],"product_tag":[],"class_list":{"0":"post-708895","1":"product","2":"type-product","3":"status-publish","5":"product_cat-cocuk-ve-genclik-kitaplari","6":"product_cat-egitici-kitaplar","7":"pa_cilt-ciltsiz","8":"pa_tur-kitap","9":"pa_yayinevi-egiten-kitap","10":"pa_yazar-komisyon","12":"first","13":"instock","14":"sale","15":"shipping-taxable","16":"purchasable","17":"product-type-simple"},"_links":{"self":[{"href":"https:\/\/roveyayinevi.com.tr\/index.php\/wp-json\/wp\/v2\/product\/708895","targetHints":{"allow":["GET"]}}],"collection":[{"href":"https:\/\/roveyayinevi.com.tr\/index.php\/wp-json\/wp\/v2\/product"}],"about":[{"href":"https:\/\/roveyayinevi.com.tr\/index.php\/wp-json\/wp\/v2\/types\/product"}],"wp:attachment":[{"href":"https:\/\/roveyayinevi.com.tr\/index.php\/wp-json\/wp\/v2\/media?parent=708895"}],"wp:term":[{"taxonomy":"product_brand","embeddable":true,"href":"https:\/\/roveyayinevi.com.tr\/index.php\/wp-json\/wp\/v2\/product_brand?post=708895"},{"taxonomy":"product_cat","embeddable":true,"href":"https:\/\/roveyayinevi.com.tr\/index.php\/wp-json\/wp\/v2\/product_cat?post=708895"},{"taxonomy":"product_tag","embeddable":true,"href":"https:\/\/roveyayinevi.com.tr\/index.php\/wp-json\/wp\/v2\/product_tag?post=708895"}],"curies":[{"name":"wp","href":"https:\/\/api.w.org\/{rel}","templated":true}]}}