{"id":708834,"date":"2025-08-27T16:18:47","date_gmt":"2025-08-27T13:18:47","guid":{"rendered":"https:\/\/roveyayinevi.com.tr\/index.php\/urun\/zamanin-izinde\/"},"modified":"2026-04-16T02:17:34","modified_gmt":"2026-04-15T23:17:34","slug":"zamanin-izinde","status":"publish","type":"product","link":"https:\/\/roveyayinevi.com.tr\/index.php\/urun\/zamanin-izinde\/","title":{"rendered":"Zaman\u0131n \u0130zinde"},"content":{"rendered":"<p>Ayr\u0131nt\u0131 Yay\u0131nlar\u0131\u2019n\u0131n 1000. kitab\u0131: Zaman\u0131n \u0130zinde. Son y\u00fcz y\u0131l\u0131n T\u00fcrkiyesini foto\u011fraflar ve yaz\u0131lar e\u015fli\u011finde sunan bu kitap, yay\u0131n d\u00fcnyam\u0131zda daha \u00f6nce \u00f6rne\u011fi bulunmayan bir eser. Zaman\u0131n \u0130zinde, ge\u00e7mi\u015fin izleri ile gelece\u011fin d\u00fc\u015fleri aras\u0131nda mekik dokuyan bir \u00e7al\u0131\u015fma. Enis R\u0131za\u2019n\u0131n se\u00e7ti\u011fi ve uzun bir y\u00fczy\u0131ldan par\u00e7alar yans\u0131tan foto\u011fraflara Ercan Kesal kendi hayat\u0131ndan esinlerle metinler yazd\u0131, s\u0131radan insanlar\u0131n hayallerini toplumun aynas\u0131na yerle\u015ftirdi. D\u00fcn ge\u00e7mi\u015fte kal\u0131rken, yar\u0131na yeni y\u00fczler ve yeni s\u00f6zlerle var\u0131l\u0131r. Ama her y\u00fcz d\u00fcn\u00fcn ac\u0131lar\u0131n\u0131 k\u0131r\u0131\u015f\u0131klarla ta\u015f\u0131r ve her s\u00f6z\u00fcn ba\u011fr\u0131nda da yar\u0131m kalm\u0131\u015f hayaller sakl\u0131d\u0131r. Ge\u00e7mi\u015f bitmemi\u015ftir, \u015fark\u0131lar\u0131n, resimlerin ve umutlar\u0131n i\u00e7inde sonsuz bir nehir gibi yenilenerek akar. Zaman\u0131n \u0130zinde, bizi o nehrin sert k\u0131vr\u0131mlar\u0131na g\u00f6t\u00fcr\u00fcr ve \u0131\u015f\u0131\u011f\u0131n suda parlad\u0131\u011f\u0131 k\u0131sa anlara dald\u0131r\u0131p \u00e7\u0131kar\u0131r.<\/p>\n","protected":false},"excerpt":{"rendered":"<p>Ayr\u0131nt\u0131 Yay\u0131nlar\u0131\u2019n\u0131n 1000. kitab\u0131: Zaman\u0131n \u0130zinde. Son y\u00fcz y\u0131l\u0131n T\u00fcrkiyesini foto\u011fraflar ve yaz\u0131lar e\u015fli\u011finde sunan bu kitap, yay\u0131n d\u00fcnyam\u0131zda daha \u00f6nce \u00f6rne\u011fi bulunmayan bir eser. Zaman\u0131n<span class=\"excerpt-hellip\"> [\u2026]<\/span><\/p>\n","protected":false},"featured_media":0,"template":"","meta":{"_monsterinsights_skip_tracking":false,"_monsterinsights_sitenote_active":false,"_monsterinsights_sitenote_note":"","_monsterinsights_sitenote_category":0},"product_brand":[],"product_cat":[12409,12408],"product_tag":[],"class_list":{"0":"post-708834","1":"product","2":"type-product","3":"status-publish","5":"product_cat-fotograf-sinema-tiyatro","6":"product_cat-sanat","7":"pa_cilt-ciltsiz","8":"pa_tur-kitap","9":"pa_yayinevi-ayrinti-yayinlari","10":"pa_yazar-ercan-kesal","12":"first","13":"instock","14":"sale","15":"shipping-taxable","16":"purchasable","17":"product-type-simple"},"_links":{"self":[{"href":"https:\/\/roveyayinevi.com.tr\/index.php\/wp-json\/wp\/v2\/product\/708834","targetHints":{"allow":["GET"]}}],"collection":[{"href":"https:\/\/roveyayinevi.com.tr\/index.php\/wp-json\/wp\/v2\/product"}],"about":[{"href":"https:\/\/roveyayinevi.com.tr\/index.php\/wp-json\/wp\/v2\/types\/product"}],"wp:attachment":[{"href":"https:\/\/roveyayinevi.com.tr\/index.php\/wp-json\/wp\/v2\/media?parent=708834"}],"wp:term":[{"taxonomy":"product_brand","embeddable":true,"href":"https:\/\/roveyayinevi.com.tr\/index.php\/wp-json\/wp\/v2\/product_brand?post=708834"},{"taxonomy":"product_cat","embeddable":true,"href":"https:\/\/roveyayinevi.com.tr\/index.php\/wp-json\/wp\/v2\/product_cat?post=708834"},{"taxonomy":"product_tag","embeddable":true,"href":"https:\/\/roveyayinevi.com.tr\/index.php\/wp-json\/wp\/v2\/product_tag?post=708834"}],"curies":[{"name":"wp","href":"https:\/\/api.w.org\/{rel}","templated":true}]}}