{"id":708752,"date":"2025-08-27T16:18:05","date_gmt":"2025-08-27T13:18:05","guid":{"rendered":"https:\/\/roveyayinevi.com.tr\/index.php\/urun\/insan-ve-yurttas-haklari-bilgidergesi-uzerine\/"},"modified":"2026-04-16T02:17:33","modified_gmt":"2026-04-15T23:17:33","slug":"insan-ve-yurttas-haklari-bilgidergesi-uzerine","status":"publish","type":"product","link":"https:\/\/roveyayinevi.com.tr\/index.php\/urun\/insan-ve-yurttas-haklari-bilgidergesi-uzerine\/","title":{"rendered":"\u0130nsan ve Yurtta\u015f Haklar\u0131 Bilgidergesi \u00dczerine"},"content":{"rendered":"<p>\u201c1789 Frans\u0131z Devrimi\u2019nin yayg\u0131n \u015fekilde Rousseaucu yakla\u015f\u0131mdan beslenmi\u015f oldu\u011fu ger\u00e7e\u011fine ra\u011fmen, Frans\u0131z \u0130nsan ve Yurtta\u015f Haklar\u0131 Bildirgesi\u2019nin beklenmedik surette Amerikan hak bildirgelerinin ve dolay\u0131s\u0131yla Hollanda ve \u0130ngiltere deneyimlerinin izini takip etti\u011fi g\u00f6r\u00fclmektedir. Zira, Amerikan hak bildirgelerinin 1215 Magna Carta&#8217;dan ba\u015flayarak ortaya \u00e7\u0131km\u0131\u015f bir dizi \u0130ngiliz hak bildirgesinin gelene\u011fine dayand\u0131\u011f\u0131 dikkate al\u0131nmal\u0131d\u0131r. Georg Jellinek&#8217;in elinizdeki k\u00fc\u00e7\u00fck, ancak \u00e7ok \u00f6nemli eseri, bu iddiay\u0131 dile getiren ilk \u00e7al\u0131\u015fmad\u0131r. Buradaki dikkati \u00e7eken husus, birbirine d\u00fc\u015fman \u00fclkelerin birbirlerinin deneyimine ortak olma paradokslar\u0131n\u0131n, ancak burjuva devrimlerinin, ulusal plandaki siyasal gelenekleri a\u015fan \u015fekilde, yeni bir evrenselli\u011fin ilk basama\u011f\u0131n\u0131 olu\u015fturdu\u011funun anla\u015f\u0131lmas\u0131yla a\u015f\u0131labilir oldu\u011fudur. Hukuk ve politika alanlar\u0131ndaki deneyimlerin farkl\u0131 \u00fclkelerin devrimci liderleri ve s\u0131n\u0131flar\u0131nca payla\u015f\u0131lmas\u0131 ve ortak de\u011ferlere d\u00f6n\u00fc\u015ft\u00fcr\u00fclmesi modernle\u015fmenin \u00e7ok \u00f6nemli bir boyutudur.\u201d-Prof. Dr. Mehmet Tevfik \u00d6zcan- <\/p>\n","protected":false},"excerpt":{"rendered":"<p>\u201c1789 Frans\u0131z Devrimi\u2019nin yayg\u0131n \u015fekilde Rousseaucu yakla\u015f\u0131mdan beslenmi\u015f oldu\u011fu ger\u00e7e\u011fine ra\u011fmen, Frans\u0131z \u0130nsan ve Yurtta\u015f Haklar\u0131 Bildirgesi\u2019nin beklenmedik surette Amerikan hak bildirgelerinin ve dolay\u0131s\u0131yla Hollanda ve<span class=\"excerpt-hellip\"> [\u2026]<\/span><\/p>\n","protected":false},"featured_media":0,"template":"","meta":{"_monsterinsights_skip_tracking":false,"_monsterinsights_sitenote_active":false,"_monsterinsights_sitenote_note":"","_monsterinsights_sitenote_category":0},"product_brand":[],"product_cat":[15350,17602],"product_tag":[],"class_list":{"0":"post-708752","1":"product","2":"type-product","3":"status-publish","5":"product_cat-hukuk","6":"product_cat-hukuk-uzerine","7":"pa_cilt-ciltsiz","8":"pa_tur-kitap","9":"pa_yayinevi-pinhan-yayincilik","10":"pa_yazar-georg-jellinek","12":"first","13":"instock","14":"sale","15":"shipping-taxable","16":"purchasable","17":"product-type-simple"},"_links":{"self":[{"href":"https:\/\/roveyayinevi.com.tr\/index.php\/wp-json\/wp\/v2\/product\/708752","targetHints":{"allow":["GET"]}}],"collection":[{"href":"https:\/\/roveyayinevi.com.tr\/index.php\/wp-json\/wp\/v2\/product"}],"about":[{"href":"https:\/\/roveyayinevi.com.tr\/index.php\/wp-json\/wp\/v2\/types\/product"}],"wp:attachment":[{"href":"https:\/\/roveyayinevi.com.tr\/index.php\/wp-json\/wp\/v2\/media?parent=708752"}],"wp:term":[{"taxonomy":"product_brand","embeddable":true,"href":"https:\/\/roveyayinevi.com.tr\/index.php\/wp-json\/wp\/v2\/product_brand?post=708752"},{"taxonomy":"product_cat","embeddable":true,"href":"https:\/\/roveyayinevi.com.tr\/index.php\/wp-json\/wp\/v2\/product_cat?post=708752"},{"taxonomy":"product_tag","embeddable":true,"href":"https:\/\/roveyayinevi.com.tr\/index.php\/wp-json\/wp\/v2\/product_tag?post=708752"}],"curies":[{"name":"wp","href":"https:\/\/api.w.org\/{rel}","templated":true}]}}