{"id":708660,"date":"2025-08-27T16:17:19","date_gmt":"2025-08-27T13:17:19","guid":{"rendered":"https:\/\/roveyayinevi.com.tr\/index.php\/urun\/istanbul-sehir-tarihi-ve-mimarisi\/"},"modified":"2026-04-16T02:17:31","modified_gmt":"2026-04-15T23:17:31","slug":"istanbul-sehir-tarihi-ve-mimarisi","status":"publish","type":"product","link":"https:\/\/roveyayinevi.com.tr\/index.php\/urun\/istanbul-sehir-tarihi-ve-mimarisi\/","title":{"rendered":"\u0130stanbul \u015eehir Tarihi ve Mimarisi"},"content":{"rendered":"<p>K\u00e1roly K\u00f3s\u2019un en \u00f6nemli amac\u0131 Avrupa sanat tarihi yaz\u0131n\u0131nda tam olarak ele al\u0131namayan Osmanl\u0131-T\u00fcrk sanat tarihinin \u00f6z\u00fcn\u00fc kavrayabilmekti. Sanat tarihinin yaz\u0131l\u0131 kay\u0131tlar\u0131 do\u011frultusunda \u015fehirde iz s\u00fcrd\u00fc ve bunu \u00fc\u00e7 gruba ay\u0131rarak ger\u00e7ekle\u015ftirdi. Bunlardan ilki Bizans kiliseleri ve Osmanl\u0131 camiileri idi. \u0130kinci grubu mezarl\u0131klar ve t\u00fcrbeler olu\u015fturuyordu. \u00dc\u00e7\u00fcnc\u00fc ve son grubu ise Konstantinopolis\u2019te ve daha sonraki \u0130stanbul\u2019da bulunan sivil yap\u0131lar olu\u015fturuyordu. K\u00f3s burada vurguyu soka\u011fa, \u015fehirle\u015fmeye ve \u015fehir d\u00fczenlemecili\u011fine yapmak niyetindeydi. Bu ama\u00e7la bu konunun tarihsel geli\u015fimi, ge\u00e7mi\u015fi ve gelece\u011fi \u00fczerine kurumumuz i\u00e7in daha geni\u015f, foto\u011fraflarla da desteklenen bir ara\u015ft\u0131rma ger\u00e7ekle\u015ftirmek istiyordu. Yang\u0131nda yok olan \u0130stanbul semti i\u00e7in yeniden in\u015fa program\u0131 \u00fczerine haz\u0131rlayaca\u011f\u0131 plan tasla\u011f\u0131n\u0131 da bu \u00e7al\u0131\u015fmas\u0131na eklemeyi d\u00fc\u015f\u00fcn\u00fcyordu. K\u00e1roly K\u00f3s, ulusal tarz ve bi\u00e7imlere b\u00fcy\u00fck de\u011fer veren bir mimar olarak tan\u0131n\u0131r. Yani \u015fu hususta emin olunabilir ki, onun taraf\u0131ndan haz\u0131rlanacak olan \u015fehir planlar\u0131 y\u00f6reye \u00f6zg\u00fc \u00f6zellikleri ve ulusal gelenek ve de\u011ferleri i\u00e7eren planlar olacakt\u0131r. B\u00f6ylece \u0130stanbul da, sava\u015f \u00f6ncesi burada faaliyet g\u00f6steren Frans\u0131z mimarlar\u0131n yapmak istedi\u011fi gibi Avrupa\u00ee geli\u015fim i\u00e7inde yava\u015f yava\u015f standart devasa binalar\u0131n doldurdu\u011fu bir \u015fehir olmaktan kurtulacakt\u0131r. K\u00f3s taraf\u0131ndan haz\u0131rlanan bu \u00e7al\u0131\u015fma yay\u0131nland\u0131\u011f\u0131nda kurumumuzu \u0130stanbul\u2019a ve T\u00fcrklerin ulusal \u00e7\u0131karlar\u0131na s\u0131ms\u0131k\u0131 ba\u011flayan bir halka olacakt\u0131r. Bu nedenle de Macarca ve Almanca yay\u0131nlanmas\u0131n\u0131n yan\u0131 s\u0131ra T\u00fcrk\u00e7e olarak da yay\u0131nlan\u0131yoruz. Antal Hekler Kostantinopolis Macar Bilim Enstit\u00fcs\u00fc M\u00fcd\u00fcr\u00fc <\/p>\n","protected":false},"excerpt":{"rendered":"<p>K\u00e1roly K\u00f3s\u2019un en \u00f6nemli amac\u0131 Avrupa sanat tarihi yaz\u0131n\u0131nda tam olarak ele al\u0131namayan Osmanl\u0131-T\u00fcrk sanat tarihinin \u00f6z\u00fcn\u00fc kavrayabilmekti. Sanat tarihinin yaz\u0131l\u0131 kay\u0131tlar\u0131 do\u011frultusunda \u015fehirde iz s\u00fcrd\u00fc<span class=\"excerpt-hellip\"> [\u2026]<\/span><\/p>\n","protected":false},"featured_media":0,"template":"","meta":{"_monsterinsights_skip_tracking":false,"_monsterinsights_sitenote_active":false,"_monsterinsights_sitenote_note":"","_monsterinsights_sitenote_category":0},"product_brand":[],"product_cat":[12304,13650],"product_tag":[],"class_list":{"0":"post-708660","1":"product","2":"type-product","3":"status-publish","5":"product_cat-tarih","6":"product_cat-turk-tarihi-arastirmalari","7":"pa_cilt-ciltsiz","8":"pa_tur-kitap","9":"pa_yayinevi-yeditepe-yayinevi","10":"pa_yazar-karoly-kos","12":"first","13":"instock","14":"sale","15":"shipping-taxable","16":"purchasable","17":"product-type-simple"},"_links":{"self":[{"href":"https:\/\/roveyayinevi.com.tr\/index.php\/wp-json\/wp\/v2\/product\/708660","targetHints":{"allow":["GET"]}}],"collection":[{"href":"https:\/\/roveyayinevi.com.tr\/index.php\/wp-json\/wp\/v2\/product"}],"about":[{"href":"https:\/\/roveyayinevi.com.tr\/index.php\/wp-json\/wp\/v2\/types\/product"}],"wp:attachment":[{"href":"https:\/\/roveyayinevi.com.tr\/index.php\/wp-json\/wp\/v2\/media?parent=708660"}],"wp:term":[{"taxonomy":"product_brand","embeddable":true,"href":"https:\/\/roveyayinevi.com.tr\/index.php\/wp-json\/wp\/v2\/product_brand?post=708660"},{"taxonomy":"product_cat","embeddable":true,"href":"https:\/\/roveyayinevi.com.tr\/index.php\/wp-json\/wp\/v2\/product_cat?post=708660"},{"taxonomy":"product_tag","embeddable":true,"href":"https:\/\/roveyayinevi.com.tr\/index.php\/wp-json\/wp\/v2\/product_tag?post=708660"}],"curies":[{"name":"wp","href":"https:\/\/api.w.org\/{rel}","templated":true}]}}