{"id":708638,"date":"2025-08-27T16:17:08","date_gmt":"2025-08-27T13:17:08","guid":{"rendered":"https:\/\/roveyayinevi.com.tr\/index.php\/urun\/paris-komununun-sesleri\/"},"modified":"2026-04-16T02:17:30","modified_gmt":"2026-04-15T23:17:30","slug":"paris-komununun-sesleri","status":"publish","type":"product","link":"https:\/\/roveyayinevi.com.tr\/index.php\/urun\/paris-komununun-sesleri\/","title":{"rendered":"Paris Kom\u00fcn\u00fcn\u00fcn Sesleri"},"content":{"rendered":"<p>\u201c1871 Paris Kom\u00fcn\u00fc, \u00e7o\u011funlukla kat\u0131l\u0131mc\u0131lar\u0131n kendi deneyimleriyle ilgisi olmayan, bir\u00e7ok ideolojik tart\u0131\u015fman\u0131n konusu oldu. Bu hayati \u00f6nemdeki haftalarda ger\u00e7ekten ne oldu\u011funu \u00f6\u011frenmek istiyorsan\u0131z, bu tan\u0131klar\u0131n anlat\u0131mlar\u0131n\u0131 okumak zorunludur.\u201d\u2014Gabriel Kuhn \u0130\u015f\u00e7i s\u0131n\u0131f\u0131n\u0131n ilk iktidar deneyimi olan 1871 Paris Kom\u00fcn\u00fc, say\u0131s\u0131z kere yorumland\u0131; d\u00fc\u015fmanlar\u0131 taraf\u0131ndan ayaktak\u0131m\u0131n\u0131n kanl\u0131 bak\u00fcs \u015fenli\u011fi olarak k\u00f6t\u00fclenirken, destek\u00e7ileri taraf\u0131ndan eyleme ge\u00e7mi\u015f proleter anar\u015fizmin bir \u00f6rne\u011fi olarak \u00f6v\u00fcld\u00fc. Hem \u00f6yk\u00fcn\u00fclecek bir model hem de ka\u00e7\u0131n\u0131lacak bir hata olarak de\u011ferlendirildi. B\u00fct\u00fcn de\u011ferlendirmeler tarafl\u0131d\u0131r. Tarih\u00e7iler, i\u015f\u00e7i s\u0131n\u0131f\u0131n\u0131n \u00fc\u00e7 ayl\u0131k iktidar\u0131n\u0131, zamansal ve mekansal olarak uzak olan kendi merceklerinden ge\u00e7irip inceliyorlar. Paris Kom\u00fcn\u00fcn\u00fcn Sesleri farkl\u0131 bir yakla\u015f\u0131m sergiliyor.  Bu kitapta yaln\u0131zca 1871 bahar\u0131nda mevcut olanlar\u0131n, Kom\u00fcn s\u00fcresince ya\u015fayan ve ona kat\u0131lanlar\u0131n sesi var.Paris Kom\u00fcn\u00fcn\u00fcn canl\u0131 bir bas\u0131n\u0131 vard\u0131 ve bu bas\u0131n burada en \u00f6nemli gazetesiyle, birinci enternasyonal \u00fcyesi  Jules Vall\u00e8s\u2019\u0131n Halk\u0131n \u00c7\u0131\u011fl\u0131\u011f\u0131 ile temsil ediliyor. Herhangi me\u015fru bir h\u00fck\u00fcmet gibi, Paris Kom\u00fcn\u00fc de meclis oturumlar\u0131 d\u00fczenliyordu ve ate\u015fli, \u00e7eki\u015fmeli tart\u0131\u015fmalar\u0131n g\u00fcnl\u00fck tutanaklar\u0131n\u0131, diktat\u00f6rl\u00fck su\u00e7lamas\u0131n\u0131 yalanlayacak bir \u015fekilde yay\u0131nl\u0131yordu. Bu derlemede, Kom\u00fcn\u00fcn, yenilgiden yaln\u0131zca birka\u00e7 g\u00fcn \u00f6nceki, Kamu G\u00fcvenli\u011fi Komitesi kurulmas\u0131na ve Kom\u00fcn taraf\u0131ndan tutulan, nihayetinde \u00f6ld\u00fcr\u00fclecek olan rehinelerin kaderine ili\u015fkin g\u00f6r\u00fc\u015fmenin tutanaklar\u0131 da yer al\u0131yor.Son olarak, Paris Kom\u00fcn\u00fcn\u00fcn Sesleri, olaydan yirmi y\u0131l sonra La Revue Blanche taraf\u0131ndan ger\u00e7ekle\u015ftirilen, kat\u0131l\u0131mc\u0131lardan Paris Kom\u00fcn\u00fcn\u00fcn ba\u015far\u0131lar\u0131n\u0131 ve hatalar\u0131n\u0131 de\u011ferlendirmelerini istedi\u011fi entelekt\u00fcel incelemeden bir se\u00e7kiyi de i\u00e7eriyor. Bu b\u00f6l\u00fcm, bu \u00e7\u0131\u011f\u0131r a\u00e7an olaya ili\u015fkin etkileyici bir \u00e7e\u015fitlilikteki fikirleri sunuyor. <\/p>\n","protected":false},"excerpt":{"rendered":"<p>\u201c1871 Paris Kom\u00fcn\u00fc, \u00e7o\u011funlukla kat\u0131l\u0131mc\u0131lar\u0131n kendi deneyimleriyle ilgisi olmayan, bir\u00e7ok ideolojik tart\u0131\u015fman\u0131n konusu oldu. Bu hayati \u00f6nemdeki haftalarda ger\u00e7ekten ne oldu\u011funu \u00f6\u011frenmek istiyorsan\u0131z, bu tan\u0131klar\u0131n anlat\u0131mlar\u0131n\u0131<span class=\"excerpt-hellip\"> [\u2026]<\/span><\/p>\n","protected":false},"featured_media":0,"template":"","meta":{"_monsterinsights_skip_tracking":false,"_monsterinsights_sitenote_active":false,"_monsterinsights_sitenote_note":"","_monsterinsights_sitenote_category":0},"product_brand":[],"product_cat":[12540,12291],"product_tag":[],"class_list":{"0":"post-708638","1":"product","2":"type-product","3":"status-publish","5":"product_cat-bilim-kurgu","6":"product_cat-edebiyat","7":"pa_cilt-ciltsiz","8":"pa_tur-kitap","9":"pa_yayinevi-kafka-yayinevi","10":"pa_yazar-mitchell-abidor","12":"first","13":"instock","14":"sale","15":"shipping-taxable","16":"purchasable","17":"product-type-simple"},"_links":{"self":[{"href":"https:\/\/roveyayinevi.com.tr\/index.php\/wp-json\/wp\/v2\/product\/708638","targetHints":{"allow":["GET"]}}],"collection":[{"href":"https:\/\/roveyayinevi.com.tr\/index.php\/wp-json\/wp\/v2\/product"}],"about":[{"href":"https:\/\/roveyayinevi.com.tr\/index.php\/wp-json\/wp\/v2\/types\/product"}],"wp:attachment":[{"href":"https:\/\/roveyayinevi.com.tr\/index.php\/wp-json\/wp\/v2\/media?parent=708638"}],"wp:term":[{"taxonomy":"product_brand","embeddable":true,"href":"https:\/\/roveyayinevi.com.tr\/index.php\/wp-json\/wp\/v2\/product_brand?post=708638"},{"taxonomy":"product_cat","embeddable":true,"href":"https:\/\/roveyayinevi.com.tr\/index.php\/wp-json\/wp\/v2\/product_cat?post=708638"},{"taxonomy":"product_tag","embeddable":true,"href":"https:\/\/roveyayinevi.com.tr\/index.php\/wp-json\/wp\/v2\/product_tag?post=708638"}],"curies":[{"name":"wp","href":"https:\/\/api.w.org\/{rel}","templated":true}]}}