{"id":708571,"date":"2025-08-27T16:15:59","date_gmt":"2025-08-27T13:15:59","guid":{"rendered":"https:\/\/roveyayinevi.com.tr\/index.php\/urun\/muzeyyen-senar-efsanesi\/"},"modified":"2026-04-16T02:17:29","modified_gmt":"2026-04-15T23:17:29","slug":"muzeyyen-senar-efsanesi","status":"publish","type":"product","link":"https:\/\/roveyayinevi.com.tr\/index.php\/urun\/muzeyyen-senar-efsanesi\/","title":{"rendered":"M\u00fczeyyen Senar Efsanesi"},"content":{"rendered":"<p>Radi Dikici, Cumhuriyet\u2019in Divas\u0131 M\u00fczeyyen Senar\u2019dan sonra bu yeni kitab\u0131nda okurlar\u0131na, bug\u00fcne kadar hi\u00e7 bilmedikleri \u201cinsan\u201d M\u00fczeyyen Senar\u2019\u0131 tan\u0131t\u0131yor. Hatalar\u0131yla ve sevaplar\u0131yla\u2026 \u201cVefat etti\u011fi tarihe kadar M\u00fczeyyen Senar\u2019la tam 35 y\u0131l \u00e7ok yak\u0131nd\u0131k. Onunla birlikte ya\u015fad\u0131\u011f\u0131m\u0131z ve \u015fahit oldu\u011fumuz pek \u00e7ok olay oldu. Bunlardan baz\u0131lar\u0131n\u0131 onun hakk\u0131nda yazd\u0131\u011f\u0131m bir \u00f6nceki biyografi kitab\u0131na koyamazd\u0131k. Kendisine bunu ifade etti\u011fimde, \u2018Madem ki \u00f6yle, 10 y\u0131l ge\u00e7ince bunlar\u0131 yazmal\u0131s\u0131n; \u00f6l\u00fcr m\u00fcy\u00fcm kal\u0131r m\u0131y\u0131m bilmem ama, bu sana vasiyetim,\u2019 dedi. \u015eimdi bu vasiyeti yerine getiriyorum.\u201d \u2014 Radi D\u0130K\u0130C\u0130 <\/p>\n","protected":false},"excerpt":{"rendered":"<p>Radi Dikici, Cumhuriyet\u2019in Divas\u0131 M\u00fczeyyen Senar\u2019dan sonra bu yeni kitab\u0131nda okurlar\u0131na, bug\u00fcne kadar hi\u00e7 bilmedikleri \u201cinsan\u201d M\u00fczeyyen Senar\u2019\u0131 tan\u0131t\u0131yor. Hatalar\u0131yla ve sevaplar\u0131yla\u2026 \u201cVefat etti\u011fi tarihe kadar<span class=\"excerpt-hellip\"> [\u2026]<\/span><\/p>\n","protected":false},"featured_media":0,"template":"","meta":{"_monsterinsights_skip_tracking":false,"_monsterinsights_sitenote_active":false,"_monsterinsights_sitenote_note":"","_monsterinsights_sitenote_category":0},"product_brand":[],"product_cat":[14009,12291],"product_tag":[],"class_list":{"0":"post-708571","1":"product","2":"type-product","3":"status-publish","5":"product_cat-biyografi-otobiyografi-edebiyat","6":"product_cat-edebiyat","7":"pa_cilt-ciltsiz","8":"pa_tur-kitap","9":"pa_yayinevi-remzi-kitabevi","10":"pa_yazar-radi-dikici","12":"first","13":"instock","14":"sale","15":"shipping-taxable","16":"purchasable","17":"product-type-simple"},"_links":{"self":[{"href":"https:\/\/roveyayinevi.com.tr\/index.php\/wp-json\/wp\/v2\/product\/708571","targetHints":{"allow":["GET"]}}],"collection":[{"href":"https:\/\/roveyayinevi.com.tr\/index.php\/wp-json\/wp\/v2\/product"}],"about":[{"href":"https:\/\/roveyayinevi.com.tr\/index.php\/wp-json\/wp\/v2\/types\/product"}],"wp:attachment":[{"href":"https:\/\/roveyayinevi.com.tr\/index.php\/wp-json\/wp\/v2\/media?parent=708571"}],"wp:term":[{"taxonomy":"product_brand","embeddable":true,"href":"https:\/\/roveyayinevi.com.tr\/index.php\/wp-json\/wp\/v2\/product_brand?post=708571"},{"taxonomy":"product_cat","embeddable":true,"href":"https:\/\/roveyayinevi.com.tr\/index.php\/wp-json\/wp\/v2\/product_cat?post=708571"},{"taxonomy":"product_tag","embeddable":true,"href":"https:\/\/roveyayinevi.com.tr\/index.php\/wp-json\/wp\/v2\/product_tag?post=708571"}],"curies":[{"name":"wp","href":"https:\/\/api.w.org\/{rel}","templated":true}]}}