{"id":708563,"date":"2025-08-27T16:15:55","date_gmt":"2025-08-27T13:15:55","guid":{"rendered":"https:\/\/roveyayinevi.com.tr\/index.php\/urun\/dugun-alayi\/"},"modified":"2026-04-16T02:17:28","modified_gmt":"2026-04-15T23:17:28","slug":"dugun-alayi","status":"publish","type":"product","link":"https:\/\/roveyayinevi.com.tr\/index.php\/urun\/dugun-alayi\/","title":{"rendered":"D\u00fc\u011f\u00fcn Alay\u0131"},"content":{"rendered":"<p>Ni\u015fan, k\u0131na, d\u00fc\u011f\u00fcn, \u00e7eyiz, boh\u00e7a; kavun, d\u00fcr\u00fcm, eri\u015fte, etli bacak, \u00f6r\u00fcmcek ve daha neler neler&#8230; On ya\u015f\u0131ndaki \u015eebo\u2019nun akl\u0131 b\u00fcy\u00fcklerin i\u015fine hi\u00e7 ermiyor; hala k\u0131z\u0131 Kader abla evlenmek \u00fczereyken kafas\u0131 da iyice kar\u0131\u015f\u0131yor. Herkeste bir tela\u015f! Gelenek ve g\u00f6renekler birbiri ard\u0131na s\u0131ralan\u0131yor, aileye yeni akrabalar kat\u0131l\u0131yor. D\u00fc\u011f\u00fcn alay\u0131, Edirne\u2019den Kayseri\u2019ye uzan\u0131rken acaba bu halay\u0131n ucu nerede son buluyor? Funda \u00d6zlem \u015eeran, gelenek ve g\u00f6renekleri anlamaya \u00e7al\u0131\u015fan bir \u00e7ocu\u011fun g\u00f6z\u00fcnden b\u00fcy\u00fcklerin d\u00fcnyas\u0131na mizahi bir bak\u0131\u015f f\u0131rlat\u0131yor. <\/p>\n","protected":false},"excerpt":{"rendered":"<p>Ni\u015fan, k\u0131na, d\u00fc\u011f\u00fcn, \u00e7eyiz, boh\u00e7a; kavun, d\u00fcr\u00fcm, eri\u015fte, etli bacak, \u00f6r\u00fcmcek ve daha neler neler&#8230; On ya\u015f\u0131ndaki \u015eebo\u2019nun akl\u0131 b\u00fcy\u00fcklerin i\u015fine hi\u00e7 ermiyor; hala k\u0131z\u0131 Kader<span class=\"excerpt-hellip\"> [\u2026]<\/span><\/p>\n","protected":false},"featured_media":0,"template":"","meta":{"_monsterinsights_skip_tracking":false,"_monsterinsights_sitenote_active":false,"_monsterinsights_sitenote_note":"","_monsterinsights_sitenote_category":0},"product_brand":[],"product_cat":[12803,12291],"product_tag":[],"class_list":{"0":"post-708563","1":"product","2":"type-product","3":"status-publish","5":"product_cat-aksiyon-macera","6":"product_cat-edebiyat","7":"pa_cilt-ciltsiz","8":"pa_tur-kitap","9":"pa_yayinevi-altin-kitaplar-cocuk-kitaplari","10":"pa_yazar-funda-ozlem-seran","12":"first","13":"instock","14":"sale","15":"shipping-taxable","16":"purchasable","17":"product-type-simple"},"_links":{"self":[{"href":"https:\/\/roveyayinevi.com.tr\/index.php\/wp-json\/wp\/v2\/product\/708563","targetHints":{"allow":["GET"]}}],"collection":[{"href":"https:\/\/roveyayinevi.com.tr\/index.php\/wp-json\/wp\/v2\/product"}],"about":[{"href":"https:\/\/roveyayinevi.com.tr\/index.php\/wp-json\/wp\/v2\/types\/product"}],"wp:attachment":[{"href":"https:\/\/roveyayinevi.com.tr\/index.php\/wp-json\/wp\/v2\/media?parent=708563"}],"wp:term":[{"taxonomy":"product_brand","embeddable":true,"href":"https:\/\/roveyayinevi.com.tr\/index.php\/wp-json\/wp\/v2\/product_brand?post=708563"},{"taxonomy":"product_cat","embeddable":true,"href":"https:\/\/roveyayinevi.com.tr\/index.php\/wp-json\/wp\/v2\/product_cat?post=708563"},{"taxonomy":"product_tag","embeddable":true,"href":"https:\/\/roveyayinevi.com.tr\/index.php\/wp-json\/wp\/v2\/product_tag?post=708563"}],"curies":[{"name":"wp","href":"https:\/\/api.w.org\/{rel}","templated":true}]}}