{"id":708455,"date":"2025-08-27T16:15:01","date_gmt":"2025-08-27T13:15:01","guid":{"rendered":"https:\/\/roveyayinevi.com.tr\/index.php\/urun\/turkun-inanci\/"},"modified":"2026-04-16T02:16:55","modified_gmt":"2026-04-15T23:16:55","slug":"turkun-inanci","status":"publish","type":"product","link":"https:\/\/roveyayinevi.com.tr\/index.php\/urun\/turkun-inanci\/","title":{"rendered":"T\u00fcrk\u00fcn \u0130nanc\u0131"},"content":{"rendered":"<p>Ge\u00e7mi\u015ften g\u00fcn\u00fcm\u00fcze T\u00fcrklerdeki Tanr\u0131 inanc\u0131T\u00fcrkler binlerce y\u0131l Tanr\u0131\u2019ya inand\u0131lar, erdemli ya\u015fad\u0131lar. Bilimin yolundan y\u00fcr\u00fcd\u00fcler. T\u00fcrk olmak demek, Tanr\u0131\u2019ya yak\u0131n olmak, insana ve do\u011faya sevgiyle yakla\u015fmak, iyi insan olmak demektir.Deneyimli siyaset\u00e7i, yazar Nam\u0131k Kemal Zeybek bu kitab\u0131nda eski T\u00fcrklerdeki Tanr\u0131 inanc\u0131n\u0131 mercek alt\u0131na al\u0131yor. T\u00fcrklerin en eski inan\u00e7lar\u0131n\u0131n Varl\u0131k Birli\u011fi\u2019ne dayand\u0131\u011f\u0131, inanc\u0131n temelinde bu bilincin oldu\u011fu ger\u00e7e\u011finden yola \u00e7\u0131k\u0131yor ve T\u00fcrk tarihinin bilinmeyenlerini ortaya koyuyor.\u201c\u015eimdi bize d\u00fc\u015fen derin tarihimizden alaca\u011f\u0131m\u0131z \u00f6zg\u00fcven ve g\u00fc\u00e7le \u00e7al\u0131\u015fmak, yeniden T\u00fcrkle\u015fmek ve bilimi yol g\u00f6sterici yap\u0131p gelece\u011fe y\u00f6nelmek olmal\u0131d\u0131r\u201d diyen Nam\u0131k Kemal Zeybek, T\u00fcrklerin k\u00f6keni ve M\u00fcsl\u00fcmanl\u0131k \u00f6ncesi inan\u00e7lar\u0131 hakk\u0131nda do\u011fru bilinen pek \u00e7ok yanl\u0131\u015fa da \u0131\u015f\u0131k tutuyor.Yazar Hakk\u0131ndaNam\u0131k Kemal Zeybek, 1944 y\u0131l\u0131nda Bayburt\u2019un Kitre k\u00f6y\u00fcnde do\u011fdu. Ankara \u00dcniversitesi Hukuk Fak\u00fcltesi\u2019ni bitirdi. T\u00fcrkiye\u2019nin \u00e7e\u015fitli il\u00e7elerinde on y\u0131l kaymakaml\u0131k, 1977\u2019de G\u00fcmr\u00fck-Tekel Bakanl\u0131\u011f\u0131\u2019nda m\u00fcste\u015farl\u0131k g\u00f6revlerinde bulundu. 1987\u2019de Anavatan Partisi\u2019nden \u0130stanbul milletvekili se\u00e7ildi. 1989-1991 aras\u0131nda \u00d6zal H\u00fck\u00fcmeti d\u00f6neminde kurulan K\u00fclt\u00fcr Bakanl\u0131\u011f\u0131\u2019n\u0131n ilk bakan\u0131 oldu. 1992-1994 y\u0131llar\u0131nda b\u00fcy\u00fckel\u00e7i unvan\u0131yla Ba\u015fbakan S\u00fcleyman Demirel\u2019in ba\u015fbakanl\u0131k ba\u015fdan\u0131\u015fmanl\u0131\u011f\u0131n\u0131 yapt\u0131. T\u00fcrkiye ile T\u00fcrk d\u00fcnyas\u0131n\u0131n koordinasyonunu ger\u00e7ekle\u015ftirdi. 1995\u2019te DYP milletvekili olarak tekrar Meclis\u2019e girdi ve 1997\u2019ye kadar devlet bakanl\u0131\u011f\u0131 yapt\u0131. Halen Ahmet Yesevi Vakf\u0131, Ahmet Yesevi \u00dcniversitesi\u2019ne Yard\u0131m Vakf\u0131 Ba\u015fkanl\u0131\u011f\u0131 g\u00f6revlerini y\u00fcr\u00fcten Nam\u0131k Kemal Zeybek\u2019in T\u00fcrk D\u00fcnyas\u0131 Deyince, Siyaset Yolu ve Bilgi \u00c7a\u011f\u0131nda T\u00fcrk\u00e7\u00fcl\u00fc\u011f\u00fcn Esaslar\u0131 adl\u0131 kitaplar\u0131 da Do\u011fan Kitap taraf\u0131ndan yay\u0131mland\u0131. <\/p>\n","protected":false},"excerpt":{"rendered":"<p>Ge\u00e7mi\u015ften g\u00fcn\u00fcm\u00fcze T\u00fcrklerdeki Tanr\u0131 inanc\u0131T\u00fcrkler binlerce y\u0131l Tanr\u0131\u2019ya inand\u0131lar, erdemli ya\u015fad\u0131lar. Bilimin yolundan y\u00fcr\u00fcd\u00fcler. T\u00fcrk olmak demek, Tanr\u0131\u2019ya yak\u0131n olmak, insana ve do\u011faya sevgiyle yakla\u015fmak, iyi<span class=\"excerpt-hellip\"> [\u2026]<\/span><\/p>\n","protected":false},"featured_media":0,"template":"","meta":{"_monsterinsights_skip_tracking":false,"_monsterinsights_sitenote_active":false,"_monsterinsights_sitenote_note":"","_monsterinsights_sitenote_category":0},"product_brand":[],"product_cat":[12337,14528],"product_tag":[],"class_list":{"0":"post-708455","1":"product","2":"type-product","3":"status-publish","5":"product_cat-politika-siyaset","6":"product_cat-siyaset-tarihi","7":"pa_cilt-ciltsiz","8":"pa_tur-kitap","9":"pa_yayinevi-dogan-kitap","10":"pa_yazar-namik-kemal-zeybek","12":"first","13":"instock","14":"sale","15":"shipping-taxable","16":"purchasable","17":"product-type-simple"},"_links":{"self":[{"href":"https:\/\/roveyayinevi.com.tr\/index.php\/wp-json\/wp\/v2\/product\/708455","targetHints":{"allow":["GET"]}}],"collection":[{"href":"https:\/\/roveyayinevi.com.tr\/index.php\/wp-json\/wp\/v2\/product"}],"about":[{"href":"https:\/\/roveyayinevi.com.tr\/index.php\/wp-json\/wp\/v2\/types\/product"}],"wp:attachment":[{"href":"https:\/\/roveyayinevi.com.tr\/index.php\/wp-json\/wp\/v2\/media?parent=708455"}],"wp:term":[{"taxonomy":"product_brand","embeddable":true,"href":"https:\/\/roveyayinevi.com.tr\/index.php\/wp-json\/wp\/v2\/product_brand?post=708455"},{"taxonomy":"product_cat","embeddable":true,"href":"https:\/\/roveyayinevi.com.tr\/index.php\/wp-json\/wp\/v2\/product_cat?post=708455"},{"taxonomy":"product_tag","embeddable":true,"href":"https:\/\/roveyayinevi.com.tr\/index.php\/wp-json\/wp\/v2\/product_tag?post=708455"}],"curies":[{"name":"wp","href":"https:\/\/api.w.org\/{rel}","templated":true}]}}