{"id":708238,"date":"2025-08-27T16:13:20","date_gmt":"2025-08-27T13:13:20","guid":{"rendered":"https:\/\/roveyayinevi.com.tr\/index.php\/urun\/entrikaci-komplosu-ermeni-sorunu\/"},"modified":"2026-04-16T02:16:49","modified_gmt":"2026-04-15T23:16:49","slug":"entrikaci-komplosu-ermeni-sorunu","status":"publish","type":"product","link":"https:\/\/roveyayinevi.com.tr\/index.php\/urun\/entrikaci-komplosu-ermeni-sorunu\/","title":{"rendered":"Entrikac\u0131 Komplosu Ermeni Sorunu"},"content":{"rendered":"<p>Olanlar\u0131n sorumlusu Ermenileri ter\u00f6re, isyana \u00f6zendiren emperyalist \u00fclkelerle, bu telkinleri benimseyen Ermenilerdir. Ne var ki Bat\u0131 \u00fclkelerinde g\u00fcn\u00fcm\u00fczde b\u00fcy\u00fck bir terbiyesizlikle soyk\u0131r\u0131m yap\u0131ld\u0131\u011f\u0131n\u0131 ileri s\u00fcren yo\u011fun bir kampanya vard\u0131r. \u0130\u015fin esas\u0131 \u015fu: T\u00fcrkiye&#8217;deki Kar\u015f\u0131devrim s\u00fcreci y\u00fcz\u00fcnden ya\u015fanan \u00e7\u00f6k\u00fcnt\u00fcler Bat\u0131l\u0131larda Sevr&#8217;i diriltme umudunu ye\u015fertmi\u015ftir. Onlar Ermeni sorunun i\u00e7y\u00fcz\u00fcn\u00fc ara\u015ft\u0131rmak pe\u015finde de\u011filler, Anadolu&#8217;yu Ermenistan ve Yunanistan yapmak hevesi i\u00e7indeler.\ufffc<\/p>\n","protected":false},"excerpt":{"rendered":"<p>Olanlar\u0131n sorumlusu Ermenileri ter\u00f6re, isyana \u00f6zendiren emperyalist \u00fclkelerle, bu telkinleri benimseyen Ermenilerdir. Ne var ki Bat\u0131 \u00fclkelerinde g\u00fcn\u00fcm\u00fczde b\u00fcy\u00fck bir terbiyesizlikle soyk\u0131r\u0131m yap\u0131ld\u0131\u011f\u0131n\u0131 ileri s\u00fcren yo\u011fun<span class=\"excerpt-hellip\"> [\u2026]<\/span><\/p>\n","protected":false},"featured_media":0,"template":"","meta":{"_monsterinsights_skip_tracking":false,"_monsterinsights_sitenote_active":false,"_monsterinsights_sitenote_note":"","_monsterinsights_sitenote_category":0},"product_brand":[],"product_cat":[31194,12337],"product_tag":[],"class_list":{"0":"post-708238","1":"product","2":"type-product","3":"status-publish","5":"product_cat-guncel-siyaset","6":"product_cat-politika-siyaset","7":"pa_cilt-ciltsiz","8":"pa_tur-kitap","9":"pa_yayinevi-gunizi-kitapligi","10":"pa_yazar-fethi-karaduman","12":"first","13":"instock","14":"sale","15":"shipping-taxable","16":"purchasable","17":"product-type-simple"},"_links":{"self":[{"href":"https:\/\/roveyayinevi.com.tr\/index.php\/wp-json\/wp\/v2\/product\/708238","targetHints":{"allow":["GET"]}}],"collection":[{"href":"https:\/\/roveyayinevi.com.tr\/index.php\/wp-json\/wp\/v2\/product"}],"about":[{"href":"https:\/\/roveyayinevi.com.tr\/index.php\/wp-json\/wp\/v2\/types\/product"}],"wp:attachment":[{"href":"https:\/\/roveyayinevi.com.tr\/index.php\/wp-json\/wp\/v2\/media?parent=708238"}],"wp:term":[{"taxonomy":"product_brand","embeddable":true,"href":"https:\/\/roveyayinevi.com.tr\/index.php\/wp-json\/wp\/v2\/product_brand?post=708238"},{"taxonomy":"product_cat","embeddable":true,"href":"https:\/\/roveyayinevi.com.tr\/index.php\/wp-json\/wp\/v2\/product_cat?post=708238"},{"taxonomy":"product_tag","embeddable":true,"href":"https:\/\/roveyayinevi.com.tr\/index.php\/wp-json\/wp\/v2\/product_tag?post=708238"}],"curies":[{"name":"wp","href":"https:\/\/api.w.org\/{rel}","templated":true}]}}