{"id":708178,"date":"2025-08-27T16:12:22","date_gmt":"2025-08-27T13:12:22","guid":{"rendered":"https:\/\/roveyayinevi.com.tr\/index.php\/urun\/ictihatli-ve-aciklamali-dernekler-mevzuati\/"},"modified":"2026-04-16T02:16:48","modified_gmt":"2026-04-15T23:16:48","slug":"ictihatli-ve-aciklamali-dernekler-mevzuati","status":"publish","type":"product","link":"https:\/\/roveyayinevi.com.tr\/index.php\/urun\/ictihatli-ve-aciklamali-dernekler-mevzuati\/","title":{"rendered":"\u0130\u00e7tihatl\u0131 Ve A\u00e7\u0131klamal\u0131 Dernekler Mevzuat\u0131"},"content":{"rendered":"<p>Sivil toplum kurulu\u015flar\u0131, kazan\u00e7 payla\u015fma amac\u0131 g\u00fctmeksizin, toplumsal sorunlar\u0131n \u00e7\u00f6z\u00fcm\u00fcne ve toplumun geli\u015fmesine y\u00f6nelik g\u00f6n\u00fcll\u00fc faaliyette bulunan karar alma s\u00fcre\u00e7lerine katk\u0131da bulunan dernek ve vak\u0131f gibi \u00f6zerk kurulu\u015flard\u0131r. \u00c7a\u011fda\u015f demokrasilerde kat\u0131l\u0131mc\u0131 ve \u00e7o\u011fulculu\u011fu sa\u011flamada sivil toplum kurulu\u015flar\u0131 \u00f6nemli g\u00f6revleri yerine getirmektedir. Bu g\u00f6revi ifa eden STK\u2019lar\u0131n kar\u015f\u0131la\u015ft\u0131klar\u0131 hukuki ve uygulamaya ili\u015fkin bir\u00e7ok g\u00fcncel sorunun a\u015f\u0131lmas\u0131 \u00f6nem arz etmektedir. Bu kitap; sivil toplum kurulu\u015flar\u0131n\u0131n oda\u011f\u0131nda bulunan derneklerin y\u00f6neticileri ve di\u011fer ilgililerin dernekler ile ilgili g\u00fcncel kanun, y\u00f6netmelik, tebli\u011f, genelge, i\u00e7tihat ve g\u00f6r\u00fc\u015flere kolayca ula\u015fabilmelerini sa\u011flay\u0131c\u0131 temel bir kaynak olarak, Dernekler Dairesi Ba\u015fkanl\u0131\u011f\u0131nda g\u00f6revli alan\u0131nda uzman 20 ki\u015fi taraf\u0131ndan haz\u0131rlanm\u0131\u015ft\u0131r. Bu y\u00f6n\u00fcyle ihtiya\u00e7 duyanlar i\u00e7in \u00f6nemli bir bo\u015flu\u011fu dolduran, referans bir kitap niteli\u011findedir. Konu Ba\u015fl\u0131klar\u0131\ufffcAnayasa ve S\u00f6zle\u015fmeler\ufffcKanunlar\ufffcY\u00f6netmelikler\ufffcTebli\u011fler\ufffcGenelgeler\ufffcGenel Bilgiler <\/p>\n","protected":false},"excerpt":{"rendered":"<p>Sivil toplum kurulu\u015flar\u0131, kazan\u00e7 payla\u015fma amac\u0131 g\u00fctmeksizin, toplumsal sorunlar\u0131n \u00e7\u00f6z\u00fcm\u00fcne ve toplumun geli\u015fmesine y\u00f6nelik g\u00f6n\u00fcll\u00fc faaliyette bulunan karar alma s\u00fcre\u00e7lerine katk\u0131da bulunan dernek ve vak\u0131f gibi<span class=\"excerpt-hellip\"> [\u2026]<\/span><\/p>\n","protected":false},"featured_media":0,"template":"","meta":{"_monsterinsights_skip_tracking":false,"_monsterinsights_sitenote_active":false,"_monsterinsights_sitenote_note":"","_monsterinsights_sitenote_category":0},"product_brand":[],"product_cat":[15350,17602],"product_tag":[],"class_list":{"0":"post-708178","1":"product","2":"type-product","3":"status-publish","5":"product_cat-hukuk","6":"product_cat-hukuk-uzerine","7":"pa_cilt-ciltli","8":"pa_tur-kitap","9":"pa_yayinevi-tiav","10":"pa_yazar-kolektif","12":"first","13":"instock","14":"sale","15":"shipping-taxable","16":"purchasable","17":"product-type-simple"},"_links":{"self":[{"href":"https:\/\/roveyayinevi.com.tr\/index.php\/wp-json\/wp\/v2\/product\/708178","targetHints":{"allow":["GET"]}}],"collection":[{"href":"https:\/\/roveyayinevi.com.tr\/index.php\/wp-json\/wp\/v2\/product"}],"about":[{"href":"https:\/\/roveyayinevi.com.tr\/index.php\/wp-json\/wp\/v2\/types\/product"}],"wp:attachment":[{"href":"https:\/\/roveyayinevi.com.tr\/index.php\/wp-json\/wp\/v2\/media?parent=708178"}],"wp:term":[{"taxonomy":"product_brand","embeddable":true,"href":"https:\/\/roveyayinevi.com.tr\/index.php\/wp-json\/wp\/v2\/product_brand?post=708178"},{"taxonomy":"product_cat","embeddable":true,"href":"https:\/\/roveyayinevi.com.tr\/index.php\/wp-json\/wp\/v2\/product_cat?post=708178"},{"taxonomy":"product_tag","embeddable":true,"href":"https:\/\/roveyayinevi.com.tr\/index.php\/wp-json\/wp\/v2\/product_tag?post=708178"}],"curies":[{"name":"wp","href":"https:\/\/api.w.org\/{rel}","templated":true}]}}