{"id":708051,"date":"2025-08-27T16:11:25","date_gmt":"2025-08-27T13:11:25","guid":{"rendered":"https:\/\/roveyayinevi.com.tr\/index.php\/urun\/islambol-okculari\/"},"modified":"2026-04-16T02:16:45","modified_gmt":"2026-04-15T23:16:45","slug":"islambol-okculari","status":"publish","type":"product","link":"https:\/\/roveyayinevi.com.tr\/index.php\/urun\/islambol-okculari\/","title":{"rendered":"\u0130slambol Ok\u00e7ular\u0131"},"content":{"rendered":"<p>&#8220;\u0130mam Ebu Ca&#8217;fer-i Taberi ve &#8220;Mir&#8217;at\u00fc&#8217;z-Zaman&#8221; m\u00fc&#8217;ellifi Mes&#8217;\u00fcdi, mahallinde beyan eylemi\u015flerd\u00fcr ki sehm \u00fc kavs cennetden \u00e7\u0131km\u0131\u015fdur ve r\u00fcy-\u0131 zeminde evvelen hazret-i Adem-i \u015eafi ok atm\u0131\u015fdur, ya&#8217;ni ki zira&#8217;at ve hirasete tohm ekdikde reme-i murgan-\u0131 &#8216;arz pervaz u tayeranla indiler, hazret\u00fcn ekd\u00fcgi gend\u00fcm danelerini e\u015f\u00fcp \u00e7\u0131karup g\u0131da idindiler. Her \u00e7end ki def&#8217;ine sa&#8217;y eyledi memn\u00fc&#8217; olmad\u0131lar, bi&#8217;l-ahire Adem peygamber &#8216;aleyhi&#8217;s-selam hazret-i Hallak-\u0131 dad-ger cenab\u0131na murgandan \u015fikayet eyledi. Emr-i celil ile hazret-i Cibril n\u00fczul id\u00fcp cennetden bir kavs ve iki ok ve bir kiri\u015f get\u00fcrdi. Safiyyul&#8217;lah: &#8220;Bunlar ned\u00fcr?&#8221; diy\u00fc istihbar itd\u00fckde yay\u0131 g\u00f6ster\u00fcp: &#8220;Hazihi kuvvetullah.&#8221; ve kiri\u015fi sunup: &#8220;Hazihi \u015fiddetu&#8217;llah.&#8221; buyurd\u0131 ba&#8217;de oklar\u0131 vir\u00fcp: &#8220;Nikayetu&#8217;llah&#8221; ta&#8217;birin k\u0131ld\u0131. Pes yay nice kur\u0131lur, ok nice at\u0131lur, nice ni\u015fanlanur hazret-i Adem&#8217;e \u00f6gretdi. Bu takdirce tir-endazlarun pirleri mela&#8217;ikeden Cibril olur, pe\u015f z\u00fcmresinden \u015eafiyyul&#8217;lah-\u0131 Celil id\u00fcgi tahakkuk bulur.&#8221;  K\u00fcnh\u00fc&#8217;l &#8211; Ahbar&#8217;dan&#8230; K\u00fcnh\u00fc&#8217;l-\u00c2hb\u00e2r Gelibolulu Mustafa \u00c2l\u00ee (\u00f6.1008\/1600)&#8217;nin d\u00fcnya tarihi olarak kaleme ald\u0131\u011f\u0131 eseridir. D\u00f6rt r\u00fckn (b\u00f6l\u00fcm)&#8217;den olu\u015fur. eserin d\u00f6rd\u00fcnc\u00fc r\u00fckn\u00fc ba\u015flang\u0131\u00e7tan E\u011fri Seferi (1005-1596)&#8217;ne kadar olan Osmanl\u0131 Tarihini ihtiva eder. <\/p>\n","protected":false},"excerpt":{"rendered":"<p>&#8220;\u0130mam Ebu Ca&#8217;fer-i Taberi ve &#8220;Mir&#8217;at\u00fc&#8217;z-Zaman&#8221; m\u00fc&#8217;ellifi Mes&#8217;\u00fcdi, mahallinde beyan eylemi\u015flerd\u00fcr ki sehm \u00fc kavs cennetden \u00e7\u0131km\u0131\u015fdur ve r\u00fcy-\u0131 zeminde evvelen hazret-i Adem-i \u015eafi ok atm\u0131\u015fdur,<span class=\"excerpt-hellip\"> [\u2026]<\/span><\/p>\n","protected":false},"featured_media":0,"template":"","meta":{"_monsterinsights_skip_tracking":false,"_monsterinsights_sitenote_active":false,"_monsterinsights_sitenote_note":"","_monsterinsights_sitenote_category":0},"product_brand":[],"product_cat":[13517,12304],"product_tag":[],"class_list":{"0":"post-708051","1":"product","2":"type-product","3":"status-publish","5":"product_cat-osmanli-tarihi","6":"product_cat-tarih","7":"pa_cilt-ciltsiz","8":"pa_tur-kitap","9":"pa_yayinevi-astana-yayinlari","10":"pa_yazar-hasan-celebi","12":"first","13":"instock","14":"sale","15":"shipping-taxable","16":"purchasable","17":"product-type-simple"},"_links":{"self":[{"href":"https:\/\/roveyayinevi.com.tr\/index.php\/wp-json\/wp\/v2\/product\/708051","targetHints":{"allow":["GET"]}}],"collection":[{"href":"https:\/\/roveyayinevi.com.tr\/index.php\/wp-json\/wp\/v2\/product"}],"about":[{"href":"https:\/\/roveyayinevi.com.tr\/index.php\/wp-json\/wp\/v2\/types\/product"}],"wp:attachment":[{"href":"https:\/\/roveyayinevi.com.tr\/index.php\/wp-json\/wp\/v2\/media?parent=708051"}],"wp:term":[{"taxonomy":"product_brand","embeddable":true,"href":"https:\/\/roveyayinevi.com.tr\/index.php\/wp-json\/wp\/v2\/product_brand?post=708051"},{"taxonomy":"product_cat","embeddable":true,"href":"https:\/\/roveyayinevi.com.tr\/index.php\/wp-json\/wp\/v2\/product_cat?post=708051"},{"taxonomy":"product_tag","embeddable":true,"href":"https:\/\/roveyayinevi.com.tr\/index.php\/wp-json\/wp\/v2\/product_tag?post=708051"}],"curies":[{"name":"wp","href":"https:\/\/api.w.org\/{rel}","templated":true}]}}