{"id":708044,"date":"2025-08-27T16:11:22","date_gmt":"2025-08-27T13:11:22","guid":{"rendered":"https:\/\/roveyayinevi.com.tr\/index.php\/urun\/avrupa-birligi-hukukunda-azinlik-haklari\/"},"modified":"2026-04-16T02:16:45","modified_gmt":"2026-04-15T23:16:45","slug":"avrupa-birligi-hukukunda-azinlik-haklari","status":"publish","type":"product","link":"https:\/\/roveyayinevi.com.tr\/index.php\/urun\/avrupa-birligi-hukukunda-azinlik-haklari\/","title":{"rendered":"Avrupa Birli\u011fi Hukukunda Az\u0131nl\u0131k Haklar\u0131"},"content":{"rendered":"<p>Avrupa Birli\u011fi hukukunda az\u0131nl\u0131k haklar\u0131n\u0131n i\u015fleni\u015f bi\u00e7imini ortaya koymay\u0131 ama\u00e7layan kitapta, gerek mevzuat gerekse uygulama cephesinden bak\u0131\u015f a\u00e7\u0131s\u0131 olu\u015fturulmak istenmi\u015ftir. Bir d\u00f6nem T\u00fcrkiye ile Avrupa Birli\u011fi ili\u015fkilerinde ba\u015fat g\u00fcndem maddesini olu\u015fturan az\u0131nl\u0131k haklar\u0131na ili\u015fkin T\u00fcrk\u00e7e yay\u0131nlar\u0131n say\u0131s\u0131 olduk\u00e7a s\u0131n\u0131rl\u0131d\u0131r. Mevcut yay\u0131nlar\u0131n da b\u00fcy\u00fck b\u00f6l\u00fcm\u00fc hukuk d\u0131\u015f\u0131ndaki disiplinlerin uzmanlar\u0131 taraf\u0131ndan haz\u0131rlanm\u0131\u015ft\u0131r. Bir \u00fclkedeki yasama \u00e7al\u0131\u015fmalar\u0131na konu olan ya da ileri zamanlarda konu olabilecek olan hususlarda mutlaka hukuksal boyuta da yer verilmelidir. Hukuksal boyutuyla az\u0131nl\u0131k sorunlar\u0131n\u0131 ele almak gereksiniminin devaml\u0131l\u0131k g\u00f6sterdi\u011fi d\u00fc\u015f\u00fcncesiyle kitap haz\u0131rlanm\u0131\u015ft\u0131r.Konu Ba\u015fl\u0131klar\u0131\ufffcUluslararas\u0131 Hukukta Az\u0131nl\u0131k Haklar\u0131n\u0131n Tarihsel Geli\u015fimi\ufffcAvrupa Birli\u011fi Birincil Hukukunda (Kurucu Antla\u015fmalarda) Az\u0131nl\u0131k Haklar\u0131\ufffcAvrupa Birli\u011fi \u0130kincil Hukukunda Az\u0131nl\u0131k Haklar\u0131\ufffcAvrupa Birli\u011fi&#8217;nin Referans Ald\u0131\u011f\u0131 Uluslararas\u0131 Mevzuatta Az\u0131nl\u0131k Haklar\u0131\ufffcAvrupa Birli\u011fi&#8217;nin D\u0131\u015f \u0130li\u015fkilerinde Az\u0131nl\u0131klar\u0131n Korunmas\u0131 <\/p>\n","protected":false},"excerpt":{"rendered":"<p>Avrupa Birli\u011fi hukukunda az\u0131nl\u0131k haklar\u0131n\u0131n i\u015fleni\u015f bi\u00e7imini ortaya koymay\u0131 ama\u00e7layan kitapta, gerek mevzuat gerekse uygulama cephesinden bak\u0131\u015f a\u00e7\u0131s\u0131 olu\u015fturulmak istenmi\u015ftir. Bir d\u00f6nem T\u00fcrkiye ile Avrupa Birli\u011fi<span class=\"excerpt-hellip\"> [\u2026]<\/span><\/p>\n","protected":false},"featured_media":0,"template":"","meta":{"_monsterinsights_skip_tracking":false,"_monsterinsights_sitenote_active":false,"_monsterinsights_sitenote_note":"","_monsterinsights_sitenote_category":0},"product_brand":[],"product_cat":[16098,12337],"product_tag":[],"class_list":{"0":"post-708044","1":"product","2":"type-product","3":"status-publish","5":"product_cat-politik-akimlar-hareketler","6":"product_cat-politika-siyaset","7":"pa_cilt-ciltsiz","8":"pa_tur-kitap","9":"pa_yayinevi-astana-yayinlari","10":"pa_yazar-komisyon","12":"first","13":"instock","14":"sale","15":"shipping-taxable","16":"purchasable","17":"product-type-simple"},"_links":{"self":[{"href":"https:\/\/roveyayinevi.com.tr\/index.php\/wp-json\/wp\/v2\/product\/708044","targetHints":{"allow":["GET"]}}],"collection":[{"href":"https:\/\/roveyayinevi.com.tr\/index.php\/wp-json\/wp\/v2\/product"}],"about":[{"href":"https:\/\/roveyayinevi.com.tr\/index.php\/wp-json\/wp\/v2\/types\/product"}],"wp:attachment":[{"href":"https:\/\/roveyayinevi.com.tr\/index.php\/wp-json\/wp\/v2\/media?parent=708044"}],"wp:term":[{"taxonomy":"product_brand","embeddable":true,"href":"https:\/\/roveyayinevi.com.tr\/index.php\/wp-json\/wp\/v2\/product_brand?post=708044"},{"taxonomy":"product_cat","embeddable":true,"href":"https:\/\/roveyayinevi.com.tr\/index.php\/wp-json\/wp\/v2\/product_cat?post=708044"},{"taxonomy":"product_tag","embeddable":true,"href":"https:\/\/roveyayinevi.com.tr\/index.php\/wp-json\/wp\/v2\/product_tag?post=708044"}],"curies":[{"name":"wp","href":"https:\/\/api.w.org\/{rel}","templated":true}]}}