{"id":707837,"date":"2025-08-27T16:09:35","date_gmt":"2025-08-27T13:09:35","guid":{"rendered":"https:\/\/roveyayinevi.com.tr\/index.php\/urun\/kongo-savaslari\/"},"modified":"2026-04-16T02:16:26","modified_gmt":"2026-04-15T23:16:26","slug":"kongo-savaslari","status":"publish","type":"product","link":"https:\/\/roveyayinevi.com.tr\/index.php\/urun\/kongo-savaslari\/","title":{"rendered":"Kongo Sava\u015flar\u0131"},"content":{"rendered":"<p>D\u00fcnya tarihinde \u0130kinci D\u00fcnya Sava\u015f\u0131&#8217;ndan sonra en \u00e7ok \u00f6l\u00fcme yol a\u00e7an sava\u015f Demokratik Kongo Cumhuriyeti\u2019nin topraklar\u0131nda ya\u015fand\u0131. Kongolu say\u0131s\u0131z milis grubunun yan\u0131 s\u0131ra 11 ayr\u0131 devletin ordular\u0131n\u0131n da d\u00e2hil oldu\u011fu ve kimileyin \u201cAfrika&#8217;n\u0131n Birinci D\u00fcnya Sava\u015f\u0131\u201d diye adland\u0131r\u0131lan bu sava\u015fta yakla\u015f\u0131k 4 milyon insan hayat\u0131n\u0131 kaybetti. \u00dcstelik bu sava\u015ftan birka\u00e7 y\u0131l \u00f6nce, ayn\u0131 topraklarda b\u00fcy\u00fck \u00f6l\u00e7ekli bir sava\u015f daha ya\u015fanm\u0131\u015ft\u0131: Birinci Kongo Sava\u015f\u0131. \u201cKongo Sava\u015flar\u0131\u201d diye an\u0131lan bu iki sava\u015f, Sahraalt\u0131 Afrika&#8217;n\u0131n tarihini ve bug\u00fcn\u00fcn\u00fc anlamak i\u00e7in anahtar \u00f6nemdedir.Sinan Baran, Kongo Sava\u015flar\u0131 kitab\u0131nda bu sava\u015flar\u0131n nedenlerini tarihsel bir perspektifle analiz ediyor. Sava\u015f\u0131n nedenlerini salt etnik sorunlara ve g\u00fc\u00e7 m\u00fccadelelerine indirgemeden, Kongo\u2019nun s\u00f6m\u00fcrgele\u015ftirilmesinden ba\u015flayarak ekonomik, siyasal, demografik, sosyal ve k\u00fclt\u00fcrel d\u00f6n\u00fc\u015f\u00fcmlere referansla a\u00e7\u0131klamaya \u00e7al\u0131\u015f\u0131yor. Bir yandan sadece bu \u00fclkedeki de\u011fil, t\u00fcm Afrika\u2019daki sava\u015flar\u0131 ve \u00e7at\u0131\u015fmalar\u0131 anlama \u00e7abas\u0131na katk\u0131 sa\u011flayacak bir bak\u0131\u015f geli\u015ftirirken, bir yandan da Kongo\u2019nun ve Kongo Sava\u015flar\u0131n\u0131n \u00f6zg\u00fcn yanlar\u0131 \u00fczerinde duruyor. Sadece ticaret ve okullar dolay\u0131s\u0131yla T\u00fcrk kamuoyunun g\u00fcndemine yerle\u015fen Afrika k\u0131tas\u0131n\u0131n bilinmesine ve anla\u015f\u0131lmas\u0131na da kap\u0131 aral\u0131yor. \u00d6tekini anlamadan kendi benli\u011fini olu\u015fturamayaca\u011f\u0131n\u0131 \u00f6\u011frenmemekte direnen bir \u00fclkeyi \u00e7evresine bakmaya \u00e7a\u011f\u0131r\u0131yor.<\/p>\n","protected":false},"excerpt":{"rendered":"<p>D\u00fcnya tarihinde \u0130kinci D\u00fcnya Sava\u015f\u0131&#8217;ndan sonra en \u00e7ok \u00f6l\u00fcme yol a\u00e7an sava\u015f Demokratik Kongo Cumhuriyeti\u2019nin topraklar\u0131nda ya\u015fand\u0131. Kongolu say\u0131s\u0131z milis grubunun yan\u0131 s\u0131ra 11 ayr\u0131 devletin<span class=\"excerpt-hellip\"> [\u2026]<\/span><\/p>\n","protected":false},"featured_media":0,"template":"","meta":{"_monsterinsights_skip_tracking":false,"_monsterinsights_sitenote_active":false,"_monsterinsights_sitenote_note":"","_monsterinsights_sitenote_category":0},"product_brand":[],"product_cat":[12337,14706],"product_tag":[],"class_list":{"0":"post-707837","1":"product","2":"type-product","3":"status-publish","5":"product_cat-politika-siyaset","6":"product_cat-siyaset-bilimi","7":"pa_cilt-ciltsiz","8":"pa_tur-kitap","9":"pa_yayinevi-phoenix-yayinevi","10":"pa_yazar-sinan-baran","12":"first","13":"instock","14":"sale","15":"shipping-taxable","16":"purchasable","17":"product-type-simple"},"_links":{"self":[{"href":"https:\/\/roveyayinevi.com.tr\/index.php\/wp-json\/wp\/v2\/product\/707837","targetHints":{"allow":["GET"]}}],"collection":[{"href":"https:\/\/roveyayinevi.com.tr\/index.php\/wp-json\/wp\/v2\/product"}],"about":[{"href":"https:\/\/roveyayinevi.com.tr\/index.php\/wp-json\/wp\/v2\/types\/product"}],"wp:attachment":[{"href":"https:\/\/roveyayinevi.com.tr\/index.php\/wp-json\/wp\/v2\/media?parent=707837"}],"wp:term":[{"taxonomy":"product_brand","embeddable":true,"href":"https:\/\/roveyayinevi.com.tr\/index.php\/wp-json\/wp\/v2\/product_brand?post=707837"},{"taxonomy":"product_cat","embeddable":true,"href":"https:\/\/roveyayinevi.com.tr\/index.php\/wp-json\/wp\/v2\/product_cat?post=707837"},{"taxonomy":"product_tag","embeddable":true,"href":"https:\/\/roveyayinevi.com.tr\/index.php\/wp-json\/wp\/v2\/product_tag?post=707837"}],"curies":[{"name":"wp","href":"https:\/\/api.w.org\/{rel}","templated":true}]}}