{"id":707821,"date":"2025-08-27T16:09:22","date_gmt":"2025-08-27T13:09:22","guid":{"rendered":"https:\/\/roveyayinevi.com.tr\/index.php\/urun\/seyh-edebali\/"},"modified":"2026-04-16T02:16:25","modified_gmt":"2026-04-15T23:16:25","slug":"seyh-edebali","status":"publish","type":"product","link":"https:\/\/roveyayinevi.com.tr\/index.php\/urun\/seyh-edebali\/","title":{"rendered":"\u015eeyh Edebal\u0131"},"content":{"rendered":"<p>Anadolu&#8217;da T\u00fcrk&#8217;\u00fcn yeniden dirili\u015fini mayalayan \u015eeyh Edebal\u0131&#8217;n\u0131n Roman\u0131 Sel\u00e7uklu \u00dclkesi, Horasan&#8217;dan, Harezm&#8217;den ve di\u011fer T\u00fcrk illerinden gelen M\u00fcsl\u00fcman T\u00fcrklerin ve di\u011fer milletlerin s\u0131\u011f\u0131nd\u0131\u011f\u0131 bir bar\u0131\u015f ve refah \u00fclkesiydi. Mo\u011fol istilas\u0131n\u0131n yang\u0131n yerine \u00e7evirdi\u011fi d\u00fcnyada, do\u011fudan gelen T\u00fcrkmen boylar\u0131 bir sel gibi Anadolu&#8217;ya ak\u0131yordu. K\u0131p\u00e7ak illerinden gelen T\u00fcrkler, K\u0131r\u0131m&#8217;dan ka\u00e7anlar Karadeniz k\u0131y\u0131lar\u0131na dolu\u015fmu\u015ftu. \u0130lim adamlar\u0131, sanatk\u00e2rlar, zanaatk\u00e2rlar, din bilginleri, Sel\u00e7uklu \u00fclkesinde huzur ar\u0131yorlard\u0131, g\u00fcvenlik ar\u0131yorlard\u0131. Can g\u00fcvenli\u011fi, din ve vicdan h\u00fcrriyeti, ticaret serbestisi ve garantisi sadece Sel\u00e7uklu \u00fclkesinde vard\u0131.Ancak Sultan Alaeddin Keykubat&#8217;\u0131n \u00f6l\u00fcm\u00fcnden sonra Anadolu i\u00e7lerine kadar ilerleyen Mo\u011follar Anadolu&#8217;daki huzur ortam\u0131n\u0131 da bozmu\u015flard\u0131. Kadim T\u00fcrk Devleti&#8217;nin derin g\u00fc\u00e7leri bu varolma yokolma sava\u015f\u0131nda T\u00fcrkleri yeniden organize eden Ahilik te\u015fkilat\u0131yla birlikte umutlar\u0131n yeniden ye\u015fermesini sa\u011flad\u0131. G\u00f6khan Mara\u015f&#8217;\u0131n Ahi Evran&#8217;dan sonra kaleme ald\u0131\u011f\u0131 \u015eeyh Edebal\u0131 roman\u0131, Yunus Emre&#8217;den Ertu\u011frul Gazi ve Osman Bey&#8217;e var\u0131ncaya dek zengin karakter kadrosuyla okuyucuyu tarih\u00ee bir ser\u00fcvene \u00e7\u0131kart\u0131yor. <\/p>\n","protected":false},"excerpt":{"rendered":"<p>Anadolu&#8217;da T\u00fcrk&#8217;\u00fcn yeniden dirili\u015fini mayalayan \u015eeyh Edebal\u0131&#8217;n\u0131n Roman\u0131 Sel\u00e7uklu \u00dclkesi, Horasan&#8217;dan, Harezm&#8217;den ve di\u011fer T\u00fcrk illerinden gelen M\u00fcsl\u00fcman T\u00fcrklerin ve di\u011fer milletlerin s\u0131\u011f\u0131nd\u0131\u011f\u0131 bir bar\u0131\u015f ve<span class=\"excerpt-hellip\"> [\u2026]<\/span><\/p>\n","protected":false},"featured_media":0,"template":"","meta":{"_monsterinsights_skip_tracking":false,"_monsterinsights_sitenote_active":false,"_monsterinsights_sitenote_note":"","_monsterinsights_sitenote_category":0},"product_brand":[],"product_cat":[12304,13650],"product_tag":[],"class_list":{"0":"post-707821","1":"product","2":"type-product","3":"status-publish","5":"product_cat-tarih","6":"product_cat-turk-tarihi-arastirmalari","7":"pa_cilt-ciltsiz","8":"pa_tur-kitap","9":"pa_yayinevi-otuken-nesriyat","10":"pa_yazar-gokhan-maras","12":"first","13":"instock","14":"sale","15":"shipping-taxable","16":"purchasable","17":"product-type-simple"},"_links":{"self":[{"href":"https:\/\/roveyayinevi.com.tr\/index.php\/wp-json\/wp\/v2\/product\/707821","targetHints":{"allow":["GET"]}}],"collection":[{"href":"https:\/\/roveyayinevi.com.tr\/index.php\/wp-json\/wp\/v2\/product"}],"about":[{"href":"https:\/\/roveyayinevi.com.tr\/index.php\/wp-json\/wp\/v2\/types\/product"}],"wp:attachment":[{"href":"https:\/\/roveyayinevi.com.tr\/index.php\/wp-json\/wp\/v2\/media?parent=707821"}],"wp:term":[{"taxonomy":"product_brand","embeddable":true,"href":"https:\/\/roveyayinevi.com.tr\/index.php\/wp-json\/wp\/v2\/product_brand?post=707821"},{"taxonomy":"product_cat","embeddable":true,"href":"https:\/\/roveyayinevi.com.tr\/index.php\/wp-json\/wp\/v2\/product_cat?post=707821"},{"taxonomy":"product_tag","embeddable":true,"href":"https:\/\/roveyayinevi.com.tr\/index.php\/wp-json\/wp\/v2\/product_tag?post=707821"}],"curies":[{"name":"wp","href":"https:\/\/api.w.org\/{rel}","templated":true}]}}