{"id":707783,"date":"2025-08-27T16:09:04","date_gmt":"2025-08-27T13:09:04","guid":{"rendered":"https:\/\/roveyayinevi.com.tr\/index.php\/urun\/alamanya-alamanya-bizden-aptal-bulaman-ya\/"},"modified":"2026-04-16T02:16:24","modified_gmt":"2026-04-15T23:16:24","slug":"alamanya-alamanya-bizden-aptal-bulaman-ya","status":"publish","type":"product","link":"https:\/\/roveyayinevi.com.tr\/index.php\/urun\/alamanya-alamanya-bizden-aptal-bulaman-ya\/","title":{"rendered":"Alamanya Alamanya Bizden Aptal Bulaman ya"},"content":{"rendered":"<p>\u0130kinci D\u00fcnya Sava\u015f\u0131\u2019nda \u00f6len 60 milyon insan\u0131n i\u00e7inde Naziler de vard\u0131. Ac\u0131r\u0131m onlara da; \u0130sa\u2019ca bir ac\u0131ma de\u011fil benimkisi, insanca bir ac\u0131ma\u2026 O ekskavat\u00f6r kursundaki aslan yap\u0131l\u0131 Alman te\u011fmenini d\u00fc\u015f\u00fcn\u00fcr\u00fcm hep. Tam da Nazilerin istedi\u011fi gibi sa\u011flam yap\u0131dayd\u0131. \u00d6lm\u00fc\u015ft\u00fcr sava\u015fta belki.Naziler Alman soyunu bozmak istemiyorlard\u0131. Sonunda 60 milyonluk k\u0131y\u0131m i\u00e7inde Almanlar\u0131 da k\u0131rd\u0131rd\u0131lar. Az kald\u0131 soylar\u0131 soplar\u0131 kuruyacakt\u0131.<\/p>\n","protected":false},"excerpt":{"rendered":"<p>\u0130kinci D\u00fcnya Sava\u015f\u0131\u2019nda \u00f6len 60 milyon insan\u0131n i\u00e7inde Naziler de vard\u0131. Ac\u0131r\u0131m onlara da; \u0130sa\u2019ca bir ac\u0131ma de\u011fil benimkisi, insanca bir ac\u0131ma\u2026 O ekskavat\u00f6r kursundaki aslan<span class=\"excerpt-hellip\"> [\u2026]<\/span><\/p>\n","protected":false},"featured_media":0,"template":"","meta":{"_monsterinsights_skip_tracking":false,"_monsterinsights_sitenote_active":false,"_monsterinsights_sitenote_note":"","_monsterinsights_sitenote_category":0},"product_brand":[],"product_cat":[12370,12304],"product_tag":[],"class_list":{"0":"post-707783","1":"product","2":"type-product","3":"status-publish","5":"product_cat-arastirma-inceleme","6":"product_cat-tarih","7":"pa_cilt-ciltsiz","8":"pa_tur-kitap","9":"pa_yayinevi-nesin-yayinlari","10":"pa_yazar-aziz-nesin","12":"first","13":"instock","14":"sale","15":"shipping-taxable","16":"purchasable","17":"product-type-simple"},"_links":{"self":[{"href":"https:\/\/roveyayinevi.com.tr\/index.php\/wp-json\/wp\/v2\/product\/707783","targetHints":{"allow":["GET"]}}],"collection":[{"href":"https:\/\/roveyayinevi.com.tr\/index.php\/wp-json\/wp\/v2\/product"}],"about":[{"href":"https:\/\/roveyayinevi.com.tr\/index.php\/wp-json\/wp\/v2\/types\/product"}],"wp:attachment":[{"href":"https:\/\/roveyayinevi.com.tr\/index.php\/wp-json\/wp\/v2\/media?parent=707783"}],"wp:term":[{"taxonomy":"product_brand","embeddable":true,"href":"https:\/\/roveyayinevi.com.tr\/index.php\/wp-json\/wp\/v2\/product_brand?post=707783"},{"taxonomy":"product_cat","embeddable":true,"href":"https:\/\/roveyayinevi.com.tr\/index.php\/wp-json\/wp\/v2\/product_cat?post=707783"},{"taxonomy":"product_tag","embeddable":true,"href":"https:\/\/roveyayinevi.com.tr\/index.php\/wp-json\/wp\/v2\/product_tag?post=707783"}],"curies":[{"name":"wp","href":"https:\/\/api.w.org\/{rel}","templated":true}]}}