{"id":707775,"date":"2025-08-27T16:09:00","date_gmt":"2025-08-27T13:09:00","guid":{"rendered":"https:\/\/roveyayinevi.com.tr\/index.php\/urun\/karabekirin-kavgasi\/"},"modified":"2026-04-16T02:16:24","modified_gmt":"2026-04-15T23:16:24","slug":"karabekirin-kavgasi","status":"publish","type":"product","link":"https:\/\/roveyayinevi.com.tr\/index.php\/urun\/karabekirin-kavgasi\/","title":{"rendered":"Karabekir&#8217;in Kavgas\u0131"},"content":{"rendered":"<p>Ne Karabekir\u2019in, ne de di\u011fer pa\u015falar\u0131n h\u00e2t\u0131ratlar\u0131, \u2018resm\u00ee t\u00e2rih\u2019in de\u011fi\u015ftirilmesi i\u00e7in yeterli g\u00f6r\u00fclm\u00fc\u015ft\u00fc. S\u00f6ylenebilecek tek \u015fey; onlar\u0131n an\u0131lar\u0131n\u0131n \u2018resm\u00ee t\u00e2rih\u2019te \u00f6nemli bir gedik a\u00e7t\u0131\u011f\u0131d\u0131r. Belki de onlar, bu gedi\u011fi daha o zamandan g\u00f6rm\u00fc\u015flerdi ve tart\u0131\u015fmay\u0131 t\u00e2rihe ve gelece\u011fe b\u0131rakm\u0131\u015flard\u0131. Gelecekte t\u00e2rihi yazacak olanlara! Cemil Ko\u00e7ak K\u00e2z\u0131m Karabekir, 1926 y\u0131l\u0131nda \u0130zmir\u2019de Atat\u00fcrk\u2019e suikast d\u00e2v\u00e2s\u0131ndan dolay\u0131 yarg\u0131land\u0131\u011f\u0131 Ankara \u0130stikl\u00e2l Mahkemesi\u2019nde beraat etti\u011finden beri, \u0130stanbul\u2019da h\u00e2len m\u00fcze olan Erenk\u00f6y\u2019deki k\u00f6\u015fk\u00fcnde polis g\u00f6zetiminde ya\u015f\u0131yordu. 1927 y\u0131l\u0131nda Nutuk\u2019ta \u00e7ok sert \u015fekilde ele\u015ftirilmi\u015fti. Karabekir\u2019e kar\u015f\u0131 kamuoyu nezdinde yeni bir polemik, 1933 y\u0131l\u0131n\u0131n Mart ay\u0131nda bir yaz\u0131 dizisiyle Siirt milletvekili Mahmut Soydan\u2019\u0131n s\u00e2hibi ve ba\u015fyazar\u0131 oldu\u011fu Milliyet gazetesinde ba\u015flat\u0131lm\u0131\u015ft\u0131. Bu, iktid\u00e2r\u0131n Karabekir\u2019e ve onunla birlikte daha sonra g\u00f6zden d\u00fc\u015fm\u00fc\u015f olan Mill\u00ee M\u00fcc\u00e2dele\u2019nin \u00f6nder kadrosuna kar\u015f\u0131 siy\u00e2s\u00ee sald\u0131r\u0131s\u0131 anlam\u0131na geliyordu. Tefrikan\u0131n kimin taraf\u0131ndan kaleme al\u0131nd\u0131\u011f\u0131 belirsizdi. Konu, bir s\u00fcre sonra Mill\u00ee M\u00fcc\u00e2dele y\u0131llar\u0131nda Karabekir\u2019in ve daha sonra onunla siy\u00e2s\u00ee i\u015fbirli\u011fi yapacak olan arkada\u015flar\u0131n\u0131n rol\u00fcne de gelmi\u015fti. Dizi, bu rol\u00fc yeniden tart\u0131\u015fma konusu yap\u0131yordu. Karabekir de, dizide anlat\u0131lanlara ayn\u0131 gazetede yay\u0131nlanan mektuplar\u0131yla yan\u0131t vermeye ba\u015flam\u0131\u015f; polemik di\u011fer gazetelere de s\u0131\u00e7ram\u0131\u015ft\u0131.T\u00fcrkiye\u2019de yak\u0131n t\u00e2rih denilince ilk akla gelen isimlerden Cemil Ko\u00e7ak, Karabekir\u2019in Kavgas\u0131 adl\u0131 bu \u00e7al\u0131\u015fmas\u0131nda; K\u00e2z\u0131m Karabekir\u2019in 1933 y\u0131l\u0131nda Nutuk\u2019ta ortaya konulan Mill\u00ee M\u00fcc\u00e2dele\u2019nin resm\u00ee t\u00e2rihine kar\u015f\u0131 verdi\u011fi \u201ckavga\u201dy\u0131 t\u00fcm cepheleriyle ve belgeleriyle anlat\u0131yor. Bu kitapta; Karabekir\u2019in h\u00e2t\u0131r\u00e2t\u0131n\u0131n yasaklanmas\u0131 anlat\u0131l\u0131rken; ard\u0131ndan onun Ba\u015fbakan \u0130smet \u0130n\u00f6n\u00fc ile mektupla\u015fmalar\u0131 da ilk kez belgeleriyle yay\u0131nlan\u0131yor.<\/p>\n","protected":false},"excerpt":{"rendered":"<p>Ne Karabekir\u2019in, ne de di\u011fer pa\u015falar\u0131n h\u00e2t\u0131ratlar\u0131, \u2018resm\u00ee t\u00e2rih\u2019in de\u011fi\u015ftirilmesi i\u00e7in yeterli g\u00f6r\u00fclm\u00fc\u015ft\u00fc. S\u00f6ylenebilecek tek \u015fey; onlar\u0131n an\u0131lar\u0131n\u0131n \u2018resm\u00ee t\u00e2rih\u2019te \u00f6nemli bir gedik a\u00e7t\u0131\u011f\u0131d\u0131r. Belki de<span class=\"excerpt-hellip\"> [\u2026]<\/span><\/p>\n","protected":false},"featured_media":0,"template":"","meta":{"_monsterinsights_skip_tracking":false,"_monsterinsights_sitenote_active":false,"_monsterinsights_sitenote_note":"","_monsterinsights_sitenote_category":0},"product_brand":[],"product_cat":[12304,13493],"product_tag":[],"class_list":{"0":"post-707775","1":"product","2":"type-product","3":"status-publish","5":"product_cat-tarih","6":"product_cat-turkiye-ve-cumhuriyet-tarihi","7":"pa_cilt-ciltsiz","8":"pa_tur-kitap","9":"pa_yayinevi-timas-yayinlari","10":"pa_yazar-cemil-kocak","12":"first","13":"instock","14":"sale","15":"shipping-taxable","16":"purchasable","17":"product-type-simple"},"_links":{"self":[{"href":"https:\/\/roveyayinevi.com.tr\/index.php\/wp-json\/wp\/v2\/product\/707775","targetHints":{"allow":["GET"]}}],"collection":[{"href":"https:\/\/roveyayinevi.com.tr\/index.php\/wp-json\/wp\/v2\/product"}],"about":[{"href":"https:\/\/roveyayinevi.com.tr\/index.php\/wp-json\/wp\/v2\/types\/product"}],"wp:attachment":[{"href":"https:\/\/roveyayinevi.com.tr\/index.php\/wp-json\/wp\/v2\/media?parent=707775"}],"wp:term":[{"taxonomy":"product_brand","embeddable":true,"href":"https:\/\/roveyayinevi.com.tr\/index.php\/wp-json\/wp\/v2\/product_brand?post=707775"},{"taxonomy":"product_cat","embeddable":true,"href":"https:\/\/roveyayinevi.com.tr\/index.php\/wp-json\/wp\/v2\/product_cat?post=707775"},{"taxonomy":"product_tag","embeddable":true,"href":"https:\/\/roveyayinevi.com.tr\/index.php\/wp-json\/wp\/v2\/product_tag?post=707775"}],"curies":[{"name":"wp","href":"https:\/\/api.w.org\/{rel}","templated":true}]}}