{"id":707718,"date":"2025-08-27T16:08:32","date_gmt":"2025-08-27T13:08:32","guid":{"rendered":"https:\/\/roveyayinevi.com.tr\/index.php\/urun\/bir-osmanli-var-imis\/"},"modified":"2026-04-16T02:16:23","modified_gmt":"2026-04-15T23:16:23","slug":"bir-osmanli-var-imis","status":"publish","type":"product","link":"https:\/\/roveyayinevi.com.tr\/index.php\/urun\/bir-osmanli-var-imis\/","title":{"rendered":"Bir Osmanl\u0131 Var \u0130mi\u015f"},"content":{"rendered":"<p>Koray \u015eerbet\u00e7i&#8217;nin kaleme ald\u0131\u011f\u0131 Bir Osmanl\u0131 Var \u0130mi\u015f kitab\u0131 Nesil Yay\u0131nlar\u0131&#8217;ndan \u00e7\u0131kt\u0131.Koray \u015eerbet\u00e7i bu kitab\u0131nda Do\u011fulu fikir ve k\u00fclt\u00fcr yap\u0131s\u0131yla Bat\u0131l\u0131 fikir ve k\u00fclt\u00fcr yap\u0131s\u0131n\u0131 k\u0131yasl\u0131yor. Yani, Bat\u0131 Avrupa k\u00fclt\u00fcr\u00fc ile Osmanl\u0131 k\u00fclt\u00fcr yap\u0131s\u0131n\u0131 mukayeseli olarak ortaya seriyor. B\u00f6ylece Osmanl\u0131&#8217;y\u0131 derinlemesine anlayacak, 600 y\u0131ll\u0131k bir devlet yap\u0131s\u0131 ve tecr\u00fcbesini anlarken bu yap\u0131n\u0131n ard\u0131ndaki ruh h\u00e2llerini de yakalama f\u0131rsat\u0131n\u0131 bulacaks\u0131n\u0131z.Bir Osmanl\u0131 Var \u0130mi\u015f kitab\u0131nda:Osmanl\u0131&#8217;n\u0131n yaln\u0131zca bir devlet olmad\u0131\u011f\u0131n\u0131, Osmanl\u0131&#8217;n\u0131n bir hayat tarz\u0131, bir insanl\u0131k modeli oldu\u011funu bulacaks\u0131n\u0131z.Ayn\u0131 zamanda:Osmanl\u0131 insan\u0131n\u0131n; devlet kurucu pratik akl\u0131n\u0131, sava\u015f meydan\u0131ndaki co\u015fkusunu, \u00f6l\u00fcm ger\u00e7e\u011fi kar\u015f\u0131s\u0131ndaki kay\u0131ts\u0131zl\u0131\u011f\u0131n\u0131, keyiften ne anlad\u0131\u011f\u0131n\u0131, diplomasideki kendinden eminli\u011fini, neye iman etti\u011fini, ekonomide kazanmak ve kaybetmekten ne anlad\u0131\u011f\u0131n\u0131, felaket ve ne\u015fe kar\u015f\u0131s\u0131nda nas\u0131l bir tutum tak\u0131nd\u0131\u011f\u0131n\u0131 anlayacaks\u0131n\u0131z.<\/p>\n","protected":false},"excerpt":{"rendered":"<p>Koray \u015eerbet\u00e7i&#8217;nin kaleme ald\u0131\u011f\u0131 Bir Osmanl\u0131 Var \u0130mi\u015f kitab\u0131 Nesil Yay\u0131nlar\u0131&#8217;ndan \u00e7\u0131kt\u0131.Koray \u015eerbet\u00e7i bu kitab\u0131nda Do\u011fulu fikir ve k\u00fclt\u00fcr yap\u0131s\u0131yla Bat\u0131l\u0131 fikir ve k\u00fclt\u00fcr yap\u0131s\u0131n\u0131 k\u0131yasl\u0131yor.<span class=\"excerpt-hellip\"> [\u2026]<\/span><\/p>\n","protected":false},"featured_media":0,"template":"","meta":{"_monsterinsights_skip_tracking":false,"_monsterinsights_sitenote_active":false,"_monsterinsights_sitenote_note":"","_monsterinsights_sitenote_category":0},"product_brand":[],"product_cat":[13517,12304],"product_tag":[],"class_list":{"0":"post-707718","1":"product","2":"type-product","3":"status-publish","5":"product_cat-osmanli-tarihi","6":"product_cat-tarih","7":"pa_cilt-ciltsiz","8":"pa_tur-kitap","9":"pa_yayinevi-nesil-yayinlari","10":"pa_yazar-koray-serbetci","12":"first","13":"instock","14":"sale","15":"shipping-taxable","16":"purchasable","17":"product-type-simple"},"_links":{"self":[{"href":"https:\/\/roveyayinevi.com.tr\/index.php\/wp-json\/wp\/v2\/product\/707718","targetHints":{"allow":["GET"]}}],"collection":[{"href":"https:\/\/roveyayinevi.com.tr\/index.php\/wp-json\/wp\/v2\/product"}],"about":[{"href":"https:\/\/roveyayinevi.com.tr\/index.php\/wp-json\/wp\/v2\/types\/product"}],"wp:attachment":[{"href":"https:\/\/roveyayinevi.com.tr\/index.php\/wp-json\/wp\/v2\/media?parent=707718"}],"wp:term":[{"taxonomy":"product_brand","embeddable":true,"href":"https:\/\/roveyayinevi.com.tr\/index.php\/wp-json\/wp\/v2\/product_brand?post=707718"},{"taxonomy":"product_cat","embeddable":true,"href":"https:\/\/roveyayinevi.com.tr\/index.php\/wp-json\/wp\/v2\/product_cat?post=707718"},{"taxonomy":"product_tag","embeddable":true,"href":"https:\/\/roveyayinevi.com.tr\/index.php\/wp-json\/wp\/v2\/product_tag?post=707718"}],"curies":[{"name":"wp","href":"https:\/\/api.w.org\/{rel}","templated":true}]}}