{"id":707707,"date":"2025-08-27T16:08:27","date_gmt":"2025-08-27T13:08:27","guid":{"rendered":"https:\/\/roveyayinevi.com.tr\/index.php\/urun\/hu-diyen-karga\/"},"modified":"2026-04-16T02:16:23","modified_gmt":"2026-04-15T23:16:23","slug":"hu-diyen-karga","status":"publish","type":"product","link":"https:\/\/roveyayinevi.com.tr\/index.php\/urun\/hu-diyen-karga\/","title":{"rendered":"Hu Diyen Karga"},"content":{"rendered":"<p>Misli Baydo\u011fan, uzman bir psikolog. Ancak biz kendisini, pek \u00e7ok dergide yay\u0131mlanm\u0131\u015f, T\u00fcrk davran\u0131\u015f kal\u0131plar\u0131n\u0131 ustaca sergiledi\u011fi tarih\u00ee hik\u00e2yelerinden tan\u0131yoruz. H\u00fb Diyen Karga -Sel\u00e7uklu Hik\u00e2yeleri- ba\u015fl\u0131\u011f\u0131 alt\u0131nda, T\u00fcrkistan&#8217;dan Anadolu&#8217;ya uzanan Sel\u00e7uk neslinin o ba\u015f d\u00f6nd\u00fcren, co\u015fkulu ser\u00fcvenini birka\u00e7 insan nesli \u00f6mr\u00fcnce ya\u015fam\u0131\u015f, bilge bir kara kargan\u0131n a\u011fz\u0131ndan dinleyece\u011fiz: \u201cEte kemi\u011fe b\u00fcr\u00fcnd\u00fcm, karga diye g\u00f6r\u00fcnd\u00fcm. Kutlu Sel\u00e7uk neslinin kervan\u0131ndan seyrettim. H\u00fb! Ben ku\u015fun s\u00f6zlerine kulak verecek olursan\u0131z, yana\u015f\u0131verin \u015f\u00f6yle t\u00fcne\u011fimin k\u0131y\u0131s\u0131na. Ku\u015f akl\u0131m\u0131 hor g\u00f6rmeyin. Dilimi ink\u00e2r etmeyin. Beni yaratan da sizinkiyle ayn\u0131 de\u011fil midir ve o Yaradan Hazreti S\u00fcleyman&#8217;\u0131 s\u0131rlar\u0131m\u0131 \u00e7\u00f6zs\u00fcn, \u00f6n\u00fcn\u00fcze sersin diye size de yalava\u00e7 diye indirmemi\u015f midir? \u0130nsan olmakl\u0131\u011f\u0131n \u015ferefi sizde kals\u0131n lakin b\u00fcy\u00fcklenmenizi s\u0131y\u0131r\u0131p topra\u011f\u0131n \u00fczerine b\u0131rak\u0131n. Kanatlar\u0131m\u0131n g\u00f6lgesi Cend&#8217;den, Horasan&#8217;dan, Ni\u015fabur&#8217;dan, Merv&#8217;den ve Belh&#8217;ten ve dahi Ba\u011fdat&#8217;tan, Larende&#8217;den ve Alaiye&#8217;den s\u00fcz\u00fclm\u00fc\u015ft\u00fcr benim. Kara t\u00fcylerim Miryakefalon&#8217;un, Malazgirt&#8217;in, Malatya ve Tokat&#8217;\u0131n tozuna, Sinop&#8217;un tuzuna bulanm\u0131\u015ft\u0131r. Sir Derya&#8217;n\u0131n, Amu Derya&#8217;n\u0131n, F\u0131rat ve Dicle&#8217;ninki kadar Hazar&#8217;\u0131n ve Karadeniz&#8217;e kavu\u015fan sular\u0131n da tad\u0131n\u0131 bilirim. Ala Da\u011flar&#8217;\u0131n r\u00fczg\u00e2r\u0131nda ve Toroslar&#8217;\u0131n eteklerinde de kanat \u00e7\u0131rpt\u0131m; Talas&#8217;\u0131n d\u00fcz\u00fcnde ve Nemrut&#8217;un ulular\u0131nda da&#8230; T\u00fcrkmen obalar\u0131n\u0131n yurt edinip il kurdu\u011fu topraklarda dikti\u011fi s\u00f6\u011f\u00fct ve \u00e7\u0131narlar\u0131n dallar\u0131nda nice yuvalar kurdum, nice yuvalar bozdum. Ben bir garip ku\u015f, hi\u00e7 incinmedim T\u00fcrk&#8217;\u00fcn, T\u00fcrkmen&#8217;in t\u00fcresinde. \u015eimdi bir masal bari olsun anlatmak, g\u00f6rmedi\u011finizi ve bilmedi\u011finizi sand\u0131\u011f\u0131n\u0131z zamanlar\u0131n \u00fczerindeki atlas \u00f6rt\u00fcy\u00fc sizin i\u00e7in az\u0131c\u0131k kald\u0131rmak, \u015fu bir s\u0131k\u0131ml\u0131k cana tutunan aciz boynumun borcudur. Bu t\u00fcnek de benim \u00f6mr\u00fcm\u00fcn sonlanaca\u011f\u0131 kutlu yurdumdur. Yurdunuz, devletiniz payidar ola. Ulular, veliullahlar, evliyaullahlar, erenler! H\u00fb!\u201d<\/p>\n","protected":false},"excerpt":{"rendered":"<p>Misli Baydo\u011fan, uzman bir psikolog. Ancak biz kendisini, pek \u00e7ok dergide yay\u0131mlanm\u0131\u015f, T\u00fcrk davran\u0131\u015f kal\u0131plar\u0131n\u0131 ustaca sergiledi\u011fi tarih\u00ee hik\u00e2yelerinden tan\u0131yoruz. H\u00fb Diyen Karga -Sel\u00e7uklu Hik\u00e2yeleri- ba\u015fl\u0131\u011f\u0131<span class=\"excerpt-hellip\"> [\u2026]<\/span><\/p>\n","protected":false},"featured_media":0,"template":"","meta":{"_monsterinsights_skip_tracking":false,"_monsterinsights_sitenote_active":false,"_monsterinsights_sitenote_note":"","_monsterinsights_sitenote_category":0},"product_brand":[],"product_cat":[12291,12711],"product_tag":[],"class_list":{"0":"post-707707","1":"product","2":"type-product","3":"status-publish","5":"product_cat-edebiyat","6":"product_cat-roman-oyku","7":"pa_cilt-ciltsiz","8":"pa_tur-kitap","9":"pa_yayinevi-otuken-nesriyat","10":"pa_yazar-misli-baydogan","12":"first","13":"instock","14":"sale","15":"shipping-taxable","16":"purchasable","17":"product-type-simple"},"_links":{"self":[{"href":"https:\/\/roveyayinevi.com.tr\/index.php\/wp-json\/wp\/v2\/product\/707707","targetHints":{"allow":["GET"]}}],"collection":[{"href":"https:\/\/roveyayinevi.com.tr\/index.php\/wp-json\/wp\/v2\/product"}],"about":[{"href":"https:\/\/roveyayinevi.com.tr\/index.php\/wp-json\/wp\/v2\/types\/product"}],"wp:attachment":[{"href":"https:\/\/roveyayinevi.com.tr\/index.php\/wp-json\/wp\/v2\/media?parent=707707"}],"wp:term":[{"taxonomy":"product_brand","embeddable":true,"href":"https:\/\/roveyayinevi.com.tr\/index.php\/wp-json\/wp\/v2\/product_brand?post=707707"},{"taxonomy":"product_cat","embeddable":true,"href":"https:\/\/roveyayinevi.com.tr\/index.php\/wp-json\/wp\/v2\/product_cat?post=707707"},{"taxonomy":"product_tag","embeddable":true,"href":"https:\/\/roveyayinevi.com.tr\/index.php\/wp-json\/wp\/v2\/product_tag?post=707707"}],"curies":[{"name":"wp","href":"https:\/\/api.w.org\/{rel}","templated":true}]}}