{"id":707536,"date":"2025-08-27T16:06:36","date_gmt":"2025-08-27T13:06:36","guid":{"rendered":"https:\/\/roveyayinevi.com.tr\/index.php\/urun\/degisen-karadenizi-anlamak\/"},"modified":"2026-04-16T02:16:18","modified_gmt":"2026-04-15T23:16:18","slug":"degisen-karadenizi-anlamak","status":"publish","type":"product","link":"https:\/\/roveyayinevi.com.tr\/index.php\/urun\/degisen-karadenizi-anlamak\/","title":{"rendered":"De\u011fi\u015fen Karadeniz&#8217;i Anlamak"},"content":{"rendered":"<p>Siyaset Bilimci Deniz Y\u0131ld\u0131r\u0131m ve Evren Haspolat, daha \u00f6nce yine yay\u0131nevimizden \u00e7\u0131kan De\u011fi\u015fen \u0130zmir\u2019i Anlamak ba\u015fl\u0131kl\u0131 derleme \u00e7al\u0131\u015fmalar\u0131nda izledikleri y\u00f6ntemi bir kere daha izliyor ve bu kez Karadeniz\u2019in d\u00f6n\u00fc\u015f\u00fcm\u00fcn\u00fc sosyal, ekonomik ve siyasal y\u00f6nleriyle anlamam\u0131za katk\u0131 verecek, g\u00fcncelle teoriyi harmanlayan bir bak\u0131\u015fla birbirini b\u00fct\u00fcnleyen makaleleri okuyucunun dikkatine sunuyor. Bu a\u00e7\u0131dan De\u011fi\u015fen Karadeniz\u2019i Anlamak, De\u011fi\u015fen \u0130zmir\u2019i Anlamak\u2019tan sonra serinin ikinci kitab\u0131 olarak da g\u00f6r\u00fclebilir.Karadeniz\u2019in de\u011fi\u015fimini sadece co\u011frafi bir b\u00f6lgeye s\u0131k\u0131\u015ft\u0131rmayan, Karadeniz\u2019i bug\u00fcn T\u00fcrkiye siyasetinde, \u00f6zellikle de AKP iktidar\u0131 devrinde kazand\u0131\u011f\u0131 siyasal a\u011f\u0131rl\u0131kla ve bunun nedenleriyle de tart\u0131\u015fan, basmakal\u0131p Karadeniz analizlerinin \u00f6tesine ge\u00e7erek hem d\u00f6n\u00fc\u015f\u00fcme hem de Karadeniz\u2019in ge\u00e7mi\u015ften bug\u00fcne uzanan itiraz tarihine odaklanan bir kitap elinizdeki. De\u011fi\u015fen Karadeniz\u2019i Anlamak, bug\u00fcnk\u00fc T\u00fcrkiye\u2019yi anlama yolunda bilimsel ve b\u00fct\u00fcnl\u00fckl\u00fc bir giri\u015fim; varolan \u00e7al\u0131\u015fmalar\u0131n \u00f6rd\u00fc\u011f\u00fc duvara yeni bir tu\u011fla koyma denemesi.<\/p>\n","protected":false},"excerpt":{"rendered":"<p>Siyaset Bilimci Deniz Y\u0131ld\u0131r\u0131m ve Evren Haspolat, daha \u00f6nce yine yay\u0131nevimizden \u00e7\u0131kan De\u011fi\u015fen \u0130zmir\u2019i Anlamak ba\u015fl\u0131kl\u0131 derleme \u00e7al\u0131\u015fmalar\u0131nda izledikleri y\u00f6ntemi bir kere daha izliyor ve bu<span class=\"excerpt-hellip\"> [\u2026]<\/span><\/p>\n","protected":false},"featured_media":0,"template":"","meta":{"_monsterinsights_skip_tracking":false,"_monsterinsights_sitenote_active":false,"_monsterinsights_sitenote_note":"","_monsterinsights_sitenote_category":0},"product_brand":[],"product_cat":[13633,12324],"product_tag":[],"class_list":{"0":"post-707536","1":"product","2":"type-product","3":"status-publish","5":"product_cat-kultur-ve-bilim","6":"product_cat-sosyoloji","7":"pa_cilt-ciltsiz","8":"pa_tur-kitap","9":"pa_yayinevi-phoenix-yayinevi","10":"pa_yazar-deniz-yildirim","12":"first","13":"instock","14":"sale","15":"shipping-taxable","16":"purchasable","17":"product-type-simple"},"_links":{"self":[{"href":"https:\/\/roveyayinevi.com.tr\/index.php\/wp-json\/wp\/v2\/product\/707536","targetHints":{"allow":["GET"]}}],"collection":[{"href":"https:\/\/roveyayinevi.com.tr\/index.php\/wp-json\/wp\/v2\/product"}],"about":[{"href":"https:\/\/roveyayinevi.com.tr\/index.php\/wp-json\/wp\/v2\/types\/product"}],"wp:attachment":[{"href":"https:\/\/roveyayinevi.com.tr\/index.php\/wp-json\/wp\/v2\/media?parent=707536"}],"wp:term":[{"taxonomy":"product_brand","embeddable":true,"href":"https:\/\/roveyayinevi.com.tr\/index.php\/wp-json\/wp\/v2\/product_brand?post=707536"},{"taxonomy":"product_cat","embeddable":true,"href":"https:\/\/roveyayinevi.com.tr\/index.php\/wp-json\/wp\/v2\/product_cat?post=707536"},{"taxonomy":"product_tag","embeddable":true,"href":"https:\/\/roveyayinevi.com.tr\/index.php\/wp-json\/wp\/v2\/product_tag?post=707536"}],"curies":[{"name":"wp","href":"https:\/\/api.w.org\/{rel}","templated":true}]}}