{"id":707509,"date":"2025-08-27T16:06:23","date_gmt":"2025-08-27T13:06:23","guid":{"rendered":"https:\/\/roveyayinevi.com.tr\/index.php\/urun\/hitler-oyuncagimi-caldi\/"},"modified":"2026-04-16T02:16:18","modified_gmt":"2026-04-15T23:16:18","slug":"hitler-oyuncagimi-caldi","status":"publish","type":"product","link":"https:\/\/roveyayinevi.com.tr\/index.php\/urun\/hitler-oyuncagimi-caldi\/","title":{"rendered":"Hitler Oyunca\u011f\u0131m\u0131 \u00c7ald\u0131"},"content":{"rendered":"<p>Do\u011fdu\u011funuz, b\u00fcy\u00fcd\u00fc\u011f\u00fcn\u00fcz, anavatan\u0131n\u0131z olarak g\u00f6rd\u00fc\u011f\u00fcn\u00fcz topraklardan apar topar uzakla\u015fmak zorunda kalsan\u0131z neler hissederdiniz? Hele bir de bu zorunlu g\u00f6\u00e7, yakla\u015fmakta olan bir d\u00fcnya sava\u015f\u0131n\u0131n ve bunu takiben ya\u015fanacak ac\u0131mas\u0131z bir soyk\u0131r\u0131m\u0131n arifesinde olursa&#8230;Tudem Yay\u0131nlar\u0131, Almanya do\u011fumlu \u0130ngiliz yazar ve \u00e7izer Judith Kerr&#8217;in ilk bas\u0131m\u0131 1971 y\u0131l\u0131nda yap\u0131lan, Alman Gen\u00e7lik Edebiyat\u0131 \u00d6d\u00fcll\u00fc otobiyografik ba\u015fyap\u0131t\u0131 Hitler Oyunca\u011f\u0131m\u0131 \u00c7ald\u0131&#8217;y\u0131, yeniden okurlarla bulu\u015fturman\u0131n heyecan\u0131n\u0131 ya\u015f\u0131yor.Ba\u015fta Almanya ve \u0130ngiltere olmak \u00fczere, Avrupa&#8217;n\u0131n pek \u00e7ok \u00fclkesinde \u00e7ocuklar\u0131n mutlaka okumas\u0131 gereken kitaplar listesinde yer alan Hitler Oyunca\u011f\u0131m\u0131 \u00c7ald\u0131 ile Judith Kerr, duygu s\u00f6m\u00fcr\u00fcs\u00fcnden uzak, ger\u00e7eklerle \u00f6r\u00fcl\u00fc, umut dolu, naif bir sava\u015f \u00f6ncesi tablosu resmediyor okurlar\u0131n\u0131n belle\u011finde.Nazi propagandas\u0131n\u0131n artmas\u0131 ve Hitler&#8217;in iktidara yakla\u015fmas\u0131 sebebiyle kaotik bir d\u00f6nemece giren Almanya&#8217;da, Anna&#8217;n\u0131n gazeteci, yazar babas\u0131 i\u00e7in tek kurtulu\u015f yolu Almanya&#8217;y\u0131 terk etmektir. Hayatta kalabilmek i\u00e7in sahip olduklar\u0131 her \u015feyi bir \u00e7\u0131rp\u0131da geride b\u0131rakmak zorunda kalan Anna ve ailesi i\u00e7in m\u00fccadele zaman\u0131d\u0131r. 30&#8217;lu y\u0131llar\u0131n Avrupa&#8217;s\u0131na ve sivrilmekte olan Hitler Almanyas\u0131&#8217;na, Anna ad\u0131ndaki 9 ya\u015f\u0131nda Yahudi bir k\u0131z \u00e7ocu\u011funun g\u00f6zlerinden bakan roman, m\u00fclteci olarak ya\u015faman\u0131n k\u00e2h h\u00fcz\u00fcnl\u00fc k\u00e2h g\u00fcl\u00fcmseten yanlar\u0131na vurgu yaparken, sava\u015f\u0131n ve m\u00fcltecili\u011fin korkun\u00e7 y\u00fcz\u00fcne de\u011fil, Anna&#8217;n\u0131n \u00e7ocuk ruhuyla \u00e7evresinde geli\u015fen olaylara ve kendi hislerine odaklan\u0131yor.Judith Kerr&#8217;in ger\u00e7ek ya\u015fam\u00f6yk\u00fcs\u00fcne dayanan bu roman\u0131 okurken, oradan oraya savrulan hayatlar\u0131n ve ne pahas\u0131na olursa olsun ayakta kalmaya \u00e7al\u0131\u015fan umut dolu \u00fcrkek insanlar\u0131n verdi\u011fi ya\u015fam m\u00fccadelesi d\u00fcnyaya bak\u0131\u015f a\u00e7\u0131n\u0131z\u0131 de\u011fi\u015ftirecek&#8230;&#8221;B\u00fcy\u00fcleyici ve dokunakl\u0131&#8230; \u00dcstelik \u00e7ok da e\u011flenceli.&#8221;- Daily Mail&#8221;Okudu\u011funuz romanlar i\u00e7inde hayat\u0131n\u0131za en \u00e7ok renk katacaklardan bir tanesi.&#8221;- Michael Morpurgo<\/p>\n","protected":false},"excerpt":{"rendered":"<p>Do\u011fdu\u011funuz, b\u00fcy\u00fcd\u00fc\u011f\u00fcn\u00fcz, anavatan\u0131n\u0131z olarak g\u00f6rd\u00fc\u011f\u00fcn\u00fcz topraklardan apar topar uzakla\u015fmak zorunda kalsan\u0131z neler hissederdiniz? Hele bir de bu zorunlu g\u00f6\u00e7, yakla\u015fmakta olan bir d\u00fcnya sava\u015f\u0131n\u0131n ve bunu<span class=\"excerpt-hellip\"> [\u2026]<\/span><\/p>\n","protected":false},"featured_media":0,"template":"","meta":{"_monsterinsights_skip_tracking":false,"_monsterinsights_sitenote_active":false,"_monsterinsights_sitenote_note":"","_monsterinsights_sitenote_category":0},"product_brand":[],"product_cat":[12291,12711],"product_tag":[],"class_list":{"0":"post-707509","1":"product","2":"type-product","3":"status-publish","5":"product_cat-edebiyat","6":"product_cat-roman-oyku","7":"pa_cilt-ciltsiz","8":"pa_tur-kitap","9":"pa_yayinevi-tudem-yayinlari","10":"pa_yazar-judith-kerr","12":"first","13":"instock","14":"sale","15":"shipping-taxable","16":"purchasable","17":"product-type-simple"},"_links":{"self":[{"href":"https:\/\/roveyayinevi.com.tr\/index.php\/wp-json\/wp\/v2\/product\/707509","targetHints":{"allow":["GET"]}}],"collection":[{"href":"https:\/\/roveyayinevi.com.tr\/index.php\/wp-json\/wp\/v2\/product"}],"about":[{"href":"https:\/\/roveyayinevi.com.tr\/index.php\/wp-json\/wp\/v2\/types\/product"}],"wp:attachment":[{"href":"https:\/\/roveyayinevi.com.tr\/index.php\/wp-json\/wp\/v2\/media?parent=707509"}],"wp:term":[{"taxonomy":"product_brand","embeddable":true,"href":"https:\/\/roveyayinevi.com.tr\/index.php\/wp-json\/wp\/v2\/product_brand?post=707509"},{"taxonomy":"product_cat","embeddable":true,"href":"https:\/\/roveyayinevi.com.tr\/index.php\/wp-json\/wp\/v2\/product_cat?post=707509"},{"taxonomy":"product_tag","embeddable":true,"href":"https:\/\/roveyayinevi.com.tr\/index.php\/wp-json\/wp\/v2\/product_tag?post=707509"}],"curies":[{"name":"wp","href":"https:\/\/api.w.org\/{rel}","templated":true}]}}