{"id":707495,"date":"2025-08-27T16:06:17","date_gmt":"2025-08-27T13:06:17","guid":{"rendered":"https:\/\/roveyayinevi.com.tr\/index.php\/urun\/genis-ufuklara-ve-yabanci-iklimlere-dogru\/"},"modified":"2026-04-16T02:16:17","modified_gmt":"2026-04-15T23:16:17","slug":"genis-ufuklara-ve-yabanci-iklimlere-dogru","status":"publish","type":"product","link":"https:\/\/roveyayinevi.com.tr\/index.php\/urun\/genis-ufuklara-ve-yabanci-iklimlere-dogru\/","title":{"rendered":"Geni\u015f Ufuklara ve Yabanc\u0131 \u0130klimlere Do\u011fru"},"content":{"rendered":"<p>&#8220;Osmanl\u0131&#8217;y\u0131 da, Birinci Cihan Sava\u015f\u0131&#8217;n\u0131 da, Milli M\u00fccadele&#8217;yi de, g\u00f6rm\u00fc\u015f, Fransa&#8217;da Do\u011fu Dilleri Okulu&#8217;nda okumu\u015f, Padi\u015fah Abd\u00fclhamit&#8217;in Berlin B\u00fcy\u00fckel\u00e7isi Sadullah Pa\u015fa&#8217;n\u0131n gelini, Viyana B\u00fcy\u00fckel\u00e7isi Nusret Sadullah Bey&#8217;in e\u015fi, Beylerbeyi&#8217;ndeki yal\u0131n\u0131n son temsilcisi&#8230;&#8221;M\u00fcnevver Aya\u015fl\u0131, &#8220;Geni\u015f Ufuklara ve Yabanc\u0131 \u0130klimlere Do\u011fru&#8221;da kendi ki\u015fisel tarihini yazarken yine Osmanl\u0131&#8217;n\u0131n son d\u00f6nem, Cumhuriyet&#8217;in ilk d\u00f6nem tarihine tan\u0131kl\u0131k ediyor. \u00c7ocuklu\u011fundan ba\u015flatarak e\u015fi Nusret Sadullah Aya\u015fl\u0131&#8217;n\u0131n vefat tarihi olan 12 Aral\u0131k 1944&#8217;e kadar kronolojik bir s\u0131ra g\u00f6zetmeden zaman, mekan ve insan \u00fc\u00e7geninde geli\u015ftiriyor anlat\u0131m\u0131n\u0131. Tarih kitaplar\u0131n\u0131n kuru ve yavan sayfalar\u0131nda bulamayaca\u011f\u0131n\u0131z ayr\u0131nt\u0131lara yer veriyor. Geni\u015f ufuklara ve yabanc\u0131 iklimlere do\u011fru bir yolculu\u011fa davet ediyor okuyucusunu&#8230;<\/p>\n","protected":false},"excerpt":{"rendered":"<p>&#8220;Osmanl\u0131&#8217;y\u0131 da, Birinci Cihan Sava\u015f\u0131&#8217;n\u0131 da, Milli M\u00fccadele&#8217;yi de, g\u00f6rm\u00fc\u015f, Fransa&#8217;da Do\u011fu Dilleri Okulu&#8217;nda okumu\u015f, Padi\u015fah Abd\u00fclhamit&#8217;in Berlin B\u00fcy\u00fckel\u00e7isi Sadullah Pa\u015fa&#8217;n\u0131n gelini, Viyana B\u00fcy\u00fckel\u00e7isi Nusret Sadullah<span class=\"excerpt-hellip\"> [\u2026]<\/span><\/p>\n","protected":false},"featured_media":0,"template":"","meta":{"_monsterinsights_skip_tracking":false,"_monsterinsights_sitenote_active":false,"_monsterinsights_sitenote_note":"","_monsterinsights_sitenote_category":0},"product_brand":[],"product_cat":[12312,12304],"product_tag":[],"class_list":{"0":"post-707495","1":"product","2":"type-product","3":"status-publish","5":"product_cat-diger","6":"product_cat-tarih","7":"pa_cilt-ciltsiz","8":"pa_tur-kitap","9":"pa_yayinevi-timas-yayinlari","10":"pa_yazar-munevver-ayasli","12":"first","13":"instock","14":"sale","15":"shipping-taxable","16":"purchasable","17":"product-type-simple"},"_links":{"self":[{"href":"https:\/\/roveyayinevi.com.tr\/index.php\/wp-json\/wp\/v2\/product\/707495","targetHints":{"allow":["GET"]}}],"collection":[{"href":"https:\/\/roveyayinevi.com.tr\/index.php\/wp-json\/wp\/v2\/product"}],"about":[{"href":"https:\/\/roveyayinevi.com.tr\/index.php\/wp-json\/wp\/v2\/types\/product"}],"wp:attachment":[{"href":"https:\/\/roveyayinevi.com.tr\/index.php\/wp-json\/wp\/v2\/media?parent=707495"}],"wp:term":[{"taxonomy":"product_brand","embeddable":true,"href":"https:\/\/roveyayinevi.com.tr\/index.php\/wp-json\/wp\/v2\/product_brand?post=707495"},{"taxonomy":"product_cat","embeddable":true,"href":"https:\/\/roveyayinevi.com.tr\/index.php\/wp-json\/wp\/v2\/product_cat?post=707495"},{"taxonomy":"product_tag","embeddable":true,"href":"https:\/\/roveyayinevi.com.tr\/index.php\/wp-json\/wp\/v2\/product_tag?post=707495"}],"curies":[{"name":"wp","href":"https:\/\/api.w.org\/{rel}","templated":true}]}}