{"id":707296,"date":"2025-08-27T16:03:59","date_gmt":"2025-08-27T13:03:59","guid":{"rendered":"https:\/\/roveyayinevi.com.tr\/index.php\/urun\/hatirat-sayfalari-cihan-harbi-ittihatcilar-ve-abdulhamit\/"},"modified":"2026-04-16T02:16:13","modified_gmt":"2026-04-15T23:16:13","slug":"hatirat-sayfalari-cihan-harbi-ittihatcilar-ve-abdulhamit","status":"publish","type":"product","link":"https:\/\/roveyayinevi.com.tr\/index.php\/urun\/hatirat-sayfalari-cihan-harbi-ittihatcilar-ve-abdulhamit\/","title":{"rendered":"Hat\u0131rat Sayfalar\u0131: Cihan Harbi \u0130ttihat\u00e7\u0131lar ve Abd\u00fclhamit"},"content":{"rendered":"<p>Atat\u00fcrk, 1914-1919 d\u00f6nemine ait an\u0131lar\u0131n\u0131, H\u00e2kimiyeti Milliye gazetesinin ba\u015fyazar\u0131 Falih R\u0131fk\u0131 (Atay) ile Milliyet gazetesinin ba\u015fyazar\u0131 Mahmut (Soydan) Beylere anlatm\u0131\u015f ve yazd\u0131rm\u0131\u015ft\u0131r.An\u0131lar, bu iki gazetede 13 Mart 1926-12 Nisan 1926 tarihleri aras\u0131nda \u201cB\u00fcy\u00fck Gazi&#8217;nin Hat\u0131rat Sahifeleri\u201d ba\u015fl\u0131\u011f\u0131yla yaz\u0131 dizisi olarak yay\u0131mlanmaya ba\u015fland\u0131ktan iki g\u00fcn sonraCumhuriyet gazetesinde de yer alm\u0131\u015ft\u0131r. Atat\u00fcrk taraf\u0131ndan g\u00f6zden ge\u00e7irildikten sonra yap\u0131lan yay\u0131m i\u00e7eride ve d\u0131\u015far\u0131da yank\u0131lar uyand\u0131r\u0131r. H\u00fck\u00fcmetin ricas\u0131 \u00fczerine Atat\u00fcrk birinci k\u0131sm\u0131n sonunda hat\u0131ralar\u0131n\u0131 keser. Fakat gazeteciler, Samsun&#8217;a \u00e7\u0131k\u0131ncaya kadar ge\u00e7en hadiseler hakk\u0131ndaki notlar\u0131n\u0131 tamamlam\u0131\u015flard\u0131r. Falih R\u0131fk\u0131 Atay, an\u0131lar\u0131n sonraki b\u00f6l\u00fcm\u00fcne1944&#8217;te yay\u0131mlad\u0131\u011f\u0131 19 May\u0131s adl\u0131 kitapta yer verir.<\/p>\n","protected":false},"excerpt":{"rendered":"<p>Atat\u00fcrk, 1914-1919 d\u00f6nemine ait an\u0131lar\u0131n\u0131, H\u00e2kimiyeti Milliye gazetesinin ba\u015fyazar\u0131 Falih R\u0131fk\u0131 (Atay) ile Milliyet gazetesinin ba\u015fyazar\u0131 Mahmut (Soydan) Beylere anlatm\u0131\u015f ve yazd\u0131rm\u0131\u015ft\u0131r.An\u0131lar, bu iki gazetede 13<span class=\"excerpt-hellip\"> [\u2026]<\/span><\/p>\n","protected":false},"featured_media":0,"template":"","meta":{"_monsterinsights_skip_tracking":false,"_monsterinsights_sitenote_active":false,"_monsterinsights_sitenote_note":"","_monsterinsights_sitenote_category":0},"product_brand":[],"product_cat":[12530,12304],"product_tag":[],"class_list":{"0":"post-707296","1":"product","2":"type-product","3":"status-publish","5":"product_cat-mustafa-kemal-ataturk","6":"product_cat-tarih","7":"pa_cilt-ciltsiz","8":"pa_tur-kitap","9":"pa_yayinevi-kaynak-yayinlari","10":"pa_yazar-mustafa-kemal-ataturk","12":"first","13":"instock","14":"sale","15":"shipping-taxable","16":"purchasable","17":"product-type-simple"},"_links":{"self":[{"href":"https:\/\/roveyayinevi.com.tr\/index.php\/wp-json\/wp\/v2\/product\/707296","targetHints":{"allow":["GET"]}}],"collection":[{"href":"https:\/\/roveyayinevi.com.tr\/index.php\/wp-json\/wp\/v2\/product"}],"about":[{"href":"https:\/\/roveyayinevi.com.tr\/index.php\/wp-json\/wp\/v2\/types\/product"}],"wp:attachment":[{"href":"https:\/\/roveyayinevi.com.tr\/index.php\/wp-json\/wp\/v2\/media?parent=707296"}],"wp:term":[{"taxonomy":"product_brand","embeddable":true,"href":"https:\/\/roveyayinevi.com.tr\/index.php\/wp-json\/wp\/v2\/product_brand?post=707296"},{"taxonomy":"product_cat","embeddable":true,"href":"https:\/\/roveyayinevi.com.tr\/index.php\/wp-json\/wp\/v2\/product_cat?post=707296"},{"taxonomy":"product_tag","embeddable":true,"href":"https:\/\/roveyayinevi.com.tr\/index.php\/wp-json\/wp\/v2\/product_tag?post=707296"}],"curies":[{"name":"wp","href":"https:\/\/api.w.org\/{rel}","templated":true}]}}