{"id":707285,"date":"2025-08-27T16:03:54","date_gmt":"2025-08-27T13:03:54","guid":{"rendered":"https:\/\/roveyayinevi.com.tr\/index.php\/urun\/perincek-isvicre-davasi-3\/"},"modified":"2026-04-16T02:16:13","modified_gmt":"2026-04-15T23:16:13","slug":"perincek-isvicre-davasi-3","status":"publish","type":"product","link":"https:\/\/roveyayinevi.com.tr\/index.php\/urun\/perincek-isvicre-davasi-3\/","title":{"rendered":"Perin\u00e7ek-\u0130svi\u00e7re Davas\u0131"},"content":{"rendered":"<p>Perin\u00e7ek-\u0130svi\u00e7re Davas\u0131\u2019nda A\u0130HM Bu\u0308yu\u0308k Daire\u2019nin 15 Ekim 2015 gu\u0308nlu\u0308 Karar\u0131n\u0131n Tu\u0308rk\u00e7e, \u0130ngilizce ve Frans\u0131zca metinleri bu kitapta derlenmi\u015f bulunuyor.A\u0130HM\u2019nin Kararlar\u0131ndan sonra en son 25 A\u011fustos 2016 tarihinde \u0130svi\u00e7re Federal Mahkemesi de Do\u011fu Perin\u00e7ek hakk\u0131nda Lozan Sulh Ceza Mahkemesi\u2019nin verdi\u011fi mahk\u00fbmiyet Karar\u0131n\u0131 bozdu.A\u0130HM\u2019nin Perin\u00e7ek\u2019i \u0130svi\u00e7re kar\u015f\u0131s\u0131nda hakl\u0131 bulan kararlar\u0131ndan ve \u0130svi\u00e7re Federal Mahkemesi\u2019nin bozma karar\u0131ndan sonra hukuksal ve siyasal zeminlerde ne kazand\u0131k?A\u0130HM Kararlar\u0131yla ne kazand\u0131\u011f\u0131m\u0131z\u0131 bilmiyorsak, bundan sonra hi\u00e7bir \u015fey kazanamay\u0131z, hatta kazand\u0131klar\u0131m\u0131z\u0131 bile kaybederiz.Bu nedenle \u015fu anda mu\u0308cadele, kazand\u0131\u011f\u0131m\u0131z mevzileri belirleme noktas\u0131ndad\u0131r.Kazand\u0131\u011f\u0131m\u0131z Mevzi: Ermeni Soyk\u0131r\u0131m\u0131 Yok!Mu\u0308cadelemizde uluslararas\u0131 mahkeme kararlar\u0131na dayan\u0131yoruz, insanl\u0131\u011f\u0131n demokratik hukuk birikimine gu\u0308veniyoruz ve Tu\u0308rk milletinin gu\u0308cu\u0308nu\u0308 biliyoruz.Herkesi seferberlige \u00e7a\u011f\u0131r\u0131yoruz.<\/p>\n","protected":false},"excerpt":{"rendered":"<p>Perin\u00e7ek-\u0130svi\u00e7re Davas\u0131\u2019nda A\u0130HM Bu\u0308yu\u0308k Daire\u2019nin 15 Ekim 2015 gu\u0308nlu\u0308 Karar\u0131n\u0131n Tu\u0308rk\u00e7e, \u0130ngilizce ve Frans\u0131zca metinleri bu kitapta derlenmi\u015f bulunuyor.A\u0130HM\u2019nin Kararlar\u0131ndan sonra en son 25 A\u011fustos 2016<span class=\"excerpt-hellip\"> [\u2026]<\/span><\/p>\n","protected":false},"featured_media":0,"template":"","meta":{"_monsterinsights_skip_tracking":false,"_monsterinsights_sitenote_active":false,"_monsterinsights_sitenote_note":"","_monsterinsights_sitenote_category":0},"product_brand":[],"product_cat":[12338,12337],"product_tag":[],"class_list":{"0":"post-707285","1":"product","2":"type-product","3":"status-publish","5":"product_cat-dunya-siyaseti-ve-politikasi","6":"product_cat-politika-siyaset","7":"pa_cilt-ciltsiz","8":"pa_tur-kitap","9":"pa_yayinevi-kaynak-yayinlari","10":"pa_yazar-kolektif","12":"first","13":"instock","14":"sale","15":"shipping-taxable","16":"purchasable","17":"product-type-simple"},"_links":{"self":[{"href":"https:\/\/roveyayinevi.com.tr\/index.php\/wp-json\/wp\/v2\/product\/707285","targetHints":{"allow":["GET"]}}],"collection":[{"href":"https:\/\/roveyayinevi.com.tr\/index.php\/wp-json\/wp\/v2\/product"}],"about":[{"href":"https:\/\/roveyayinevi.com.tr\/index.php\/wp-json\/wp\/v2\/types\/product"}],"wp:attachment":[{"href":"https:\/\/roveyayinevi.com.tr\/index.php\/wp-json\/wp\/v2\/media?parent=707285"}],"wp:term":[{"taxonomy":"product_brand","embeddable":true,"href":"https:\/\/roveyayinevi.com.tr\/index.php\/wp-json\/wp\/v2\/product_brand?post=707285"},{"taxonomy":"product_cat","embeddable":true,"href":"https:\/\/roveyayinevi.com.tr\/index.php\/wp-json\/wp\/v2\/product_cat?post=707285"},{"taxonomy":"product_tag","embeddable":true,"href":"https:\/\/roveyayinevi.com.tr\/index.php\/wp-json\/wp\/v2\/product_tag?post=707285"}],"curies":[{"name":"wp","href":"https:\/\/api.w.org\/{rel}","templated":true}]}}