{"id":707233,"date":"2025-08-27T16:03:21","date_gmt":"2025-08-27T13:03:21","guid":{"rendered":"https:\/\/roveyayinevi.com.tr\/index.php\/urun\/yenicag-avrupasinda-diller-ve-topluluklar\/"},"modified":"2026-04-16T02:15:46","modified_gmt":"2026-04-15T23:15:46","slug":"yenicag-avrupasinda-diller-ve-topluluklar","status":"publish","type":"product","link":"https:\/\/roveyayinevi.com.tr\/index.php\/urun\/yenicag-avrupasinda-diller-ve-topluluklar\/","title":{"rendered":"Yeni\u00e7a\u011f Avrupas\u0131&#8217;nda Diller ve Topluluklar"},"content":{"rendered":"<p>Peter Burke bu \u00e7al\u0131\u015fmas\u0131nda, Avrupa\u2019da matbaan\u0131n icad\u0131 ve Frans\u0131z Devrimi aras\u0131ndaki zaman diliminde (1450-1789) konu\u015fulmu\u015f ya da yaz\u0131lm\u0131\u015f dillerin sosyal ve k\u00fclt\u00fcrel tarihini ara\u015ft\u0131r\u0131rken, dilbilimsel bak\u0131\u015f a\u00e7\u0131s\u0131 i\u00e7inde bu zaman diliminin ba\u015fl\u0131 ba\u015f\u0131na bir d\u00f6nem olarak de\u011ferlendirilmesi gerekti\u011fini \u00f6ne s\u00fcrmektedir.Kitab\u0131n ana temalar\u0131ndan biri, diller ve topluluklar aras\u0131ndaki ili\u015fki (farkl\u0131 milletler oldu\u011fu kadar, farkl\u0131 b\u00f6lgeler, kiliseler, meslekler ve cinsiyetler de d\u00e2hil olmak \u00fczere) ve \u00f6tekinin tan\u0131mlanmas\u0131nda bireyin kimli\u011finin sembol\u00fc olarak dilin yerinin ne oldu\u011fudur. Bununla ba\u011flant\u0131l\u0131 olan di\u011fer bir tema da, diller aras\u0131ndaki rek\u00e2bet: Latince ile di\u011fer diller; farkl\u0131 diller ve bunlar\u0131n i\u00e7inde bask\u0131n olanlarla di\u011ferleri ve ayn\u0131 dilin farkl\u0131 \u00e7e\u015fitlemeleri olan standart diller ve leh\u00e7eleri aras\u0131ndaki ili\u015fki.Avrupa\u2019n\u0131n \u00f6nde gelen k\u00fclt\u00fcr tarih\u00e7ilerinden biri taraf\u0131ndan yap\u0131lm\u0131\u015f olan bu \u00e7al\u0131\u015fma, Avrupa dillerinin tarihini geni\u015f \u00e7e\u015fitlilikte ba\u011flamlara yerle\u015ftirmektedir.<\/p>\n","protected":false},"excerpt":{"rendered":"<p>Peter Burke bu \u00e7al\u0131\u015fmas\u0131nda, Avrupa\u2019da matbaan\u0131n icad\u0131 ve Frans\u0131z Devrimi aras\u0131ndaki zaman diliminde (1450-1789) konu\u015fulmu\u015f ya da yaz\u0131lm\u0131\u015f dillerin sosyal ve k\u00fclt\u00fcrel tarihini ara\u015ft\u0131r\u0131rken, dilbilimsel bak\u0131\u015f<span class=\"excerpt-hellip\"> [\u2026]<\/span><\/p>\n","protected":false},"featured_media":0,"template":"","meta":{"_monsterinsights_skip_tracking":false,"_monsterinsights_sitenote_active":false,"_monsterinsights_sitenote_note":"","_monsterinsights_sitenote_category":0},"product_brand":[],"product_cat":[12534,12304],"product_tag":[],"class_list":{"0":"post-707233","1":"product","2":"type-product","3":"status-publish","5":"product_cat-referans-kitaplar","6":"product_cat-tarih","7":"pa_cilt-ciltsiz","8":"pa_tur-kitap","9":"pa_yayinevi-islik-yayinlari","10":"pa_yazar-peter-burke","12":"first","13":"instock","14":"sale","15":"shipping-taxable","16":"purchasable","17":"product-type-simple"},"_links":{"self":[{"href":"https:\/\/roveyayinevi.com.tr\/index.php\/wp-json\/wp\/v2\/product\/707233","targetHints":{"allow":["GET"]}}],"collection":[{"href":"https:\/\/roveyayinevi.com.tr\/index.php\/wp-json\/wp\/v2\/product"}],"about":[{"href":"https:\/\/roveyayinevi.com.tr\/index.php\/wp-json\/wp\/v2\/types\/product"}],"wp:attachment":[{"href":"https:\/\/roveyayinevi.com.tr\/index.php\/wp-json\/wp\/v2\/media?parent=707233"}],"wp:term":[{"taxonomy":"product_brand","embeddable":true,"href":"https:\/\/roveyayinevi.com.tr\/index.php\/wp-json\/wp\/v2\/product_brand?post=707233"},{"taxonomy":"product_cat","embeddable":true,"href":"https:\/\/roveyayinevi.com.tr\/index.php\/wp-json\/wp\/v2\/product_cat?post=707233"},{"taxonomy":"product_tag","embeddable":true,"href":"https:\/\/roveyayinevi.com.tr\/index.php\/wp-json\/wp\/v2\/product_tag?post=707233"}],"curies":[{"name":"wp","href":"https:\/\/api.w.org\/{rel}","templated":true}]}}