{"id":707183,"date":"2025-08-27T16:02:59","date_gmt":"2025-08-27T13:02:59","guid":{"rendered":"https:\/\/roveyayinevi.com.tr\/index.php\/urun\/uzakdogudan-guney-asyaya-siddet-ve-terorizm\/"},"modified":"2026-04-16T02:15:45","modified_gmt":"2026-04-15T23:15:45","slug":"uzakdogudan-guney-asyaya-siddet-ve-terorizm","status":"publish","type":"product","link":"https:\/\/roveyayinevi.com.tr\/index.php\/urun\/uzakdogudan-guney-asyaya-siddet-ve-terorizm\/","title":{"rendered":"Uzakdo\u011fu&#8217;dan G\u00fcney Asya&#8217;ya \u015eiddet ve Ter\u00f6rizm"},"content":{"rendered":"<p>Uzakdo\u011fu&#8217;dan G\u00fcney Asya&#8217;ya \u015eiddet ve Ter\u00f6rizm Kitap A\u00e7\u0131klamas\u0131Ter\u00f6rizm konusunda edit\u00f6rlerin haz\u0131rlad\u0131\u011f\u0131 bu \u00e7al\u0131\u015fma \u00e7ok \u00f6nemlidir. Bu kitap ter\u00f6rizm olgusunu, \u00f6nemli dinamiklerden olan ideolojilerin ve istihbarat temelli kavramlar olan motivasyonlar\u0131n, metotlar\u0131n ve hedeflerin tam olarak kavranmas\u0131 perspektifinden ele almaktad\u0131r. \u00c7e\u015fitli gruplar\u0131n inan\u00e7 sistemleri aras\u0131ndaki farkl\u0131l\u0131k \u00f6nem arz etmektedir, \u00e7\u00fcnk\u00fc bu olgu ter\u00f6r \u00f6rg\u00fctlerinin yaratt\u0131\u011f\u0131 tehdidi anlamaya yard\u0131m eder ve bu tehdidin nas\u0131l engellenece\u011fine y\u00f6nelik bir bak\u0131\u015f a\u00e7\u0131s\u0131 sa\u011flar. Bu kitap ter\u00f6rizm konusunu \u00e7al\u0131\u015fan \u00f6\u011frencilere, ara\u015ft\u0131rmac\u0131lara, polis birimlerine ve ter\u00f6rle m\u00fccadeleden sorumlu ulusal g\u00fcvenlik birimlerine \u00f6nemli bilgiler sunmaktad\u0131r. Bu kitab\u0131 kesinlikle tavsiye ediyorum.-David L. Carter, Ph.D.-Profes\u00f6r ve \u0130stihbarat Program\u0131 M\u00fcd\u00fcr\u00fcSu\u00e7 Adalet Bilimi B\u00f6l\u00fcm\u00fcMichigan Devlet \u00dcniversitesi, ABDTer\u00f6r tehdidi h\u0131zl\u0131 ve tahmin edilemez bir \u015fekilde b\u00fcy\u00fcmektedir. Uluslar, bireysel veya toplu olarak ter\u00f6rle m\u00fccadele stratejileri geli\u015ftirmekte ve ter\u00f6r\u00fcn sonland\u0131r\u0131lmas\u0131, cayd\u0131r\u0131c\u0131l\u0131\u011f\u0131n sa\u011flanmas\u0131 ve olumsuz sonu\u00e7lar\u0131n\u0131n azalt\u0131lmas\u0131 amac\u0131yla yeni \u00e7\u00f6z\u00fcmler aramaktad\u0131r. Bu ba\u011flamda objektif ve analitik \u00f6zelli\u011fe sahip ara\u015ft\u0131rmalar kritik \u00f6nem ta\u015f\u0131maktad\u0131r. T\u00fcrk uzmanlar taraf\u0131ndan ger\u00e7ekle\u015ftirilen bu \u00e7al\u0131\u015fma, incelenen ter\u00f6r \u00f6rg\u00fctlerinin tarihsel ge\u00e7mi\u015fi, \u00f6rg\u00fctsel yap\u0131s\u0131, ideolojisi, hedefleri, stratejileri, ama\u00e7lar\u0131, taktikleri, kaynaklar\u0131, istihdam faaliyetleri, potansiyel kurbanlar\u0131, kapasiteleri, finansal kaynaklar\u0131, uluslararas\u0131 ba\u011flant\u0131lar\u0131 ile \u00f6rg\u00fct\u00fcn faaliyet g\u00f6sterdi\u011fi b\u00f6lgelerin co\u011frafi ve politik \u00f6zellikleri ile n\u00fcfusun etno-k\u00fclt\u00fcrel yap\u0131s\u0131 hakk\u0131nda \u00f6nemli bilgiler sunmaktad\u0131r.-Ronald S. Bearse-Ba\u015fkan, Nauset Ulusal G\u00fcvenlik Grubu,LLC USA ve ABD Maliye Bakanl\u0131\u011f\u0131 G\u00fcvenlik veKritik Altyap\u0131lar\u0131n Korunmas\u0131 B\u00f6l\u00fcm\u00fc Eski Y\u00f6neticisi<\/p>\n","protected":false},"excerpt":{"rendered":"<p>Uzakdo\u011fu&#8217;dan G\u00fcney Asya&#8217;ya \u015eiddet ve Ter\u00f6rizm Kitap A\u00e7\u0131klamas\u0131Ter\u00f6rizm konusunda edit\u00f6rlerin haz\u0131rlad\u0131\u011f\u0131 bu \u00e7al\u0131\u015fma \u00e7ok \u00f6nemlidir. Bu kitap ter\u00f6rizm olgusunu, \u00f6nemli dinamiklerden olan ideolojilerin ve istihbarat temelli<span class=\"excerpt-hellip\"> [\u2026]<\/span><\/p>\n","protected":false},"featured_media":0,"template":"","meta":{"_monsterinsights_skip_tracking":false,"_monsterinsights_sitenote_active":false,"_monsterinsights_sitenote_note":"","_monsterinsights_sitenote_category":0},"product_brand":[],"product_cat":[12338,12337],"product_tag":[],"class_list":{"0":"post-707183","1":"product","2":"type-product","3":"status-publish","5":"product_cat-dunya-siyaseti-ve-politikasi","6":"product_cat-politika-siyaset","7":"pa_cilt-ciltsiz","8":"pa_tur-kitap","9":"pa_yayinevi-karinca-yayinlari","10":"pa_yazar-bilal-sevinc","12":"first","13":"instock","14":"sale","15":"shipping-taxable","16":"purchasable","17":"product-type-simple"},"_links":{"self":[{"href":"https:\/\/roveyayinevi.com.tr\/index.php\/wp-json\/wp\/v2\/product\/707183","targetHints":{"allow":["GET"]}}],"collection":[{"href":"https:\/\/roveyayinevi.com.tr\/index.php\/wp-json\/wp\/v2\/product"}],"about":[{"href":"https:\/\/roveyayinevi.com.tr\/index.php\/wp-json\/wp\/v2\/types\/product"}],"wp:attachment":[{"href":"https:\/\/roveyayinevi.com.tr\/index.php\/wp-json\/wp\/v2\/media?parent=707183"}],"wp:term":[{"taxonomy":"product_brand","embeddable":true,"href":"https:\/\/roveyayinevi.com.tr\/index.php\/wp-json\/wp\/v2\/product_brand?post=707183"},{"taxonomy":"product_cat","embeddable":true,"href":"https:\/\/roveyayinevi.com.tr\/index.php\/wp-json\/wp\/v2\/product_cat?post=707183"},{"taxonomy":"product_tag","embeddable":true,"href":"https:\/\/roveyayinevi.com.tr\/index.php\/wp-json\/wp\/v2\/product_tag?post=707183"}],"curies":[{"name":"wp","href":"https:\/\/api.w.org\/{rel}","templated":true}]}}