{"id":707182,"date":"2025-08-27T16:02:58","date_gmt":"2025-08-27T13:02:58","guid":{"rendered":"https:\/\/roveyayinevi.com.tr\/index.php\/urun\/vaka-i-sosyal-medya\/"},"modified":"2026-04-16T02:15:45","modified_gmt":"2026-04-15T23:15:45","slug":"vaka-i-sosyal-medya","status":"publish","type":"product","link":"https:\/\/roveyayinevi.com.tr\/index.php\/urun\/vaka-i-sosyal-medya\/","title":{"rendered":"Vaka-i Sosyal Medya"},"content":{"rendered":"<p>Sosyal medya ortamlar\u0131n\u0131n siyasal ileti\u015fim s\u00fcreci a\u00e7\u0131s\u0131ndan kullan\u0131m\u0131n\u0131 kronolojik olarak 2011 Genel Se\u00e7imlerinden itibaren g\u00fcn\u00fcm\u00fczdeki s\u0131cak politik geli\u015fmelere kadar ta\u015f\u0131yan ve tart\u0131\u015fan bu \u00e7al\u0131\u015fman\u0131n ard\u0131nda, bu \u00e7al\u0131\u015fmaya kaynakl\u0131k eden, ilham veren bir ba\u015fka kapsaml\u0131 \u00e7al\u0131\u015fma\/ara\u015ft\u0131rma projesi ve bu i\u015fi ger\u00e7ekle\u015ftiren ekibin bir araya gelme ve yazma motivasyonu oldu\u011funu belirtmeliyiz \u00f6nce. Peter Burke\u2019\u0131n Bilginin Toplumsal Tarihi II-Encyclop\u00e9die\u2019den Wikipedia\u2019ya\u2019da vurgulad\u0131\u011f\u0131 \u201cBecerilerin tarihi pek ender yaz\u0131lmakla beraber, \u2018nas\u0131l yap\u0131laca\u011f\u0131n\u0131 bilme\u2019, kesinlikle \u2018bir \u015feyi bilme\u2019nin yan\u0131nda bir yer hak ediyor.\u201d (Ryle, 1949, Thelen; 2004\u2019den akt. Burke, 2012: s. 6) s\u00f6z\u00fcnden hareketle \u00f6ncelikle bu \u00e7al\u0131\u015fman\u0131n ger\u00e7ekle\u015fme \u00f6yk\u00fcs\u00fcn\u00fc k\u0131saca aktarmak ve b\u00f6ylece niyetimizi de okuyucuyla payla\u015fmak istiyoruz.   \u00c7ok genel bir \u00f6zetle web 2.0 diye tan\u0131mlanan yeni ileti\u015fim ortam ve ara\u00e7lar\u0131n\u0131n en pop\u00fcler ve yayg\u0131n uygulamalar\u0131 olarak sosyal medyan\u0131n siyasal ileti\u015fim s\u00fcrecinde kullan\u0131lmas\u0131n\u0131 konu edinen bu ara\u015ft\u0131rma projesinde, sosyal medya ortam ve ara\u00e7lar\u0131 ile siyasal ileti\u015fim arakesitinde, siyasal ileti\u015fim s\u00fcrecine dahil akt\u00f6rlere, \u00f6zellikle liderlere, di\u011fer siyaset\u00e7ilere ve kurumsal yap\u0131lar olarak siyasi partilere sosyal medya aray\u00fczeyinde yer alan s\u00f6ylemsel pratikleri (yaz\u0131l\u0131 ve g\u00f6rsel payla\u015f\u0131mlar) \u00fczerinden bak\u0131lm\u0131\u015f ve \u00e7evrimd\u0131\u015f\u0131 yap\u0131lan g\u00f6r\u00fc\u015fmelerle de siyasi partileri temsil eden (milletvekilleri, MYK \u00fcyeleri, milletvekili adaylar\u0131, sosyal medya uzmanlar\u0131 gibi) ki\u015filerin s\u00fcre\u00e7, ara\u00e7 ve ortamlara ili\u015fkin g\u00f6r\u00fc\u015fleri al\u0131narak \u00e7al\u0131\u015fma desteklenmi\u015ftir. Siyasal ileti\u015fim s\u00fcrecinde sosyal medya ortamlar\u0131n\u0131n kullan\u0131lmas\u0131n\u0131n siyaset\u00e7iler-siyasi partiler ve yurtta\u015flar aras\u0131nda siyasi kat\u0131l\u0131m temelinde kat\u0131l\u0131mc\u0131 demokrasinin g\u00fc\u00e7lenece\u011fi varsay\u0131m\u0131yla hareket eden bu ara\u015ft\u0131rmada, siyasi partilerin, liderlerin ve adaylar\u0131n T\u00fcrkiye\u2019de 2011 Genel Se\u00e7imlerinde sosyal medya ortamlar\u0131n\u0131 hangi ama\u00e7larla, ne \u015fekillerde kulland\u0131klar\u0131na, bu ba\u011flamda ortaya \u00e7\u0131kan ortak ya da benze\u015fen kullan\u0131m pratiklerine, siyasi partilerin resmi web sitelerine g\u00f6re sosyal medya ortamlar\u0131 kullanmalar\u0131yla ortaya \u00e7\u0131kan olanaklara ve bu ortamlarda kullan\u0131c\u0131n\u0131n yeni medyan\u0131n etkile\u015fimsellik, kat\u0131l\u0131m, kullan\u0131c\u0131 t\u00fcrevli i\u00e7erik \u00fcretme gibi \u00f6zellikleri kullanmas\u0131 sonucunda siyasi partilerin ve liderlerin s\u00f6ylemsel pratiklerinin ve siyasal ileti\u015fim s\u00fcrecinin ne \u015fekilde etkilendi\u011fine bak\u0131lm\u0131\u015ft\u0131r.   Bu kitab\u0131 yazan ekip olarak, saha \u00e7al\u0131\u015fmas\u0131nda bir \u00e7e\u015fit \u201ckat\u0131l\u0131mc\u0131lar\u0131m\u0131z\u201d olan siyasi partiler, temsilcileri, siyaset\u00e7iler ve elbette bu s\u00fcrecin en \u00f6nemli par\u00e7as\u0131 olan yurtta\u015flar taraf\u0131ndan da okunabilecek, kolayl\u0131kla eri\u015filebilecek yeni bir metin olu\u015fturma gereksiniminin ortaya \u00e7\u0131kt\u0131\u011f\u0131n\u0131 fark ettik. Bundan yakla\u015f\u0131k \u00fc\u00e7 y\u0131l \u00f6nce siyasal ileti\u015fim ve sosyal medya ba\u015fl\u0131kl\u0131 bir ara\u015ft\u0131rma projesi ger\u00e7ekle\u015ftirmeye karar verdi\u011fimizde birlikte \u00e7al\u0131\u015fma prati\u011fi olan, ortak bir dil \u00fcretmi\u015f bir grup akademisyendik. Daha sonra yolumuz ortak \u00e7al\u0131\u015fma konular\u0131m\u0131z olan, benzer bir yakla\u015f\u0131m ve dille meseleleri ele alan di\u011fer \u00e7al\u0131\u015fma arkada\u015flar\u0131m\u0131zla kesi\u015fti. 04-06 Aral\u0131k 2013 tarihinde T\u00fcrkiye Sosyal Bilimler Derne\u011fi taraf\u0131ndan d\u00fczenlenen 13. Ulusal Sosyal Bilimler Kongresi kapsam\u0131nda kat\u0131ld\u0131\u011f\u0131m\u0131z bir panelde siyasal ileti\u015fim s\u00fcrecinde sosyal medya ortamlar\u0131n\u0131n kullan\u0131m\u0131 a\u011f\u0131rl\u0131kl\u0131 olarak AKP, CHP ve BDP \u00fczerinden tart\u0131\u015f\u0131lm\u0131\u015f, May\u0131s 2013 tarihinde siyasi partilerin ve milletvekillerinin May\u0131s g\u00fcndemine ko\u015fut olarak sosyal medyay\u0131 ne \u015fekillerde kulland\u0131klar\u0131 ele al\u0131nm\u0131\u015ft\u0131. Bu kitap \u00e7al\u0131\u015fmas\u0131n\u0131 ger\u00e7ekle\u015ftiren herkesin dahil oldu\u011fu panelin ard\u0131ndan, \u00e7al\u0131\u015fman\u0131n daha g\u00fcncel tart\u0131\u015fmalarla ve daha \u00e7ok ki\u015fiye ula\u015fabilecek bi\u00e7imde yeniden okunarak ve kurgulanarak dola\u015f\u0131ma sokulmas\u0131 gerekti\u011fine karar verdik. Bundan \u00f6t\u00fcr\u00fc de \u00e7al\u0131\u015fmam\u0131z\u0131n ad\u0131n\u0131 Siyasetin Yeni H\u00e2li: Vaka-i Sosyal Medya koyduk. Kitab\u0131n i\u00e7eri\u011finin olu\u015fturulmas\u0131nda, Haziran 2013\u2019te T\u00fcrkiye co\u011frafyas\u0131nda yurtta\u015f\u0131n sivil kat\u0131l\u0131m\u0131na ve se\u00e7im sand\u0131\u011f\u0131 d\u0131\u015f\u0131nda yurtta\u015fl\u0131\u011f\u0131 tecr\u00fcbe etmesine \u00f6nemli bir katk\u0131 sa\u011flayan Gezi Direni\u015fi\u2019nin ya\u015fanm\u0131\u015fl\u0131\u011f\u0131, ard\u0131ndan AKP h\u00fck\u00fcmeti ve G\u00fc*len Cemaati aras\u0131nda ya\u015fanan iktidar blo\u011fu k\u0131r\u0131lmas\u0131n\u0131n, bunun siber uzamdaki tezah\u00fcrleri olarak akseden sosyal medya sava\u015flar\u0131n\u0131n hi\u00e7 ku\u015fkusuz etkili bir rol\u00fc oldu. <\/p>\n","protected":false},"excerpt":{"rendered":"<p>Sosyal medya ortamlar\u0131n\u0131n siyasal ileti\u015fim s\u00fcreci a\u00e7\u0131s\u0131ndan kullan\u0131m\u0131n\u0131 kronolojik olarak 2011 Genel Se\u00e7imlerinden itibaren g\u00fcn\u00fcm\u00fczdeki s\u0131cak politik geli\u015fmelere kadar ta\u015f\u0131yan ve tart\u0131\u015fan bu \u00e7al\u0131\u015fman\u0131n ard\u0131nda, bu<span class=\"excerpt-hellip\"> [\u2026]<\/span><\/p>\n","protected":false},"featured_media":0,"template":"","meta":{"_monsterinsights_skip_tracking":false,"_monsterinsights_sitenote_active":false,"_monsterinsights_sitenote_note":"","_monsterinsights_sitenote_category":0},"product_brand":[],"product_cat":[22061,13488],"product_tag":[],"class_list":{"0":"post-707182","1":"product","2":"type-product","3":"status-publish","5":"product_cat-sosyal-medya-ve-iletisim","6":"product_cat-toplum-ve-insan","7":"pa_cilt-ciltsiz","8":"pa_tur-kitap","9":"pa_yayinevi-kalkedon-yayincilik","10":"pa_yazar-burak-dogu","12":"first","13":"instock","14":"sale","15":"shipping-taxable","16":"purchasable","17":"product-type-simple"},"_links":{"self":[{"href":"https:\/\/roveyayinevi.com.tr\/index.php\/wp-json\/wp\/v2\/product\/707182","targetHints":{"allow":["GET"]}}],"collection":[{"href":"https:\/\/roveyayinevi.com.tr\/index.php\/wp-json\/wp\/v2\/product"}],"about":[{"href":"https:\/\/roveyayinevi.com.tr\/index.php\/wp-json\/wp\/v2\/types\/product"}],"wp:attachment":[{"href":"https:\/\/roveyayinevi.com.tr\/index.php\/wp-json\/wp\/v2\/media?parent=707182"}],"wp:term":[{"taxonomy":"product_brand","embeddable":true,"href":"https:\/\/roveyayinevi.com.tr\/index.php\/wp-json\/wp\/v2\/product_brand?post=707182"},{"taxonomy":"product_cat","embeddable":true,"href":"https:\/\/roveyayinevi.com.tr\/index.php\/wp-json\/wp\/v2\/product_cat?post=707182"},{"taxonomy":"product_tag","embeddable":true,"href":"https:\/\/roveyayinevi.com.tr\/index.php\/wp-json\/wp\/v2\/product_tag?post=707182"}],"curies":[{"name":"wp","href":"https:\/\/api.w.org\/{rel}","templated":true}]}}