{"id":707180,"date":"2025-08-27T16:02:57","date_gmt":"2025-08-27T13:02:57","guid":{"rendered":"https:\/\/roveyayinevi.com.tr\/index.php\/urun\/sagduyu-tanrisizligin-ilmihali\/"},"modified":"2026-04-16T02:15:45","modified_gmt":"2026-04-15T23:15:45","slug":"sagduyu-tanrisizligin-ilmihali","status":"publish","type":"product","link":"https:\/\/roveyayinevi.com.tr\/index.php\/urun\/sagduyu-tanrisizligin-ilmihali\/","title":{"rendered":"Sa\u011fduyu &#8211; Tanr\u0131s\u0131zl\u0131\u011f\u0131n \u0130lmihali"},"content":{"rendered":"<p>Bu kitap, Mustafa Kemal Atat\u00fcrk\u2019\u00fcn emriyle, 1928 y\u0131l\u0131nda, Milli E\u011fitim Bakanl\u0131\u011f\u0131 Yay\u0131nlar\u0131 aras\u0131nda Akl\u0131 Selim ad\u0131yla yay\u0131mland\u0131 ve bas\u0131m\u0131 \u0130stanbul\u2019da, Devlet Matbaas\u0131\u2019nda eski harflerle ger\u00e7ekle\u015ftirildi.Gen\u00e7 Cumhuriyet\u2019in Ayd\u0131nlanma sava\u015f\u00e7\u0131lar\u0131ndan Dr. Abdullah Cevdet\u2019in bu \u00e7evirisi, 1929\u2019da Latin harfleriyle yeniden yay\u0131mland\u0131. Ayd\u0131nlanma \u00c7a\u011f\u0131\u2019n\u0131n filozoflar\u0131na esin kayna\u011f\u0131 olan Jean Meslier bir rahipti. Yani, Fransa\u2019n\u0131n Turan Dursun\u2019u\u2026T\u00fcm dinleri k\u0131yas\u0131yla ele\u015ftirdi. \u0130nsan d\u00fc\u015f\u00fcncesiyle temas etti\u011fi her noktada dini idelojiyi yerle bir etti. Elyazmalar\u0131, Paris\u2019te gizlice elden ele dola\u015ft\u0131r\u0131ld\u0131. O g\u00fcn\u00fcn paras\u0131yla 10 alt\u0131n Lui\u2019ye kap\u0131\u015f\u0131ld\u0131. Meslier\u2019nin d\u00fc\u015f\u00fcncelerini yayma m\u00fccadelesi verenlerin ba\u015f\u0131nda gelen Voltaire, \u201cHi\u00e7bir \u015fey, Meslier\u2019nin kitab\u0131ndan daha etkili olamaz\u201d diyor.\u00dcnl\u00fc filozoflardan D\u2019Alambert\u2019in ifadesi ise \u015f\u00f6yle: \u201cD\u0131\u015fardan az g\u00f6r\u00fcnen kuvvetiyle bu derece etki yapan yaln\u0131zca top barutunu tan\u0131yorum. Jean Meslier\u2019nin kitab\u0131 top barutuna benziyor.\u201d <\/p>\n","protected":false},"excerpt":{"rendered":"<p>Bu kitap, Mustafa Kemal Atat\u00fcrk\u2019\u00fcn emriyle, 1928 y\u0131l\u0131nda, Milli E\u011fitim Bakanl\u0131\u011f\u0131 Yay\u0131nlar\u0131 aras\u0131nda Akl\u0131 Selim ad\u0131yla yay\u0131mland\u0131 ve bas\u0131m\u0131 \u0130stanbul\u2019da, Devlet Matbaas\u0131\u2019nda eski harflerle ger\u00e7ekle\u015ftirildi.Gen\u00e7 Cumhuriyet\u2019in<span class=\"excerpt-hellip\"> [\u2026]<\/span><\/p>\n","protected":false},"featured_media":0,"template":"","meta":{"_monsterinsights_skip_tracking":false,"_monsterinsights_sitenote_active":false,"_monsterinsights_sitenote_note":"","_monsterinsights_sitenote_category":0},"product_brand":[],"product_cat":[19998,12388],"product_tag":[],"class_list":{"0":"post-707180","1":"product","2":"type-product","3":"status-publish","5":"product_cat-din-felsefesi","6":"product_cat-felsefe","7":"pa_cilt-ciltsiz","8":"pa_tur-kitap","9":"pa_yayinevi-kaynak-yayinlari","10":"pa_yazar-jean-meslier","12":"first","13":"instock","14":"sale","15":"shipping-taxable","16":"purchasable","17":"product-type-simple"},"_links":{"self":[{"href":"https:\/\/roveyayinevi.com.tr\/index.php\/wp-json\/wp\/v2\/product\/707180","targetHints":{"allow":["GET"]}}],"collection":[{"href":"https:\/\/roveyayinevi.com.tr\/index.php\/wp-json\/wp\/v2\/product"}],"about":[{"href":"https:\/\/roveyayinevi.com.tr\/index.php\/wp-json\/wp\/v2\/types\/product"}],"wp:attachment":[{"href":"https:\/\/roveyayinevi.com.tr\/index.php\/wp-json\/wp\/v2\/media?parent=707180"}],"wp:term":[{"taxonomy":"product_brand","embeddable":true,"href":"https:\/\/roveyayinevi.com.tr\/index.php\/wp-json\/wp\/v2\/product_brand?post=707180"},{"taxonomy":"product_cat","embeddable":true,"href":"https:\/\/roveyayinevi.com.tr\/index.php\/wp-json\/wp\/v2\/product_cat?post=707180"},{"taxonomy":"product_tag","embeddable":true,"href":"https:\/\/roveyayinevi.com.tr\/index.php\/wp-json\/wp\/v2\/product_tag?post=707180"}],"curies":[{"name":"wp","href":"https:\/\/api.w.org\/{rel}","templated":true}]}}