{"id":707179,"date":"2025-08-27T16:02:57","date_gmt":"2025-08-27T13:02:57","guid":{"rendered":"https:\/\/roveyayinevi.com.tr\/index.php\/urun\/hamburg-programi-21-yuzyilda-sosyal-demokrasi\/"},"modified":"2026-04-16T02:15:45","modified_gmt":"2026-04-15T23:15:45","slug":"hamburg-programi-21-yuzyilda-sosyal-demokrasi","status":"publish","type":"product","link":"https:\/\/roveyayinevi.com.tr\/index.php\/urun\/hamburg-programi-21-yuzyilda-sosyal-demokrasi\/","title":{"rendered":"Hamburg Program\u0131 21. Y\u00fczy\u0131lda Sosyal Demokrasi"},"content":{"rendered":"<p>Aral\u0131k 1999 tarihinde Berlin&#8217;de yap\u0131lan kurultay, Berlin Program\u0131 kabul edildikten on y\u0131l sonra, bir komisyonu SPD&#8217;nin temel ilkelerini i\u00e7eren bir program haz\u0131rlamakla g\u00f6revlendirmi\u015ftir. SPD uzun s\u00fcre muhalefette kald\u0131ktan sonra yeniden Almanya&#8217;n\u0131n y\u00f6netiminde sorumluluk \u00fcstlenmi\u015fti. Program ilkelerinin \u00e7a\u011fda\u015fla\u015ft\u0131r\u0131lmas\u0131 bu y\u00fczden baz\u0131lar\u0131n\u0131n istedi\u011fi, baz\u0131lar\u0131n\u0131n ise korktu\u011fu bir konu haline gelmi\u015fti. Gelgelelim a\u00e7\u0131k s\u0131n\u0131rlar ve sosyal riskler kar\u015f\u0131s\u0131nda \u00e7a\u011fda\u015f \u00e7\u00f6z\u00fcmlerin bulunmas\u0131n\u0131n gerekli oldu\u011fu konusunda herkes hemfikirdi.Yeni temel ilkeler program\u0131m\u0131zda yer alacak olan ilkelerin tart\u0131\u015f\u0131lmas\u0131 SPD i\u00e7in yararl\u0131 olmu\u015ftur. 2006 y\u0131l\u0131nda program \u00e7al\u0131\u015fmam\u0131z\u0131n tamamlama evresini ba\u015flatt\u0131\u011f\u0131m\u0131zdan beri SPD&#8217;nin diyalo\u011fa a\u00e7\u0131k ve diyalo\u011fun platformu oldu\u011funu, Sosyal Demokrat Parti&#8217;nin gelece\u011fini tepeden inme bir bi\u00e7imde de\u011fil, toplumun i\u00e7inden yola \u00e7\u0131karak, tart\u0131\u015farak belirleyebildi\u011fimizi kan\u0131tlad\u0131k. Daha \u00f6nce hi\u00e7 bir Alman partisinin program\u0131 bu kadar kapsaml\u0131, demokratik bir kat\u0131l\u0131m ile olu\u015fmam\u0131\u015ft\u0131. B\u00f6ylece yeni standartlar koyduk, \u00e7\u00fcnk\u00fc 21. y\u00fczy\u0131l\u0131n ba\u015f\u0131ndaki yol ay\u0131r\u0131mlar\u0131nda verilecek olan kararlar\u0131n SPD i\u00e7in de, toplumumuz i\u00e7in de \u00f6zel bir \u00f6neme sahip oldu\u011funu biliyoruz. Ge\u00e7ti\u011fimiz y\u0131llarda s\u0131k s\u0131k iklim de\u011fi\u015fikli\u011fi, bar\u0131\u015f siyasetimizle, sermaye piyasalar\u0131n\u0131n d\u00fczenlenmesi, sosyal devletin yenilenmesi ya da iyi bir i\u015fe olanak sa\u011flanmas\u0131nda d\u00f6nemin sorunlar\u0131n\u0131 yakalad\u0131k.Devletin etkin olmas\u0131 gerekti\u011fi, demokrasinin \u00e7aresizli\u011fe tahamm\u00fcl\u00fc olmad\u0131\u011f\u0131, etkilemenin ve d\u00fczenlemenin tahamm\u00fcl etmekten ye\u011f oldu\u011fu y\u00f6n\u00fcndeki temel varsay\u0131mlar\u0131m\u0131z giderek daha \u00e7ok kabul g\u00f6r\u00fcyor. Sosyal demokrasinin de\u011ferleri ve hede\u015feri toplumumuzda bug\u00fcn geni\u015f destek buluyor. Hamburg Program\u0131m\u0131z, program\u0131n zorunlu olarak pratikle \u00e7eli\u015fece\u011fini d\u00fc\u015f\u00fcnenleri haks\u0131z \u00e7\u0131kard\u0131\u011f\u0131 gibi, h\u00fck\u00fcmet sorumlulu\u011funun sadece pragmatizme izin verece\u011fini d\u00fc\u015f\u00fcnenleri de haks\u0131z \u00e7\u0131karm\u0131\u015ft\u0131r. Yeni sosyal demokrat temel ilkeler program\u0131 \u00f6zl\u00fc g\u00f6r\u00fc\u015fler, net rotalar ve denetlenebilir g\u00f6revler i\u00e7ermektedir. Bununla birlikte s\u0131k s\u0131k daha geni\u015f bir perspekti\u015fe zaman\u0131m\u0131z\u0131n b\u00fcy\u00fck temel sorunlar\u0131na bakarak, \u00f6zellikle de yeni ba\u015flayan y\u00fczy\u0131l\u0131n t\u00fcm insanlara bar\u0131\u015f ve refah m\u0131 getirece\u011fi, yoksa ac\u0131mas\u0131z pay alma sava\u015flar\u0131na ve zincirden bo\u015fanm\u0131\u015f \u015fiddete mi yol a\u00e7aca\u011f\u0131 yollu en esasl\u0131 sorunu dikkate alm\u0131\u015ft\u0131r.S\u00fcrd\u00fcr\u00fclebilir ilerlemenin ve sosyal adaletin k\u00fcresel \u00e7a\u011fda nas\u0131l sa\u011flanabilece\u011fi sorular\u0131na yan\u0131t getirmekteyiz. Almanya&#8217;da ve Avrupa&#8217;da birlikte siyaset arenas\u0131nda bu yolda m\u00fccadelemizi verece\u011fiz.- Kurt Beck, SPD Ba\u015fkan\u0131<\/p>\n","protected":false},"excerpt":{"rendered":"<p>Aral\u0131k 1999 tarihinde Berlin&#8217;de yap\u0131lan kurultay, Berlin Program\u0131 kabul edildikten on y\u0131l sonra, bir komisyonu SPD&#8217;nin temel ilkelerini i\u00e7eren bir program haz\u0131rlamakla g\u00f6revlendirmi\u015ftir. SPD uzun s\u00fcre<span class=\"excerpt-hellip\"> [\u2026]<\/span><\/p>\n","protected":false},"featured_media":0,"template":"","meta":{"_monsterinsights_skip_tracking":false,"_monsterinsights_sitenote_active":false,"_monsterinsights_sitenote_note":"","_monsterinsights_sitenote_category":0},"product_brand":[],"product_cat":[12338,12337],"product_tag":[],"class_list":{"0":"post-707179","1":"product","2":"type-product","3":"status-publish","5":"product_cat-dunya-siyaseti-ve-politikasi","6":"product_cat-politika-siyaset","7":"pa_cilt-ciltsiz","8":"pa_tur-kitap","9":"pa_yayinevi-kalkedon-yayincilik","10":"pa_yazar-kolektif","12":"first","13":"instock","14":"sale","15":"shipping-taxable","16":"purchasable","17":"product-type-simple"},"_links":{"self":[{"href":"https:\/\/roveyayinevi.com.tr\/index.php\/wp-json\/wp\/v2\/product\/707179","targetHints":{"allow":["GET"]}}],"collection":[{"href":"https:\/\/roveyayinevi.com.tr\/index.php\/wp-json\/wp\/v2\/product"}],"about":[{"href":"https:\/\/roveyayinevi.com.tr\/index.php\/wp-json\/wp\/v2\/types\/product"}],"wp:attachment":[{"href":"https:\/\/roveyayinevi.com.tr\/index.php\/wp-json\/wp\/v2\/media?parent=707179"}],"wp:term":[{"taxonomy":"product_brand","embeddable":true,"href":"https:\/\/roveyayinevi.com.tr\/index.php\/wp-json\/wp\/v2\/product_brand?post=707179"},{"taxonomy":"product_cat","embeddable":true,"href":"https:\/\/roveyayinevi.com.tr\/index.php\/wp-json\/wp\/v2\/product_cat?post=707179"},{"taxonomy":"product_tag","embeddable":true,"href":"https:\/\/roveyayinevi.com.tr\/index.php\/wp-json\/wp\/v2\/product_tag?post=707179"}],"curies":[{"name":"wp","href":"https:\/\/api.w.org\/{rel}","templated":true}]}}