{"id":706965,"date":"2025-08-27T16:01:15","date_gmt":"2025-08-27T13:01:15","guid":{"rendered":"https:\/\/roveyayinevi.com.tr\/index.php\/urun\/sosyal-kulturel-degisme\/"},"modified":"2026-04-16T02:15:40","modified_gmt":"2026-04-15T23:15:40","slug":"sosyal-kulturel-degisme","status":"publish","type":"product","link":"https:\/\/roveyayinevi.com.tr\/index.php\/urun\/sosyal-kulturel-degisme\/","title":{"rendered":"Sosyal K\u00fclt\u00fcrel De\u011fi\u015fme"},"content":{"rendered":"<p>Korsan bask\u0131larla kurumsal \u00e7o\u011faltmalar say\u0131lmazsa, ilk bask\u0131s\u0131ndan y\u0131llar sonra, Sosyal K\u00fclt\u00fcrel De\u011fi\u015fme adl\u0131 denemenin ikinci bask\u0131s\u0131\u2026Neler oldu? Daha do\u011frusu, neler olmad\u0131 ki \u015fu son 40 y\u0131lda? Bildik d\u00fcnya belki sona erdi, tarih oldu ama bug\u00fcn, bilinmeyen bir gelece\u011fin e\u015fi\u011finde ya\u015f\u0131yoruz.\u00dclkemizde, Bat\u0131\u2019n\u0131n destekledi\u011fi 12 Eyl\u00fcl 1980 cuntas\u0131, Demir Perde\u2019 nin y\u0131k\u0131lmas\u0131, D\u00fcnya g\u00fcc\u00fc Sovyetler Birli\u011fi\u2019nin kendili\u011finden da\u011f\u0131lmas\u0131, So\u011fuk Sava\u015f\u2019\u0131n sona ermesi, iki kutuplu D\u00fcnya\u2019da ABD egemenli\u011fi, \u00c7in\u2019in ekonomik bir g\u00fc\u00e7 olmas\u0131, Teknoloji ve \u0130leti\u015fim Devrimi\u2019nin, \u201cK\u00fcreselle\u015fen D\u00fcnya\u201d s\u00f6yleminin ve Uluslararas\u0131 Sermaye\u2019 nin \u201cD\u00fcnya K\u00f6y\u00fc\u201d nde bir refah, bar\u0131\u015f ve bilgi toplumu yaratmas\u0131 beklenirken; zengin yoksul u\u00e7urumunun b\u00fcy\u00fcmesi, \u201c\u0130mkanlar\u0131m\u0131z\u0131n \u00d6tesinde Ya\u015fama\u201d politikalar\u0131n\u0131n b\u00fcy\u00fck yap\u0131sal bunal\u0131mlara, b\u00f6lgesel, etnik ve dinsel sava\u015flara, post modern \u00e7a\u011flar\u0131n gelece\u011fini tehdit eden \u00e7evre ve iklim sorunlar\u0131na yol a\u00e7mas\u0131, n\u00fckleer g\u00fc\u00e7ler kul\u00fcb\u00fcn\u00fcn b\u00fcy\u00fcmesi vb, vd..Emperyalist Bat\u0131\u2019n\u0131n deste\u011fiyle T\u00fcrkiye\u2019de iktidara gelen, hemen her \u015feyi sat\u0131p savurarak se\u00e7imler kazan\u0131p, d\u0131\u015fa ba\u011f\u0131ml\u0131 bir t\u00fcketim toplumu yaratan Cemaatler Ortakl\u0131\u011f\u0131\u2019n\u0131n, laik Cumhuriyeti \u00e7a\u011fd\u0131\u015f\u0131 bir Arap-\u0130slam toplulu\u011funa d\u00f6n\u00fc\u015ft\u00fcrme giri\u015fimleri, Ortado\u011fu dengelerini alt\u00fcst eden bir \u201cArap Bahar\u0131\u201d nda, bir b\u00f6lge lideri olarak yaln\u0131zla\u015fan ve etnik b\u00f6l\u00fcnme tehdidi kar\u015f\u0131s\u0131nda kutupla\u015ft\u0131r\u0131lan \u00fclkenin ilan edilmemi\u015f bir \u00e7at\u0131\u015fmaya s\u00fcr\u00fcklenmesi, vb\u2026Ya\u015fanan de\u011fi\u015fmeleri olumlu ya da olumsuz, hatta \u00f6nemsiz bulan baz\u0131 ki\u015filer, topluluklar ve kurumlar olabilir. \u0130lk bask\u0131ya ekledi\u011fim \u201cG\u00fcncelleme 2016\u201d b\u00f6l\u00fcm\u00fcnde, e\u015fi benzeri g\u00f6r\u00fclmemi\u015f Sosyal-K\u00fclt\u00fcrel De\u011fi\u015fmeler\u2019 in boyutlar\u0131n\u0131, sorunlar\u0131n\u0131 ve bas\u0131l\u0131 kaynaklar\u0131n\u0131 tan\u0131tt\u0131m. 1970\u2019lerde, \u201cvaktinden \u00f6nce yaz\u0131lm\u0131\u015f\u201d bir deneme olarak de\u011ferlendirilen ara\u015ft\u0131rman\u0131n, bu kez okunup anla\u015f\u0131laca\u011f\u0131n\u0131 ve laik Cumhuriyetimizin bar\u0131\u015f\u00e7\u0131 gelece\u011fine hizmet edece\u011fini umuyorum.<\/p>\n","protected":false},"excerpt":{"rendered":"<p>Korsan bask\u0131larla kurumsal \u00e7o\u011faltmalar say\u0131lmazsa, ilk bask\u0131s\u0131ndan y\u0131llar sonra, Sosyal K\u00fclt\u00fcrel De\u011fi\u015fme adl\u0131 denemenin ikinci bask\u0131s\u0131\u2026Neler oldu? Daha do\u011frusu, neler olmad\u0131 ki \u015fu son 40 y\u0131lda?<span class=\"excerpt-hellip\"> [\u2026]<\/span><\/p>\n","protected":false},"featured_media":0,"template":"","meta":{"_monsterinsights_skip_tracking":false,"_monsterinsights_sitenote_active":false,"_monsterinsights_sitenote_note":"","_monsterinsights_sitenote_category":0},"product_brand":[],"product_cat":[13633,12324],"product_tag":[],"class_list":{"0":"post-706965","1":"product","2":"type-product","3":"status-publish","5":"product_cat-kultur-ve-bilim","6":"product_cat-sosyoloji","7":"pa_cilt-ciltsiz","8":"pa_tur-kitap","9":"pa_yayinevi-efil-yayinevi","10":"pa_yazar-bozkurt-guvenc","12":"first","13":"instock","14":"sale","15":"shipping-taxable","16":"purchasable","17":"product-type-simple"},"_links":{"self":[{"href":"https:\/\/roveyayinevi.com.tr\/index.php\/wp-json\/wp\/v2\/product\/706965","targetHints":{"allow":["GET"]}}],"collection":[{"href":"https:\/\/roveyayinevi.com.tr\/index.php\/wp-json\/wp\/v2\/product"}],"about":[{"href":"https:\/\/roveyayinevi.com.tr\/index.php\/wp-json\/wp\/v2\/types\/product"}],"wp:attachment":[{"href":"https:\/\/roveyayinevi.com.tr\/index.php\/wp-json\/wp\/v2\/media?parent=706965"}],"wp:term":[{"taxonomy":"product_brand","embeddable":true,"href":"https:\/\/roveyayinevi.com.tr\/index.php\/wp-json\/wp\/v2\/product_brand?post=706965"},{"taxonomy":"product_cat","embeddable":true,"href":"https:\/\/roveyayinevi.com.tr\/index.php\/wp-json\/wp\/v2\/product_cat?post=706965"},{"taxonomy":"product_tag","embeddable":true,"href":"https:\/\/roveyayinevi.com.tr\/index.php\/wp-json\/wp\/v2\/product_tag?post=706965"}],"curies":[{"name":"wp","href":"https:\/\/api.w.org\/{rel}","templated":true}]}}