{"id":706843,"date":"2025-08-27T16:00:29","date_gmt":"2025-08-27T13:00:29","guid":{"rendered":"https:\/\/roveyayinevi.com.tr\/index.php\/urun\/duygusal-beyin-bagirsak\/"},"modified":"2026-04-16T02:15:37","modified_gmt":"2026-04-15T23:15:37","slug":"duygusal-beyin-bagirsak","status":"publish","type":"product","link":"https:\/\/roveyayinevi.com.tr\/index.php\/urun\/duygusal-beyin-bagirsak\/","title":{"rendered":"Duygusal Beyin: Ba\u011f\u0131rsak"},"content":{"rendered":"<p>Bu kitap daha mutlu, daha gen\u00e7, daha dinamik ve daha sa\u011fl\u0131kl\u0131 bir hayat isteyenlere.1978 y\u0131l\u0131n\u0131n sonbahar\u0131nda H\u00fcseyin Nazl\u0131kul, bir konferans s\u0131ras\u0131nda, liseli olman\u0131n verdi\u011fi heyecanla \u00fcnl\u00fc bilimadam\u0131 Erich Fromm\u2019a \u201csahip olmak ya da olmak\u201d \u00fczerine soru sordu\u011funda ya\u015fam\u0131nda yeni bir olma haline ba\u015flayaca\u011f\u0131n\u0131 hen\u00fcz bilmiyordu.Fromm bu gen\u00e7 adam\u0131 kendi Erich Fromm Bursu\u2019na davet ederken Nazl\u0131kul\u2019un gelecek y\u0131llar\u0131n\u0131 adeta g\u00f6rm\u00fc\u015f ve sezgilerini \u015f\u00f6yle dile getirmi\u015fti: \u201c\u0130leride kendini yaln\u0131z hissetti\u011finde g\u00f6ky\u00fcz\u00fcne bak. G\u00f6receksin ki \u0131\u015f\u0131k sa\u00e7an y\u0131ld\u0131zlar tek tektir. Oysa karanl\u0131k \u00f6rg\u00fctl\u00fcd\u00fcr, b\u00fct\u00fcnd\u00fcr, her yeri kaplar. I\u015f\u0131\u011f\u0131n\u0131 yayarken umutsuzlu\u011fa d\u00fc\u015fme ama bu ger\u00e7e\u011fi de unutma.\u201dBu tan\u0131\u015fmayla ba\u015flayan dostluk y\u0131llarca s\u00fcrecek, Nazl\u0131kul d\u00fcnya \u00e7ap\u0131nda ald\u0131\u011f\u0131 \u00f6d\u00fcller ve madalyalarla hocas\u0131n\u0131n kehanetini ispatlayacak, kendi \u00fclkesinde de \u201cn\u00f6ralterapi\u201d ve \u201ctamamlay\u0131c\u0131 t\u0131p\u201d alan\u0131nda ger\u00e7ek bir y\u0131ld\u0131z olmaya kadar gidecekti.Nazl\u0131kul, evrensel bir dille \u201cn\u00f6ralterapi\u201d, \u201canti-aging\u201d, \u201cdetoks\u201d, \u201ctamamlay\u0131c\u0131 t\u0131p-akupunktur\u201d, \u201cbeden sa\u011fl\u0131\u011f\u0131\u201d ve \u201csa\u011fl\u0131kl\u0131 ya\u015fama dair\u201d yazm\u0131\u015f oldu\u011fu kitaplar\u0131n\u0131n ard\u0131ndan bug\u00fcn bize, \u201cba\u011f\u0131rsak sistemi ile beyin\u201d aras\u0131ndaki inan\u0131lmaz ba\u011flant\u0131lar\u0131 sade bir \u015fekilde aktar\u0131rken, bu sistemlerdeki sorunlar nedeniyle a\u00e7\u0131\u011fa \u00e7\u0131kan hastal\u0131klar ve korunma yollar\u0131 konusunda g\u00fcnl\u00fck hayata dair verdi\u011fi rehberlikle \u0131\u015f\u0131\u011f\u0131n\u0131 yaymaya devam ediyor:\u201cAyn\u0131 embriyolojik k\u00fcmeden k\u00f6ken ald\u0131\u011f\u0131 bilinen beyin ve ba\u011f\u0131rsak aras\u0131ndaki ili\u015fki, Siyam ikizleri aras\u0131ndakine benzer \u015fekilde olup, bizim sand\u0131\u011f\u0131m\u0131zdan \u00e7ok daha g\u00fc\u00e7l\u00fcd\u00fcr&#8230;Beyin, akci\u011fer, kalp aras\u0131nda orkestra \u015fefi gibi davranan vagus, as\u0131l etkisini ba\u011f\u0131rsaklar \u00fczerinde g\u00f6sterir.B\u00fct\u00fcn duygusal ya\u015fant\u0131lar\u0131m\u0131z\u0131n kendisini ifade etti\u011fi alan olarak ba\u011f\u0131rsaklar\u0131m\u0131zda olu\u015fan sorunlar\u0131n sonucunda emilim ve sindirim bozuklu\u011fu ba\u015flar ki, bu da b\u00fct\u00fcn v\u00fccut ile birlikte \u00f6zellikle beyin i\u00e7in toksik etki alt\u0131nda kalmak demektir.\u201dSonu\u00e7lar\u0131n\u0131 ba\u011f\u0131\u015f\u0131kl\u0131k sisteminin \u00e7\u00f6kmesine, depresyona, alerjilere, romatizmal hastal\u0131klara, migrene, vitamin eksikliklerine kadar \u00e7ok geni\u015f bir yelpazede g\u00f6steren bu durumdan \u00e7\u0131kabilmek i\u00e7in, Nazl\u0131kul bize \u00e7oklu hastal\u0131klar\u0131 anlatmakta ve nas\u0131l ba\u015fa \u00e7\u0131kaca\u011f\u0131m\u0131z konusunda rehberlik etmektedir.\ufffcTan\u0131t\u0131m Metni<\/p>\n","protected":false},"excerpt":{"rendered":"<p>Bu kitap daha mutlu, daha gen\u00e7, daha dinamik ve daha sa\u011fl\u0131kl\u0131 bir hayat isteyenlere.1978 y\u0131l\u0131n\u0131n sonbahar\u0131nda H\u00fcseyin Nazl\u0131kul, bir konferans s\u0131ras\u0131nda, liseli olman\u0131n verdi\u011fi heyecanla \u00fcnl\u00fc<span class=\"excerpt-hellip\"> [\u2026]<\/span><\/p>\n","protected":false},"featured_media":0,"template":"","meta":{"_monsterinsights_skip_tracking":false,"_monsterinsights_sitenote_active":false,"_monsterinsights_sitenote_note":"","_monsterinsights_sitenote_category":0},"product_brand":[],"product_cat":[16965,13365],"product_tag":[],"class_list":{"0":"post-706843","1":"product","2":"type-product","3":"status-publish","5":"product_cat-genel-saglik-kitaplari","6":"product_cat-saglik","7":"pa_cilt-ciltsiz","8":"pa_tur-kitap","9":"pa_yayinevi-destek-yayinlari","10":"pa_yazar-huseyin-nazlikul","12":"first","13":"instock","14":"sale","15":"shipping-taxable","16":"purchasable","17":"product-type-simple"},"_links":{"self":[{"href":"https:\/\/roveyayinevi.com.tr\/index.php\/wp-json\/wp\/v2\/product\/706843","targetHints":{"allow":["GET"]}}],"collection":[{"href":"https:\/\/roveyayinevi.com.tr\/index.php\/wp-json\/wp\/v2\/product"}],"about":[{"href":"https:\/\/roveyayinevi.com.tr\/index.php\/wp-json\/wp\/v2\/types\/product"}],"wp:attachment":[{"href":"https:\/\/roveyayinevi.com.tr\/index.php\/wp-json\/wp\/v2\/media?parent=706843"}],"wp:term":[{"taxonomy":"product_brand","embeddable":true,"href":"https:\/\/roveyayinevi.com.tr\/index.php\/wp-json\/wp\/v2\/product_brand?post=706843"},{"taxonomy":"product_cat","embeddable":true,"href":"https:\/\/roveyayinevi.com.tr\/index.php\/wp-json\/wp\/v2\/product_cat?post=706843"},{"taxonomy":"product_tag","embeddable":true,"href":"https:\/\/roveyayinevi.com.tr\/index.php\/wp-json\/wp\/v2\/product_tag?post=706843"}],"curies":[{"name":"wp","href":"https:\/\/api.w.org\/{rel}","templated":true}]}}