{"id":706657,"date":"2025-08-27T15:58:32","date_gmt":"2025-08-27T12:58:32","guid":{"rendered":"https:\/\/roveyayinevi.com.tr\/index.php\/urun\/buyuk-selcuklu-devleti\/"},"modified":"2026-04-16T02:15:05","modified_gmt":"2026-04-15T23:15:05","slug":"buyuk-selcuklu-devleti","status":"publish","type":"product","link":"https:\/\/roveyayinevi.com.tr\/index.php\/urun\/buyuk-selcuklu-devleti\/","title":{"rendered":"B\u00fcy\u00fck Sel\u00e7uklu Devleti"},"content":{"rendered":"<p>B\u00fcy\u00fck Sel\u00e7uklu Devleti\u2019nin tarihini konu alan bu ders kitab\u0131nda devletin kurulu\u015fundan y\u0131k\u0131l\u0131\u015f\u0131na kadar olan olaylar g\u00f6zden ge\u00e7irilmi\u015ftir. Kitapta \u00f6nce Sel\u00e7uklu ailesinin men\u015fei ve tarih sahnesine \u00e7\u0131k\u0131\u015f\u0131 incelenmi\u015f, bunu devletin kurulu\u015fu ve Tu\u011frul Bey d\u00f6nemi izlemi\u015ftir. Tu\u011frul Bey devri Sel\u00e7uklular\u0131n \u0130ran \u00fczerinden h\u0131zla bat\u0131ya do\u011fru yay\u0131lmas\u0131n\u0131 ayn\u0131 zamanda da \u0130slam d\u00fcnyas\u0131 ile temas\u0131n\u0131 sa\u011flam\u0131\u015ft\u0131r. Sultan Alparslan ile beraber Sel\u00e7uklu Devleti y\u00fckseli\u015fe ge\u00e7mi\u015f ve Bizans\u2019a kar\u015f\u0131 Malazgirt Sava\u015f\u0131\u2019n\u0131n (1071) kazan\u0131lmas\u0131 T\u00fcrklere Anadolu\u2019nun kap\u0131lar\u0131n\u0131 a\u00e7m\u0131\u015f ve buray\u0131 yurt edinmelerine imk\u00e2n vermi\u015ftir. Sultan Melik\u015fah d\u00f6neminde en parlak d\u00f6nemlerini ya\u015fayan Sel\u00e7uklular\u0131n h\u00e2kimiyet alan\u0131, o \u00f6ld\u00fc\u011f\u00fcnde Ka\u015fgar\u2019dan Bo\u011fazi\u00e7i\u2019ne, Kafkaslardan Yemen ve Aden\u2019e kadar uzan\u0131yordu. Melik\u015fah\u2019\u0131n \u00f6l\u00fcm\u00fcyle bir \u201cFetret Devri\u201d ya\u015fanm\u0131\u015fsa da Sultan Sencer\u2019in ba\u015fa ge\u00e7mesi ile \u201c\u0130kinci Y\u00fckseli\u015f Devri\u201d ba\u015flam\u0131\u015ft\u0131r. Ancak soyda\u015flar\u0131 O\u011fuzlar\u0131n istilas\u0131 B\u00fcy\u00fck Sel\u00e7uklu Devleti\u2019nin y\u0131k\u0131l\u0131\u015f\u0131na sebep olan ba\u015fl\u0131ca olaylardan biridir. Siyasi tarihin yan\u0131 s\u0131ra k\u0131sa da olsa kitab\u0131n sonuna eklenen b\u00f6l\u00fcmde devlet te\u015fkilat\u0131n\u0131n zikredilmesi okuyucuya bir fikir vermesi bak\u0131m\u0131ndan ayr\u0131ca faydal\u0131 olacakt\u0131r. <\/p>\n","protected":false},"excerpt":{"rendered":"<p>B\u00fcy\u00fck Sel\u00e7uklu Devleti\u2019nin tarihini konu alan bu ders kitab\u0131nda devletin kurulu\u015fundan y\u0131k\u0131l\u0131\u015f\u0131na kadar olan olaylar g\u00f6zden ge\u00e7irilmi\u015ftir. Kitapta \u00f6nce Sel\u00e7uklu ailesinin men\u015fei ve tarih sahnesine \u00e7\u0131k\u0131\u015f\u0131<span class=\"excerpt-hellip\"> [\u2026]<\/span><\/p>\n","protected":false},"featured_media":0,"template":"","meta":{"_monsterinsights_skip_tracking":false,"_monsterinsights_sitenote_active":false,"_monsterinsights_sitenote_note":"","_monsterinsights_sitenote_category":0},"product_brand":[],"product_cat":[12534,12304],"product_tag":[],"class_list":{"0":"post-706657","1":"product","2":"type-product","3":"status-publish","5":"product_cat-referans-kitaplar","6":"product_cat-tarih","7":"pa_cilt-ciltsiz","8":"pa_tur-kitap","9":"pa_yayinevi-bilge-kultur-sanat","10":"pa_yazar-erdogan-mercil","12":"first","13":"instock","14":"sale","15":"shipping-taxable","16":"purchasable","17":"product-type-simple"},"_links":{"self":[{"href":"https:\/\/roveyayinevi.com.tr\/index.php\/wp-json\/wp\/v2\/product\/706657","targetHints":{"allow":["GET"]}}],"collection":[{"href":"https:\/\/roveyayinevi.com.tr\/index.php\/wp-json\/wp\/v2\/product"}],"about":[{"href":"https:\/\/roveyayinevi.com.tr\/index.php\/wp-json\/wp\/v2\/types\/product"}],"wp:attachment":[{"href":"https:\/\/roveyayinevi.com.tr\/index.php\/wp-json\/wp\/v2\/media?parent=706657"}],"wp:term":[{"taxonomy":"product_brand","embeddable":true,"href":"https:\/\/roveyayinevi.com.tr\/index.php\/wp-json\/wp\/v2\/product_brand?post=706657"},{"taxonomy":"product_cat","embeddable":true,"href":"https:\/\/roveyayinevi.com.tr\/index.php\/wp-json\/wp\/v2\/product_cat?post=706657"},{"taxonomy":"product_tag","embeddable":true,"href":"https:\/\/roveyayinevi.com.tr\/index.php\/wp-json\/wp\/v2\/product_tag?post=706657"}],"curies":[{"name":"wp","href":"https:\/\/api.w.org\/{rel}","templated":true}]}}