{"id":706629,"date":"2025-08-27T15:57:41","date_gmt":"2025-08-27T12:57:41","guid":{"rendered":"https:\/\/roveyayinevi.com.tr\/index.php\/urun\/korku-kulubu-13-zombi-magarasi\/"},"modified":"2026-04-16T02:15:05","modified_gmt":"2026-04-15T23:15:05","slug":"korku-kulubu-13-zombi-magarasi","status":"publish","type":"product","link":"https:\/\/roveyayinevi.com.tr\/index.php\/urun\/korku-kulubu-13-zombi-magarasi\/","title":{"rendered":"Korku Kul\u00fcb\u00fc 13 &#8211; Zombi Ma\u011faras\u0131"},"content":{"rendered":"<p>Zombicinin Pen\u00e7esinde&#8230; Korku Kul\u00fcb\u00fc \u00fcyelerine kimse inanm\u0131yor ama San Angelo&#8217;nun Pasifik sahilindeki bir ma\u011farada ger\u00e7ek bir zombi ile kar\u015f\u0131la\u015ft\u0131lar. \u00c7ocuklar, \u00f6nce bunun otellerdeki m\u00fc\u015fterileri ka\u00e7\u0131rmak i\u00e7in d\u00fczenlenen k\u00f6t\u00fc bir \u015faka oldu\u011funu d\u00fc\u015f\u00fcnd\u00fcler. Ancak ger\u00e7ek bamba\u015fkayd\u0131! Korku Kul\u00fcb\u00fc iz pe\u015finde. Sen de kat\u0131l! \u015eifre \u00c7\u00f6z\u00fcc\u00fc&#8217;y\u00fc \u00e7izgili resimlerin \u00fczerinde dola\u015ft\u0131r\u0131n, i\u00e7lerindeki gizemi \u00f6\u011frenin!<\/p>\n","protected":false},"excerpt":{"rendered":"<p>Zombicinin Pen\u00e7esinde&#8230; Korku Kul\u00fcb\u00fc \u00fcyelerine kimse inanm\u0131yor ama San Angelo&#8217;nun Pasifik sahilindeki bir ma\u011farada ger\u00e7ek bir zombi ile kar\u015f\u0131la\u015ft\u0131lar. \u00c7ocuklar, \u00f6nce bunun otellerdeki m\u00fc\u015fterileri ka\u00e7\u0131rmak i\u00e7in<span class=\"excerpt-hellip\"> [\u2026]<\/span><\/p>\n","protected":false},"featured_media":0,"template":"","meta":{"_monsterinsights_skip_tracking":false,"_monsterinsights_sitenote_active":false,"_monsterinsights_sitenote_note":"","_monsterinsights_sitenote_category":0},"product_brand":[],"product_cat":[12689,12274],"product_tag":[],"class_list":{"0":"post-706629","1":"product","2":"type-product","3":"status-publish","5":"product_cat-cizgi-roman-cocuk-ve-genclik-kitaplari","6":"product_cat-cocuk-ve-genclik-kitaplari","7":"pa_cilt-ciltsiz","8":"pa_tur-kitap","9":"pa_yayinevi-beyaz-balina-yayinlari","10":"pa_yazar-thomas-c-brezina","12":"first","13":"instock","14":"sale","15":"shipping-taxable","16":"purchasable","17":"product-type-simple"},"_links":{"self":[{"href":"https:\/\/roveyayinevi.com.tr\/index.php\/wp-json\/wp\/v2\/product\/706629","targetHints":{"allow":["GET"]}}],"collection":[{"href":"https:\/\/roveyayinevi.com.tr\/index.php\/wp-json\/wp\/v2\/product"}],"about":[{"href":"https:\/\/roveyayinevi.com.tr\/index.php\/wp-json\/wp\/v2\/types\/product"}],"wp:attachment":[{"href":"https:\/\/roveyayinevi.com.tr\/index.php\/wp-json\/wp\/v2\/media?parent=706629"}],"wp:term":[{"taxonomy":"product_brand","embeddable":true,"href":"https:\/\/roveyayinevi.com.tr\/index.php\/wp-json\/wp\/v2\/product_brand?post=706629"},{"taxonomy":"product_cat","embeddable":true,"href":"https:\/\/roveyayinevi.com.tr\/index.php\/wp-json\/wp\/v2\/product_cat?post=706629"},{"taxonomy":"product_tag","embeddable":true,"href":"https:\/\/roveyayinevi.com.tr\/index.php\/wp-json\/wp\/v2\/product_tag?post=706629"}],"curies":[{"name":"wp","href":"https:\/\/api.w.org\/{rel}","templated":true}]}}