{"id":706586,"date":"2025-08-27T15:57:21","date_gmt":"2025-08-27T12:57:21","guid":{"rendered":"https:\/\/roveyayinevi.com.tr\/index.php\/urun\/adnan-menderes-ve-kibrista-menderesin-gestapolari\/"},"modified":"2026-04-16T02:15:04","modified_gmt":"2026-04-15T23:15:04","slug":"adnan-menderes-ve-kibrista-menderesin-gestapolari","status":"publish","type":"product","link":"https:\/\/roveyayinevi.com.tr\/index.php\/urun\/adnan-menderes-ve-kibrista-menderesin-gestapolari\/","title":{"rendered":"Adnan Menderes ve K\u0131br\u0131sta Menderes\u2019in Gestapolar\u0131"},"content":{"rendered":"<p>Tarihinin her d\u00f6neminde sorunlar ve g\u00f6\u00e7ler adas\u0131 olarak adland\u0131r\u0131lan K\u0131br\u0131s adas\u0131 \u0130kinci D\u00fcnya Sava\u015f\u0131&#8217;n\u0131n hemen ard\u0131ndan bir kere daha g\u00fcndeme gelir. \u0130ngiltere&#8217;nin ince siyaseti sonras\u0131nda T\u00fcrkiye ve Yunanistan aras\u0131nda ilk defa bir uluslararas\u0131 sorun olarak de\u011ferlendirilen K\u0131br\u0131s b\u00f6ylece tarihte bir kere daha \u00e7\u00f6z\u00fclmez bir sorunlar yuma\u011f\u0131 olarak kar\u015f\u0131m\u0131za \u00e7\u0131kar. Bu olu\u015fumda en \u00f6nemli etken ise emekli Yunan yarbay\u0131 Georges Grivas olacakt\u0131r.\u0130kinci D\u00fcnya Sava\u015f\u0131 d\u00f6neminde i\u015fgalci Alman g\u00fc\u00e7leriyle i\u015fbirli\u011fi yapan ve kendi halk\u0131 a\u00e7l\u0131k ve i\u015fgalden inim inim inlerken kurdu\u011fu X isimli yeralt\u0131 \u00f6rg\u00fct\u00fcyle kendi \u00fclkesine ihanet eden Georges Grivas 1950&#8217;li y\u0131llardan itibaren K\u0131br\u0131s&#8217;ta faaliyete ge\u00e7ecek EOKA tedhi\u015f ve ter\u00f6r \u00f6rg\u00fct\u00fcn\u00fc kurmakla g\u00f6revlendirildi\u011finden bu ihaneti cezaland\u0131r\u0131lmak bir yana, y\u0131llar sonra Yunan Parlamenteso taraf\u0131ndan \u00f6d\u00fcllendirilecektir de. 1960-1974 d\u00f6neminde K\u0131br\u0131s Cumhuriyeti&#8217;nin ilk Cumhurba\u015fkan\u0131 olarak g\u00f6rev yapan Michael Mouskos veya bilinen ismiyle Ba\u015fpiskopos Makarios&#8217;un b\u00fcy\u00fck deste\u011fiyle Atina&#8217;da temelleri at\u0131lan EOKA ter\u00f6r\u00f6rg\u00fct\u00fc 1 Nisan 1955 tarihinden itibaren aday\u0131 ya\u015fanmaz bir hale getirir.<\/p>\n","protected":false},"excerpt":{"rendered":"<p>Tarihinin her d\u00f6neminde sorunlar ve g\u00f6\u00e7ler adas\u0131 olarak adland\u0131r\u0131lan K\u0131br\u0131s adas\u0131 \u0130kinci D\u00fcnya Sava\u015f\u0131&#8217;n\u0131n hemen ard\u0131ndan bir kere daha g\u00fcndeme gelir. \u0130ngiltere&#8217;nin ince siyaseti sonras\u0131nda T\u00fcrkiye<span class=\"excerpt-hellip\"> [\u2026]<\/span><\/p>\n","protected":false},"featured_media":0,"template":"","meta":{"_monsterinsights_skip_tracking":false,"_monsterinsights_sitenote_active":false,"_monsterinsights_sitenote_note":"","_monsterinsights_sitenote_category":0},"product_brand":[],"product_cat":[13946,12304],"product_tag":[],"class_list":{"0":"post-706586","1":"product","2":"type-product","3":"status-publish","5":"product_cat-biyografi-otobiyografi","6":"product_cat-tarih","7":"pa_cilt-ciltsiz","8":"pa_tur-kitap","9":"pa_yayinevi-berikan-yayinlari","10":"pa_yazar-ulvi-keser","12":"first","13":"instock","14":"sale","15":"shipping-taxable","16":"purchasable","17":"product-type-simple"},"_links":{"self":[{"href":"https:\/\/roveyayinevi.com.tr\/index.php\/wp-json\/wp\/v2\/product\/706586","targetHints":{"allow":["GET"]}}],"collection":[{"href":"https:\/\/roveyayinevi.com.tr\/index.php\/wp-json\/wp\/v2\/product"}],"about":[{"href":"https:\/\/roveyayinevi.com.tr\/index.php\/wp-json\/wp\/v2\/types\/product"}],"wp:attachment":[{"href":"https:\/\/roveyayinevi.com.tr\/index.php\/wp-json\/wp\/v2\/media?parent=706586"}],"wp:term":[{"taxonomy":"product_brand","embeddable":true,"href":"https:\/\/roveyayinevi.com.tr\/index.php\/wp-json\/wp\/v2\/product_brand?post=706586"},{"taxonomy":"product_cat","embeddable":true,"href":"https:\/\/roveyayinevi.com.tr\/index.php\/wp-json\/wp\/v2\/product_cat?post=706586"},{"taxonomy":"product_tag","embeddable":true,"href":"https:\/\/roveyayinevi.com.tr\/index.php\/wp-json\/wp\/v2\/product_tag?post=706586"}],"curies":[{"name":"wp","href":"https:\/\/api.w.org\/{rel}","templated":true}]}}