{"id":706515,"date":"2025-08-27T15:56:51","date_gmt":"2025-08-27T12:56:51","guid":{"rendered":"https:\/\/roveyayinevi.com.tr\/index.php\/urun\/cop-adamin-gayri-resmi-tarih-tanikligi\/"},"modified":"2026-04-16T02:15:01","modified_gmt":"2026-04-15T23:15:01","slug":"cop-adamin-gayri-resmi-tarih-tanikligi","status":"publish","type":"product","link":"https:\/\/roveyayinevi.com.tr\/index.php\/urun\/cop-adamin-gayri-resmi-tarih-tanikligi\/","title":{"rendered":"\u00c7\u00f6p Adam\u0131n Gayri Resmi Tarih Tan\u0131kl\u0131\u011f\u0131"},"content":{"rendered":"<p>\u00c7\u00f6p Adam toplad\u0131klar\u0131n\u0131 atmaya k\u0131yamaz; ya\u015fam mekan\u0131n\u0131 \u00c7\u00f6p Ev\u2019de d\u00f6n\u00fc\u015ft\u00fcr\u00fcr.Ben de medyadan emekliye ayr\u0131ld\u0131\u011f\u0131mda, an\u0131lardan ve l\u00fczumsuz bilgiden olu\u015fan bir \u00c7\u00f6p Ev\u2019de ya\u015fad\u0131\u011f\u0131m\u0131 fark ettim.Asl\u0131nda gazeteci pek biriktirmez. G\u00fcnl\u00fck toplar, an\u0131nda kullan\u0131r. \u00c7\u00fcnk\u00fc haberci didikler, ayr\u0131\u015ft\u0131r\u0131r. Par\u00e7alar\u0131 ayr\u0131 ayr\u0131 analiz eder.\u0130\u015fi bitince unutur, gider&#8230; Bir yerlere not almad\u0131ysa e\u011fer, yanl\u0131\u015f hat\u0131rlad\u0131\u011f\u0131 da olur!Bu kitaba gelince&#8230; Mesleki \u00e7\u00f6pl\u00fc\u011f\u00fcmden rastgele se\u00e7kidir. Keyif veren, bazen utand\u0131ran an\u0131lar. Teklifsiz sorular, ka\u00e7amaks\u0131z yan\u0131tlar. \u0130ddias\u0131z bir d\u00f6nem tan\u0131kl\u0131\u011f\u0131.Ben, G\u00fcrkan Hac\u0131r\u2019a anlat\u0131rken \u00e7ok rahatt\u0131m, epeyce e\u011flendim. Belli oluyor mu, h\u0131zl\u0131 ak\u0131yor mu, siz karar verin.Enis Berbero\u011flu <\/p>\n","protected":false},"excerpt":{"rendered":"<p>\u00c7\u00f6p Adam toplad\u0131klar\u0131n\u0131 atmaya k\u0131yamaz; ya\u015fam mekan\u0131n\u0131 \u00c7\u00f6p Ev\u2019de d\u00f6n\u00fc\u015ft\u00fcr\u00fcr.Ben de medyadan emekliye ayr\u0131ld\u0131\u011f\u0131mda, an\u0131lardan ve l\u00fczumsuz bilgiden olu\u015fan bir \u00c7\u00f6p Ev\u2019de ya\u015fad\u0131\u011f\u0131m\u0131 fark ettim.Asl\u0131nda gazeteci<span class=\"excerpt-hellip\"> [\u2026]<\/span><\/p>\n","protected":false},"featured_media":0,"template":"","meta":{"_monsterinsights_skip_tracking":false,"_monsterinsights_sitenote_active":false,"_monsterinsights_sitenote_note":"","_monsterinsights_sitenote_category":0},"product_brand":[],"product_cat":[12364,12826],"product_tag":[],"class_list":{"0":"post-706515","1":"product","2":"type-product","3":"status-publish","5":"product_cat-genel-konular","6":"product_cat-soylesi","7":"pa_cilt-ciltsiz","8":"pa_tur-kitap","9":"pa_yayinevi-asi-kitap","10":"pa_yazar-enis-berberoglu","12":"first","13":"instock","14":"sale","15":"shipping-taxable","16":"purchasable","17":"product-type-simple"},"_links":{"self":[{"href":"https:\/\/roveyayinevi.com.tr\/index.php\/wp-json\/wp\/v2\/product\/706515","targetHints":{"allow":["GET"]}}],"collection":[{"href":"https:\/\/roveyayinevi.com.tr\/index.php\/wp-json\/wp\/v2\/product"}],"about":[{"href":"https:\/\/roveyayinevi.com.tr\/index.php\/wp-json\/wp\/v2\/types\/product"}],"wp:attachment":[{"href":"https:\/\/roveyayinevi.com.tr\/index.php\/wp-json\/wp\/v2\/media?parent=706515"}],"wp:term":[{"taxonomy":"product_brand","embeddable":true,"href":"https:\/\/roveyayinevi.com.tr\/index.php\/wp-json\/wp\/v2\/product_brand?post=706515"},{"taxonomy":"product_cat","embeddable":true,"href":"https:\/\/roveyayinevi.com.tr\/index.php\/wp-json\/wp\/v2\/product_cat?post=706515"},{"taxonomy":"product_tag","embeddable":true,"href":"https:\/\/roveyayinevi.com.tr\/index.php\/wp-json\/wp\/v2\/product_tag?post=706515"}],"curies":[{"name":"wp","href":"https:\/\/api.w.org\/{rel}","templated":true}]}}