{"id":706457,"date":"2025-08-27T15:56:28","date_gmt":"2025-08-27T12:56:28","guid":{"rendered":"https:\/\/roveyayinevi.com.tr\/index.php\/urun\/ilk-okuma-yazma-ogretimi\/"},"modified":"2026-04-16T02:15:00","modified_gmt":"2026-04-15T23:15:00","slug":"ilk-okuma-yazma-ogretimi","status":"publish","type":"product","link":"https:\/\/roveyayinevi.com.tr\/index.php\/urun\/ilk-okuma-yazma-ogretimi\/","title":{"rendered":"\u0130lk Okuma Yazma \u00d6\u011fretimi"},"content":{"rendered":"<p>E\u011fitimin amac\u0131 ve tan\u0131m\u0131; felsefe, ekonomi, sosyoloji ve psikoloji gibi olgulara ba\u011fl\u0131 olarak farkl\u0131 zamanlarda farkl\u0131 \u015fekillerde nitelendirilmi\u015ftir. G\u00fcn\u00fcm\u00fczde ekonominin temel \u00f6znesinin bilgi olmas\u0131, felsefenin yap\u0131land\u0131rmac\u0131l\u0131k boyutunda \u00f6nem kazanmas\u0131 ve sosyolojik ba\u011flamda bireyin \u00f6zg\u00fcrl\u00fcklerinin ve se\u00e7imlerinin \u00f6n plana \u00e7\u0131kmas\u0131 gibi sebeplerden \u00f6t\u00fcr\u00fc e\u011fitimin tan\u0131m\u0131 ve misyonu da de\u011fi\u015fime u\u011fram\u0131\u015ft\u0131r. G\u00fcn\u00fcm\u00fczde bireylerden var olan bilgi ve becerileri kazanmalar\u0131ndan ziyade bu bilgi ve becerileri zihinlerinde yap\u0131land\u0131rmalar\u0131 dahas\u0131 yarat\u0131c\u0131l\u0131k g\u00fc\u00e7lerini kullanarak ortaya yeni bir \u00fcr\u00fcn koymalar\u0131 beklenmektedir. Her ne kadar e\u011fitim bir \u00fcst yap\u0131 olsa da di\u011fer alt yap\u0131 ara\u00e7lar\u0131n\u0131 etkilemesi ve bu yap\u0131lar\u0131n de\u011fi\u015fimlerini sa\u011flayan bireylerin yeti\u015ftirilmesini sa\u011flamas\u0131 gibi sebeplerden \u00f6t\u00fcr\u00fc b\u00fcy\u00fck \u00f6nem arz etmektedir. Davran\u0131\u015f\u00e7\u0131 yakla\u015f\u0131m\u0131n temel ta\u015f\u0131 olan ezberci e\u011fitim yerini bireyin bilgiyi yap\u0131land\u0131rmas\u0131na ve bilgileri analiz, sentez ve de\u011ferlendirme gibi a\u015famalardan ge\u00e7irerek &#8220;tekrar yorumlamas\u0131na&#8221; dayal\u0131 olan yap\u0131land\u0131rmac\u0131 anlay\u0131\u015fa b\u0131rakm\u0131\u015ft\u0131r. Temel e\u011fitim felsefesinin de\u011fi\u015fmesi ile birlikte \u00fclkeler mevcut programlar\u0131n\u0131 g\u00f6zden ge\u00e7irmekte, \u00f6\u011fretmen yeti\u015ftirme programlar\u0131n\u0131 yap\u0131land\u0131rmac\u0131 anlay\u0131\u015f g\u00f6re d\u00fczenlemekte ve \u00f6\u011fretim materyallerini bilgi \u00e7a\u011f\u0131na uygun hale getirmektedir. Bu kapsamda e\u011fitim\u00f6\u011fretim faaliyetlerini uygulamaya koyan \u00f6\u011fretmenlere b\u00fcy\u00fck sorumluluklar d\u00fc\u015fmektedir. \u00d6\u011fretmenlik mesle\u011finin ama\u00e7lar\u0131, yeterlikleri ve tan\u0131mlamalar\u0131 de\u011fi\u015fmesine ra\u011fmen \u00f6\u011fretmenlik bir meslek olarak \u00f6nemini daima korumaktad\u0131r ve koruyacakt\u0131r. Bu kitap \u00f6zellikle ilkokul 1. ve 2. s\u0131n\u0131flarda e\u011fitim-\u00f6\u011fretim faaliyetlerinin temel noktas\u0131n\u0131 olu\u015fturan ilk okuma yazma \u00f6\u011fretimi ve \u00fcniversitelerin e\u011fitim fak\u00fcltelerinde okutulan &#8220;\u0130lk okuma-yazma \u00f6\u011fretimi&#8221; dersi i\u00e7in haz\u0131rlanm\u0131\u015ft\u0131r. <\/p>\n","protected":false},"excerpt":{"rendered":"<p>E\u011fitimin amac\u0131 ve tan\u0131m\u0131; felsefe, ekonomi, sosyoloji ve psikoloji gibi olgulara ba\u011fl\u0131 olarak farkl\u0131 zamanlarda farkl\u0131 \u015fekillerde nitelendirilmi\u015ftir. G\u00fcn\u00fcm\u00fczde ekonominin temel \u00f6znesinin bilgi olmas\u0131, felsefenin yap\u0131land\u0131rmac\u0131l\u0131k<span class=\"excerpt-hellip\"> [\u2026]<\/span><\/p>\n","protected":false},"featured_media":0,"template":"","meta":{"_monsterinsights_skip_tracking":false,"_monsterinsights_sitenote_active":false,"_monsterinsights_sitenote_note":"","_monsterinsights_sitenote_category":0},"product_brand":[],"product_cat":[12274,12518],"product_tag":[],"class_list":{"0":"post-706457","1":"product","2":"type-product","3":"status-publish","5":"product_cat-cocuk-ve-genclik-kitaplari","6":"product_cat-okul-oncesi-kitaplar","7":"pa_cilt-ciltsiz","8":"pa_tur-kitap","9":"pa_yayinevi-ani-yayincilik","10":"pa_yazar-fatma-susar-kirmizi","12":"first","13":"instock","14":"sale","15":"shipping-taxable","16":"purchasable","17":"product-type-simple"},"_links":{"self":[{"href":"https:\/\/roveyayinevi.com.tr\/index.php\/wp-json\/wp\/v2\/product\/706457","targetHints":{"allow":["GET"]}}],"collection":[{"href":"https:\/\/roveyayinevi.com.tr\/index.php\/wp-json\/wp\/v2\/product"}],"about":[{"href":"https:\/\/roveyayinevi.com.tr\/index.php\/wp-json\/wp\/v2\/types\/product"}],"wp:attachment":[{"href":"https:\/\/roveyayinevi.com.tr\/index.php\/wp-json\/wp\/v2\/media?parent=706457"}],"wp:term":[{"taxonomy":"product_brand","embeddable":true,"href":"https:\/\/roveyayinevi.com.tr\/index.php\/wp-json\/wp\/v2\/product_brand?post=706457"},{"taxonomy":"product_cat","embeddable":true,"href":"https:\/\/roveyayinevi.com.tr\/index.php\/wp-json\/wp\/v2\/product_cat?post=706457"},{"taxonomy":"product_tag","embeddable":true,"href":"https:\/\/roveyayinevi.com.tr\/index.php\/wp-json\/wp\/v2\/product_tag?post=706457"}],"curies":[{"name":"wp","href":"https:\/\/api.w.org\/{rel}","templated":true}]}}