{"id":706351,"date":"2025-08-27T15:55:06","date_gmt":"2025-08-27T12:55:06","guid":{"rendered":"https:\/\/roveyayinevi.com.tr\/index.php\/urun\/illuminatiden-gunumuze-global-elit-ve-derin-dunya\/"},"modified":"2026-04-16T02:14:58","modified_gmt":"2026-04-15T23:14:58","slug":"illuminatiden-gunumuze-global-elit-ve-derin-dunya","status":"publish","type":"product","link":"https:\/\/roveyayinevi.com.tr\/index.php\/urun\/illuminatiden-gunumuze-global-elit-ve-derin-dunya\/","title":{"rendered":"\u0130lluminati&#8217;den G\u00fcn\u00fcm\u00fcze Global Elit ve Derin D\u00fcnya"},"content":{"rendered":"<p>Johann Adam Weishaupt ad\u0131nda bir kilise hukuku profes\u00f6r\u00fcn\u00fcn 1 May\u0131s 1776 tarihinde Bavyera\u2019n\u0131n Ingolstadt \u015fehrinde, bir avu\u00e7 entelekt\u00fcel ile birlikte kurmu\u015f oldu\u011fu \u0130lluminati ad\u0131ndaki k\u00fc\u00e7\u00fck yerel bir ayd\u0131nlanma ve dayan\u0131\u015fma k\u00fclt\u00fcnden do\u011fan ak\u0131m ve uzant\u0131lar\u0131n, globalle\u015fmenin tohumlar\u0131n\u0131 atarak, kilise ve monar\u015fileri y\u0131k\u0131p t\u00fcm insanl\u0131\u011f\u0131 i\u00e7ine alacak sek\u00fcler bir Global D\u00fcnya Cumhuriyeti kurma yolunda nas\u0131l ilerledi\u011finin; bu ak\u0131\u015f i\u00e7erisinde do\u011fru yerde konu\u015flan\u0131p d\u00fcnyay\u0131 ekonomik olarak ele ge\u00e7irmeye \u00e7al\u0131\u015fan \u201cGlobal Elit\u201din sava\u015flar ve siyasi ak\u0131mlar yolu ile insanl\u0131\u011f\u0131 kampla\u015ft\u0131rarak kendilerine b\u00fcy\u00fck g\u00fc\u00e7ler kazand\u0131rma yolundaki ba\u015far\u0131 ve ba\u015far\u0131s\u0131zl\u0131klar\u0131n\u0131n kronolojisi.<\/p>\n","protected":false},"excerpt":{"rendered":"<p>Johann Adam Weishaupt ad\u0131nda bir kilise hukuku profes\u00f6r\u00fcn\u00fcn 1 May\u0131s 1776 tarihinde Bavyera\u2019n\u0131n Ingolstadt \u015fehrinde, bir avu\u00e7 entelekt\u00fcel ile birlikte kurmu\u015f oldu\u011fu \u0130lluminati ad\u0131ndaki k\u00fc\u00e7\u00fck yerel<span class=\"excerpt-hellip\"> [\u2026]<\/span><\/p>\n","protected":false},"featured_media":0,"template":"","meta":{"_monsterinsights_skip_tracking":false,"_monsterinsights_sitenote_active":false,"_monsterinsights_sitenote_note":"","_monsterinsights_sitenote_category":0},"product_brand":[],"product_cat":[12573,12566],"product_tag":[],"class_list":{"0":"post-706351","1":"product","2":"type-product","3":"status-publish","5":"product_cat-akademik-kitaplar","6":"product_cat-egitim","7":"pa_cilt-ciltsiz","8":"pa_tur-kitap","9":"pa_yayinevi-abis-yayincilik","10":"pa_yazar-ersan-oztuna","12":"first","13":"instock","14":"sale","15":"shipping-taxable","16":"purchasable","17":"product-type-simple"},"_links":{"self":[{"href":"https:\/\/roveyayinevi.com.tr\/index.php\/wp-json\/wp\/v2\/product\/706351","targetHints":{"allow":["GET"]}}],"collection":[{"href":"https:\/\/roveyayinevi.com.tr\/index.php\/wp-json\/wp\/v2\/product"}],"about":[{"href":"https:\/\/roveyayinevi.com.tr\/index.php\/wp-json\/wp\/v2\/types\/product"}],"wp:attachment":[{"href":"https:\/\/roveyayinevi.com.tr\/index.php\/wp-json\/wp\/v2\/media?parent=706351"}],"wp:term":[{"taxonomy":"product_brand","embeddable":true,"href":"https:\/\/roveyayinevi.com.tr\/index.php\/wp-json\/wp\/v2\/product_brand?post=706351"},{"taxonomy":"product_cat","embeddable":true,"href":"https:\/\/roveyayinevi.com.tr\/index.php\/wp-json\/wp\/v2\/product_cat?post=706351"},{"taxonomy":"product_tag","embeddable":true,"href":"https:\/\/roveyayinevi.com.tr\/index.php\/wp-json\/wp\/v2\/product_tag?post=706351"}],"curies":[{"name":"wp","href":"https:\/\/api.w.org\/{rel}","templated":true}]}}