{"id":706268,"date":"2025-08-27T15:54:30","date_gmt":"2025-08-27T12:54:30","guid":{"rendered":"https:\/\/roveyayinevi.com.tr\/index.php\/urun\/taninma-ugruna-mucadele\/"},"modified":"2026-04-16T02:14:56","modified_gmt":"2026-04-15T23:14:56","slug":"taninma-ugruna-mucadele","status":"publish","type":"product","link":"https:\/\/roveyayinevi.com.tr\/index.php\/urun\/taninma-ugruna-mucadele\/","title":{"rendered":"Tan\u0131nma U\u011fruna M\u00fccadele"},"content":{"rendered":"<p>\u00c7a\u011f\u0131m\u0131z\u0131n \u00f6nemli d\u00fc\u015f\u00fcn\u00fcrlerinden Axel Honneth, felsefenin ger\u00e7ek anlamda hayata dokundu\u011fu bu \u00e7al\u0131\u015fmas\u0131nda etik ve siyasette ba\u015fk\u00f6\u015feyi i\u015fgal eden tan\u0131nma kavram\u0131n\u0131 Hegel\u2019in gen\u00e7lik metinlerinden yola \u00e7\u0131karak tart\u0131\u015fmaya ba\u015flay\u0131p \u00e7a\u011fda\u015f psikanalizle, bilimin yeni bulgular\u0131 ve deneyimsel i\u00e7eri\u011fiyle harmanlayarak \u00e7a\u011fda\u015f felsefenin problemlerini yeniden ele alabilecek bi\u00e7imde g\u00fcncelliyor\u2026\u201cKendimize, ancak ba\u015fkalar\u0131n\u0131n g\u00f6z\u00fcnden yans\u0131yan kendi bak\u0131\u015f\u0131m\u0131zda kendimiz olarak eri\u015febiliriz. Bir ba\u015fka deyi\u015fle, ki\u015finin kendi kendisiyle olan \u00f6zde\u015fli\u011fi ancak diyalektik olabilir ve \u2018ba\u015fkas\u0131\u2019 \u00fczerinden dolayland\u0131\u011f\u0131 \u00f6l\u00e7\u00fcde ger\u00e7ekle\u015febilir.\u201d\u201cHonneth\u2019in kitab\u0131 felsefi gelenek ile modern siyaset biliminin bulu\u015fup i\u00e7 i\u00e7e ge\u00e7ti\u011fi, \u015fimdiye kadar karanl\u0131kta kalan bir b\u00f6lgeye \u0131\u015f\u0131k tutuyor. \u00c7\u0131\u011f\u0131r a\u00e7an bir \u00e7al\u0131\u015fma\u2026\u201d Charles Taylor <\/p>\n","protected":false},"excerpt":{"rendered":"<p>\u00c7a\u011f\u0131m\u0131z\u0131n \u00f6nemli d\u00fc\u015f\u00fcn\u00fcrlerinden Axel Honneth, felsefenin ger\u00e7ek anlamda hayata dokundu\u011fu bu \u00e7al\u0131\u015fmas\u0131nda etik ve siyasette ba\u015fk\u00f6\u015feyi i\u015fgal eden tan\u0131nma kavram\u0131n\u0131 Hegel\u2019in gen\u00e7lik metinlerinden yola \u00e7\u0131karak tart\u0131\u015fmaya<span class=\"excerpt-hellip\"> [\u2026]<\/span><\/p>\n","protected":false},"featured_media":0,"template":"","meta":{"_monsterinsights_skip_tracking":false,"_monsterinsights_sitenote_active":false,"_monsterinsights_sitenote_note":"","_monsterinsights_sitenote_category":0},"product_brand":[],"product_cat":[12312,12304],"product_tag":[],"class_list":{"0":"post-706268","1":"product","2":"type-product","3":"status-publish","5":"product_cat-diger","6":"product_cat-tarih","7":"pa_cilt-ciltsiz","8":"pa_tur-kitap","9":"pa_yayinevi-ithaki-yayinlari","10":"pa_yazar-axel-honneth","12":"first","13":"instock","14":"sale","15":"shipping-taxable","16":"purchasable","17":"product-type-simple"},"_links":{"self":[{"href":"https:\/\/roveyayinevi.com.tr\/index.php\/wp-json\/wp\/v2\/product\/706268","targetHints":{"allow":["GET"]}}],"collection":[{"href":"https:\/\/roveyayinevi.com.tr\/index.php\/wp-json\/wp\/v2\/product"}],"about":[{"href":"https:\/\/roveyayinevi.com.tr\/index.php\/wp-json\/wp\/v2\/types\/product"}],"wp:attachment":[{"href":"https:\/\/roveyayinevi.com.tr\/index.php\/wp-json\/wp\/v2\/media?parent=706268"}],"wp:term":[{"taxonomy":"product_brand","embeddable":true,"href":"https:\/\/roveyayinevi.com.tr\/index.php\/wp-json\/wp\/v2\/product_brand?post=706268"},{"taxonomy":"product_cat","embeddable":true,"href":"https:\/\/roveyayinevi.com.tr\/index.php\/wp-json\/wp\/v2\/product_cat?post=706268"},{"taxonomy":"product_tag","embeddable":true,"href":"https:\/\/roveyayinevi.com.tr\/index.php\/wp-json\/wp\/v2\/product_tag?post=706268"}],"curies":[{"name":"wp","href":"https:\/\/api.w.org\/{rel}","templated":true}]}}